{"id":95,"date":"2018-10-10T16:37:19","date_gmt":"2018-10-10T14:37:19","guid":{"rendered":"http:\/\/blog.family-riders.de\/m-18\/?page_id=95"},"modified":"2021-01-20T19:01:35","modified_gmt":"2021-01-20T18:01:35","slug":"p-05","status":"publish","type":"page","link":"https:\/\/bf-on-tour.de\/m-18\/p-05\/","title":{"rendered":"Europas Mitte und ein Berg aus Kreuzen"},"content":{"rendered":"<figure id=\"attachment_481\" aria-describedby=\"caption-attachment-481\" style=\"width: 287px\" class=\"wp-caption alignleft\"><img loading=\"lazy\" decoding=\"async\" class=\"wp-image-481 size-medium\" src=\"https:\/\/bf-on-tour.de\/m-18\/wp-content\/uploads\/sites\/19\/2018\/11\/Senatoriai-287x300.jpg\" alt=\"\" width=\"287\" height=\"300\" srcset=\"https:\/\/bf-on-tour.de\/m-18\/wp-content\/uploads\/sites\/19\/2018\/11\/Senatoriai-287x300.jpg 287w, https:\/\/bf-on-tour.de\/m-18\/wp-content\/uploads\/sites\/19\/2018\/11\/Senatoriai-768x804.jpg 768w, https:\/\/bf-on-tour.de\/m-18\/wp-content\/uploads\/sites\/19\/2018\/11\/Senatoriai-978x1024.jpg 978w, https:\/\/bf-on-tour.de\/m-18\/wp-content\/uploads\/sites\/19\/2018\/11\/Senatoriai-1200x1257.jpg 1200w, https:\/\/bf-on-tour.de\/m-18\/wp-content\/uploads\/sites\/19\/2018\/11\/Senatoriai.jpg 1868w\" sizes=\"auto, (max-width: 287px) 85vw, 287px\" \/><figcaption id=\"caption-attachment-481\" class=\"wp-caption-text\">Senatoriai<\/figcaption><\/figure>\n<p>Die Nacht ist grausam. Bis 23:00 Uhr Betrieb im Souterrain-Teil des Hotels &#8211; also direkt unter unseren Fenstern, die mangels Klimaanlage ge\u00f6ffnet sind. Im Zimmer ein Ventilator. Sch\u00f6n, aber auf Dauer nervig. Danach diverse Ein- und Ausparker auf dem Hinterhof, deren Fahrer gern mal mit den T\u00fcren knallen, sich die inzwischen zusammen gestellten St\u00fchle des Hotels wieder auseinander nehmen und lautstark \u00fcber Gott und die Welt diskutieren &#8211; \u00fcbrigens auch \u00fcber unsere Maschinen, wie wir an der dick verstreuten Zigarettenasche auf unseren Koffern und Sitzm\u00f6beln am n\u00e4chsten Morgen sehen werden.<\/p>\n<figure id=\"attachment_106\" aria-describedby=\"caption-attachment-106\" style=\"width: 300px\" class=\"wp-caption alignright\"><a href=\"https:\/\/bf-on-tour.de\/m-18\/wp-content\/uploads\/sites\/19\/2018\/10\/p05-01.jpg\" rel=\"lightbox[95]\"><img loading=\"lazy\" decoding=\"async\" class=\"wp-image-106 size-medium\" src=\"https:\/\/bf-on-tour.de\/m-18\/wp-content\/uploads\/sites\/19\/2018\/10\/p05-01-300x200.jpg\" alt=\"\" width=\"300\" height=\"200\" srcset=\"https:\/\/bf-on-tour.de\/m-18\/wp-content\/uploads\/sites\/19\/2018\/10\/p05-01-300x200.jpg 300w, https:\/\/bf-on-tour.de\/m-18\/wp-content\/uploads\/sites\/19\/2018\/10\/p05-01-768x513.jpg 768w, https:\/\/bf-on-tour.de\/m-18\/wp-content\/uploads\/sites\/19\/2018\/10\/p05-01-1024x684.jpg 1024w, https:\/\/bf-on-tour.de\/m-18\/wp-content\/uploads\/sites\/19\/2018\/10\/p05-01.jpg 1200w\" sizes=\"auto, (max-width: 300px) 85vw, 300px\" \/><\/a><figcaption id=\"caption-attachment-106\" class=\"wp-caption-text\">Unser Komfortzimmer<\/figcaption><\/figure>\n<p>Gegen 3:00 Uhr schaue ich aus dem Fenster. Der Fahrer eines Lieferwagens, der unsere Maschinen fachgerecht zugeparkt hat (genau, der auf dem Bild), f\u00e4hrt gerade mit dem Taxi davon. Eine hervorragende Basis, um wieder einzuschlafen. Rund 90 Minuten sp\u00e4ter liefern sich Motorr\u00e4der und PS-Boliden mit hoher Drehzahl Rennen auf dem Kopfsteinpflaster vor der Kathedrale &#8211; und um 6:30 Uhr l\u00e4utet diese zum morgendlichen Gottesdienst.<\/p>\n<hr \/>\n<p>Der Tag ist grau! Keine Sonne. Nur ein feucht-diesiger, wolkenverhangener Sonnabendmorgen. Das Fr\u00fchst\u00fcck ist nicht der Rede wert! Rohes Gem\u00fcse, Haferflockenbrei, steinhartes Brot. Der Kaffee, gerade noch genie\u00dfbar. Nur beim Tee aus dem Teebeutel kann nichts schief gehen. Wie bekommen wir blo\u00df die beiden Tiger aus dem Eckchen wieder raus?<\/p>\n<p>Ich frage an der Rezeption, ob man den Fahrer des Lieferwagens kennt, ihn vielleicht erreichen kann. Ja, man kennt ihn. Er kommt alle paar Wochen, parkt hier. Aber seinen Namen oder gar seine Telefonnummer&#8230;? Ich k\u00f6nnte doch einfach \u00fcber den Hartgummibumper fahren &#8211; oder?<\/p>\n<p>Ich wei\u00df nicht einmal, ob ich auf dem kleinen Eckchen die quer stehenden Maschinen jetzt noch rangieren kann, ohne den Lieferwagen zu zerdellen, geschweige denn, dass ich sie in eine Aufstellung br\u00e4chte, aus der heraus ich vorw\u00e4rts \u00fcber dieses 15cm-Hindernis fahren k\u00f6nnte. Aber Versuch macht bekanntlich klug und es gelingt mir tats\u00e4chlich, r\u00fcckw\u00e4rts zwischen Bumper und dem vor der Mauer platzierten rostigen Rest einer Schrankenanlage f\u00fcr die Einfahrt heraus zu jonglieren.<\/p>\n<p>Also los, zum Mittelpunkt Europas. Mit Hendrik war ich am Nordkap, in Gibraltar und in Portugals Sternengebirge. Zusammen mit Nicoline war ich am Nordkap und auf dem Mond &#8211; dem Ilfjordfjell zwischen Kirkenes und dem Porsangen. Warum also jetzt nicht mal in die Mitte Europas?<\/p>\n<p>Aus der morgendlich leeren Stadt heraus zu fahren ist kein Problem. Dann immer geradeaus nach Norden. TomTom zeigt mir noch 29 Kilometer an. 29 km geradeaus. Mit 90 km\/h. Die M\u00fcdigkeit liegt wie Blei in den Knochen. Meine Gedanken schweifen ab. Das Lesen von Schildern &#8211; ein probates Mittel, um bei Langeweilefahrten wach zu bleiben &#8211; habe ich mir bereits vorgestern abgew\u00f6hnt. Sinnlos! Was kann man, als dem westgermanischen Sprachstamm Zugeh\u00f6riger, mit einer Sprache anfangen, in der Kinder <i>Vaikai<\/i> hei\u00dfen?<\/p>\n<p>Pl\u00f6tzlich, nach TomTom f\u00fcnf Kilometer zu fr\u00fch, eines dieser zahllosen braunen Hinweisschilder, die in Litauen auf jeden historischen Pups verweisen, mit irgendwas von <em>Europa<\/em> darauf. Aufwachen, Blinker setzen, bremsen und links abbiegen, sind praktisch eine Aktion. Aber die h\u00e4tte mich fast in die ewigen Jagdgr\u00fcnde katapultiert, denn hinter mir hat gerade ein PKW zum \u00dcberholen angesetzt. Jetzt d\u00fcst er zentimeternah rechts an mir vorbei. Die n\u00e4chsten 500 Meter verbringe ich damit, meinem Schutzengel geistige Devotionalien zu reichen.<\/p>\n<figure id=\"attachment_107\" aria-describedby=\"caption-attachment-107\" style=\"width: 840px\" class=\"wp-caption aligncenter\"><a href=\"https:\/\/bf-on-tour.de\/m-18\/wp-content\/uploads\/sites\/19\/2018\/10\/p05-02.jpg\" rel=\"lightbox[95]\"><img loading=\"lazy\" decoding=\"async\" class=\"size-large wp-image-107\" src=\"https:\/\/bf-on-tour.de\/m-18\/wp-content\/uploads\/sites\/19\/2018\/10\/p05-02-1024x684.jpg\" alt=\"\" width=\"840\" height=\"561\" srcset=\"https:\/\/bf-on-tour.de\/m-18\/wp-content\/uploads\/sites\/19\/2018\/10\/p05-02-1024x684.jpg 1024w, https:\/\/bf-on-tour.de\/m-18\/wp-content\/uploads\/sites\/19\/2018\/10\/p05-02-300x200.jpg 300w, https:\/\/bf-on-tour.de\/m-18\/wp-content\/uploads\/sites\/19\/2018\/10\/p05-02-768x513.jpg 768w, https:\/\/bf-on-tour.de\/m-18\/wp-content\/uploads\/sites\/19\/2018\/10\/p05-02.jpg 1200w\" sizes=\"auto, (max-width: 709px) 85vw, (max-width: 909px) 67vw, (max-width: 1362px) 62vw, 840px\" \/><\/a><figcaption id=\"caption-attachment-107\" class=\"wp-caption-text\">Am Mittelpunkt Europas<\/figcaption><\/figure>\n<p>Der Mittelpunkt Europas ist langweilig. Eine S\u00e4ule, 26 Flaggen, ein Stein mit einer Inschrift. Das ist alles. Au\u00dfer uns ist hier niemand. Foto &#8211; und weg.<\/p>\n<p>Es ist noch immer tr\u00fcb, aber die Nebenstra\u00dfen, die wir jetzt befahren, muntern doch etwas auf. Immerhin gibt es Waldst\u00fccke, ab und an ein Dorf und sogar einige Kurven. <em>\u201eBiegen Sie links ab, dann nehmen Sie die F\u00e4hre\u201c<\/em>, sagt TomTom. Wo bitte links ab? Welche F\u00e4hre? Wir sind mitten im Wald und einen Fluss habe ich zuletzt in Vilnius gesehen.<\/p>\n<p>Aber nach 50 Metern f\u00fchrt tats\u00e4chlich ein Schotterweg links einen Hang hinab, aus dem Wald heraus an einen Fluss, und unten ist auch wirklich so etwas \u00c4hnliches, wie ein Anleger, den so etwas \u00c4hnliches, wie eine F\u00e4hre gerade von der Gegenseite des Flusses her ansteuert. Whow, A-ben-teu-er!<\/p>\n<p>Hier hei\u00dft es <i>Augen zu und durch<\/i>, um auf die F\u00e4hre aufzufahren, denn nur ein paar Holzbretter \u00fcberbr\u00fccken den ausgeschwemmten tiefen Absatz zwischen Anlegeponton und Ufer &#8211; und zwischen den Brettern ist gen\u00fcgend Abstand, um mit dem Vorderreifen dazwischen zu fahren und stecken zu bleiben. Nicht nur mir stehen die Haare zu Berge&#8230;<\/p>\n<p>Auf der anderen Seite \u00c4hnliches &#8211; nur dass hier auch noch viele Leute herum stehen, die interessiert schauen, wie bl\u00f6d wir uns wohl anstellen, den ausgesp\u00fclten, steilen Schotterhang hinauf zu kommen. Aber alles geht bestens und dass es oben geschottert weiter geht &#8211; na ja, das ist dann halt so. Allerdings nur bis zum n\u00e4chsten Abzweig. Ab da ist die <em>Stra\u00dfe<\/em> nur noch ein sandiger Wald- bzw. Gartenweg. Hoffentlich kommt keiner entgegen&#8230;<\/p>\n<figure id=\"attachment_108\" aria-describedby=\"caption-attachment-108\" style=\"width: 840px\" class=\"wp-caption aligncenter\"><a href=\"https:\/\/bf-on-tour.de\/m-18\/wp-content\/uploads\/sites\/19\/2018\/10\/p05-03.jpg\" rel=\"lightbox[95]\"><img loading=\"lazy\" decoding=\"async\" class=\"size-large wp-image-108\" src=\"https:\/\/bf-on-tour.de\/m-18\/wp-content\/uploads\/sites\/19\/2018\/10\/p05-03-1024x684.jpg\" alt=\"\" width=\"840\" height=\"561\" srcset=\"https:\/\/bf-on-tour.de\/m-18\/wp-content\/uploads\/sites\/19\/2018\/10\/p05-03-1024x684.jpg 1024w, https:\/\/bf-on-tour.de\/m-18\/wp-content\/uploads\/sites\/19\/2018\/10\/p05-03-300x200.jpg 300w, https:\/\/bf-on-tour.de\/m-18\/wp-content\/uploads\/sites\/19\/2018\/10\/p05-03-768x513.jpg 768w, https:\/\/bf-on-tour.de\/m-18\/wp-content\/uploads\/sites\/19\/2018\/10\/p05-03.jpg 1200w\" sizes=\"auto, (max-width: 709px) 85vw, (max-width: 909px) 67vw, (max-width: 1362px) 62vw, 840px\" \/><\/a><figcaption id=\"caption-attachment-108\" class=\"wp-caption-text\">Ist das noch eine Stra\u00dfe???<\/figcaption><\/figure>\n<p>Es kommt niemand und mit einer Mischung aus Haupt-, Neben- und weiteren unbefestigten Stra\u00dfen erreichen wir Kurtuvenai, wo wir am Fu\u00dfe einer f\u00fcr diesen 20 H\u00e4user-Flecken v\u00f6llig \u00fcberdimensionierten Basilika erstmalig im Urlaub auf einem h\u00fcbschen kleinen Campingplatz unsere Villa Faltenreich, unser neues Zelt f\u00fcr altersgerechtes Wohnen, aufschlagen.<\/p>\n<figure id=\"attachment_109\" aria-describedby=\"caption-attachment-109\" style=\"width: 840px\" class=\"wp-caption aligncenter\"><a href=\"https:\/\/bf-on-tour.de\/m-18\/wp-content\/uploads\/sites\/19\/2018\/10\/p05-05.jpg\" rel=\"lightbox[95]\"><img loading=\"lazy\" decoding=\"async\" class=\"size-large wp-image-109\" src=\"https:\/\/bf-on-tour.de\/m-18\/wp-content\/uploads\/sites\/19\/2018\/10\/p05-05-1024x768.jpg\" alt=\"\" width=\"840\" height=\"630\" srcset=\"https:\/\/bf-on-tour.de\/m-18\/wp-content\/uploads\/sites\/19\/2018\/10\/p05-05-1024x768.jpg 1024w, https:\/\/bf-on-tour.de\/m-18\/wp-content\/uploads\/sites\/19\/2018\/10\/p05-05-300x225.jpg 300w, https:\/\/bf-on-tour.de\/m-18\/wp-content\/uploads\/sites\/19\/2018\/10\/p05-05-768x576.jpg 768w, https:\/\/bf-on-tour.de\/m-18\/wp-content\/uploads\/sites\/19\/2018\/10\/p05-05.jpg 1200w\" sizes=\"auto, (max-width: 709px) 85vw, (max-width: 909px) 67vw, (max-width: 1362px) 62vw, 840px\" \/><\/a><figcaption id=\"caption-attachment-109\" class=\"wp-caption-text\">Villa Faltenreich<\/figcaption><\/figure>\n<p>Zu meinem Entsetzen fragt mich die freundliche Frau an der Rezeption ob ich das Zelt \u201e<em>dort hinten beim Festival<\/em>\u201c aufstellen will. NEIN! Bitte kein Festival! Bitte nicht noch eine schlaflose Nacht! Wir fliehen in die m\u00f6glichst entfernteste Ecke und bauen auf. Aber es ist ein sehr kultiviertes Kulturfestival und das einzige, was wir davon im Halbschlaf noch mitbekommen werden, ist das Feuerwerk gegen Mitternacht.<\/p>\n<p>Nun, zun\u00e4chst meldet sich allerdings der kleine Hunger und wir gehen zu einer nahe gelegenen Gastst\u00e4tte, bei der man sch\u00f6n drau\u00dfen sitzen kann. Es gibt frisches Bier und ein Storch stolziert wie ein Haustier seelenruhig im Garten herum. Ein Idyll. Leider ist die Speisekarte ausschlie\u00dflich in Litauisch verfasst und die Bedienung versteht weder Englisch noch Deutsch.<\/p>\n<figure id=\"attachment_111\" aria-describedby=\"caption-attachment-111\" style=\"width: 300px\" class=\"wp-caption alignleft\"><a href=\"https:\/\/bf-on-tour.de\/m-18\/wp-content\/uploads\/sites\/19\/2018\/10\/p05-07.jpg\" rel=\"lightbox[95]\"><img loading=\"lazy\" decoding=\"async\" class=\"wp-image-111 size-medium\" src=\"https:\/\/bf-on-tour.de\/m-18\/wp-content\/uploads\/sites\/19\/2018\/10\/p05-07-300x285.jpg\" alt=\"\" width=\"300\" height=\"285\" srcset=\"https:\/\/bf-on-tour.de\/m-18\/wp-content\/uploads\/sites\/19\/2018\/10\/p05-07-300x285.jpg 300w, https:\/\/bf-on-tour.de\/m-18\/wp-content\/uploads\/sites\/19\/2018\/10\/p05-07-768x729.jpg 768w, https:\/\/bf-on-tour.de\/m-18\/wp-content\/uploads\/sites\/19\/2018\/10\/p05-07-1024x972.jpg 1024w, https:\/\/bf-on-tour.de\/m-18\/wp-content\/uploads\/sites\/19\/2018\/10\/p05-07.jpg 1200w\" sizes=\"auto, (max-width: 300px) 85vw, 300px\" \/><\/a><figcaption id=\"caption-attachment-111\" class=\"wp-caption-text\">Der Storch im Garten<\/figcaption><\/figure>\n<p>Ich gehe ins Haus &#8211; und mir verschl\u00e4gt es den Atem. Der Raum ist finster und die Luft kann mit Messer und Gabel genossen werden, denn der Durchgang zur K\u00fcche hinter dem Bartresen besitzt keine T\u00fcr. Dort aber erzeugt eine rundliche \u00e4ltere Dame mit H\u00e4nden und F\u00fc\u00dfen abwaschtuchschwingenderweise bl\u00e4uliche Schwaden schweren Essensdunsts, die dem winzigen Fenster an der Seite des Bartresens zustreben.<\/p>\n<p>Hinter diesem zapft ein Mann Bier, kommandiert die Bedienung und wird selbst von besagter Dame aus der K\u00fcche befehligt. Nach einiger Zeit greift er eine Karte mit einer Seite auf Englisch und dr\u00fcckt sie mir in die Hand. Ich finde tats\u00e4chlich den wenig englischen Begriff <em>Pommes Frites<\/em> und zeige darauf. Er sagt, die g\u00e4be es nur am Wochenende. Ich wende ein, heute sei Wochenende. Worauf er etwas pampig erwidert, es g\u00e4be trotzdem keine. &#8222;<em>Es gibt nur das!<\/em>&#8220; Er zeigt auf eine Zeile im nicht-englischen Teil der Karte. Jetzt bin ich also so schlau wie zuvor.<\/p>\n<p>Wieder an der frischen Luft, bemerke ich, dass alle G\u00e4ste dasselbe essen. Es gibt offenbar \u00fcberhaupt nur das, worauf er drinnen gezeigt hat. Und das sind riesige Kartoffelkl\u00f6\u00dfe mit einer wieder leicht angegammelt schmeckenden Hackfleischf\u00fcllung in einer tiefen Sch\u00fcssel mit unendlich viel ausgelassenem Speck und ebenso unendlich viel Sauerrahm. Heute m\u00fcssen wir beide mutig sein&#8230;<\/p>\n<p>Unachtsam, wie wir waren, haben wir unser Zelt ziemlich genau unter einer der Platzlaternen aufgebaut und stellen jetzt am Abend fest, dass es eine geh\u00f6rige Menge fliegender Biomasse in unserer Villa ebenso heimelig findet, wie wir. Ob die alle stechbereit sind&#8230;?<\/p>\n<figure id=\"attachment_144\" aria-describedby=\"caption-attachment-144\" style=\"width: 840px\" class=\"wp-caption aligncenter\"><a href=\"https:\/\/bf-on-tour.de\/m-18\/wp-content\/uploads\/sites\/19\/2018\/10\/p05-11.jpg\" rel=\"lightbox[95]\"><img loading=\"lazy\" decoding=\"async\" class=\"size-large wp-image-144\" src=\"https:\/\/bf-on-tour.de\/m-18\/wp-content\/uploads\/sites\/19\/2018\/10\/p05-11-1024x768.jpg\" alt=\"\" width=\"840\" height=\"630\" srcset=\"https:\/\/bf-on-tour.de\/m-18\/wp-content\/uploads\/sites\/19\/2018\/10\/p05-11-1024x768.jpg 1024w, https:\/\/bf-on-tour.de\/m-18\/wp-content\/uploads\/sites\/19\/2018\/10\/p05-11-300x225.jpg 300w, https:\/\/bf-on-tour.de\/m-18\/wp-content\/uploads\/sites\/19\/2018\/10\/p05-11-768x576.jpg 768w, https:\/\/bf-on-tour.de\/m-18\/wp-content\/uploads\/sites\/19\/2018\/10\/p05-11.jpg 1200w\" sizes=\"auto, (max-width: 709px) 85vw, (max-width: 909px) 67vw, (max-width: 1362px) 62vw, 840px\" \/><\/a><figcaption id=\"caption-attachment-144\" class=\"wp-caption-text\">Der Tag war anstrengend &#8211; gute Nacht!<\/figcaption><\/figure>\n<p>Die Antwort l\u00e4sst sich am Morgen an Fu\u00dfgelenken, Unterschenkeln und -armen deutlich ablesen. Ja, man war stechbereit! Gut, dass wir einen Azaronstift dabei haben.<\/p>\n<p>Und um dem fliegenden Treiben heute Abend Einhalt gebieten zu k\u00f6nnen, laufe ich zum Kaufmann nicht nur, um Br\u00f6tchen zu holen; st\u00f6bere dort etwas hilflos in litauisch beschrifteten Spraydosenbest\u00e4nden und finde schlie\u00dflich eine ziemlich gro\u00dfe Dose mit dem entscheidenden englischsprachigen Hinweis: <em><strong>Kills everything that flies!<\/strong><\/em> That&#8217;s it! Die muss mit!<\/p>\n<p>Bereits auf dem Weg zum Kaufmann ist mir aufgefallen, dass die Kulturellen heute morgen Lieder singen. Ob Volks- oder Kirchenlieder bekomme ich nicht heraus, aber es h\u00f6rt sich nett an. Dass sie mittags immer noch singen, ist schon deutlich nerviger &#8211;<span class=\"Apple-converted-space\">\u00a0 <\/span>aber wir sind ja weit weg. Und als wir uns bereit machen, um zum Berg der Kreuze zu fahren, singen sie immer noch. Mann, haben die eine Ausdauer&#8230;<\/p>\n<p>TomTom wei\u00df mit Kulturellem nicht viel anzufangen und so zeigt es uns den Weg zum Berg der Kreuze ebenso falsch an, wie gestern die Entfernung zum Mittelpunkt Europas. Als wir dann etwas ratlos irgendwo im Nirgendwo unter gl\u00fchender Sonne in trostlosester Pampa stehen, taucht pl\u00f6tzlich wie aus dem Nichts ein Traktorist mit seinem riesigen Trecker auf und beschreibt uns mit H\u00e4nden und F\u00fc\u00dfen den richtigen Weg. Man h\u00e4tte es sich ja denken k\u00f6nnen: Weit und breit kein braunes Hinweisschild. Da kann so ein Touristenmagnet doch gar nicht sein.<\/p>\n<figure id=\"attachment_112\" aria-describedby=\"caption-attachment-112\" style=\"width: 840px\" class=\"wp-caption aligncenter\"><a href=\"https:\/\/bf-on-tour.de\/m-18\/wp-content\/uploads\/sites\/19\/2018\/10\/p05-08.jpg\" rel=\"lightbox[95]\"><img loading=\"lazy\" decoding=\"async\" class=\"size-large wp-image-112\" src=\"https:\/\/bf-on-tour.de\/m-18\/wp-content\/uploads\/sites\/19\/2018\/10\/p05-08-1024x241.jpg\" alt=\"\" width=\"840\" height=\"198\" srcset=\"https:\/\/bf-on-tour.de\/m-18\/wp-content\/uploads\/sites\/19\/2018\/10\/p05-08-1024x241.jpg 1024w, https:\/\/bf-on-tour.de\/m-18\/wp-content\/uploads\/sites\/19\/2018\/10\/p05-08-300x71.jpg 300w, https:\/\/bf-on-tour.de\/m-18\/wp-content\/uploads\/sites\/19\/2018\/10\/p05-08-768x180.jpg 768w, https:\/\/bf-on-tour.de\/m-18\/wp-content\/uploads\/sites\/19\/2018\/10\/p05-08.jpg 1200w\" sizes=\"auto, (max-width: 709px) 85vw, (max-width: 909px) 67vw, (max-width: 1362px) 62vw, 840px\" \/><\/a><figcaption id=\"caption-attachment-112\" class=\"wp-caption-text\">Berg der Kreuze<\/figcaption><\/figure>\n<p>Endlich sind wir angekommen. Und es ist beeindruckend. Dieser nur 10 Meter hohe H\u00fcgel, diese alte Wallfahrts und Pilgerst\u00e4tte besteht praktisch nur aus Kreuzen. Aus gro\u00dfen und noch gr\u00f6\u00dferen, ausladenden, gewaltigen, mit Sockel, ohne, aus Holz, aus irgendwas, aus was auch immer. Aus kleinen schlichten, sch\u00f6n verzierten, einfachen aus zwei \u00c4sten zusammen gebundenen, geschnitzten, geschraubten, genagelten, aus wie auch immer erstellten Kreuzen. Beh\u00e4ngt mit Rosenkr\u00e4nzen, mit Wunschzetteln, Dankeszetteln, Namen, Adressen, Daten Verstorbener, Lebender. Dazwischen Engel, Bilder, Devotionalien, Kerzen &#8211; wir.<\/p>\n<figure id=\"attachment_113\" aria-describedby=\"caption-attachment-113\" style=\"width: 840px\" class=\"wp-caption aligncenter\"><a href=\"https:\/\/bf-on-tour.de\/m-18\/wp-content\/uploads\/sites\/19\/2018\/10\/p05-09.jpg\" rel=\"lightbox[95]\"><img loading=\"lazy\" decoding=\"async\" class=\"size-large wp-image-113\" src=\"https:\/\/bf-on-tour.de\/m-18\/wp-content\/uploads\/sites\/19\/2018\/10\/p05-09-1024x1014.jpg\" alt=\"\" width=\"840\" height=\"832\" srcset=\"https:\/\/bf-on-tour.de\/m-18\/wp-content\/uploads\/sites\/19\/2018\/10\/p05-09-1024x1014.jpg 1024w, https:\/\/bf-on-tour.de\/m-18\/wp-content\/uploads\/sites\/19\/2018\/10\/p05-09-150x150.jpg 150w, https:\/\/bf-on-tour.de\/m-18\/wp-content\/uploads\/sites\/19\/2018\/10\/p05-09-300x297.jpg 300w, https:\/\/bf-on-tour.de\/m-18\/wp-content\/uploads\/sites\/19\/2018\/10\/p05-09-768x760.jpg 768w, https:\/\/bf-on-tour.de\/m-18\/wp-content\/uploads\/sites\/19\/2018\/10\/p05-09.jpg 1200w\" sizes=\"auto, (max-width: 709px) 85vw, (max-width: 909px) 67vw, (max-width: 1362px) 62vw, 840px\" \/><\/a><figcaption id=\"caption-attachment-113\" class=\"wp-caption-text\">Kreuze, nichts als Kreuze<\/figcaption><\/figure>\n<p>Ob man will oder nicht, dieser Ort \u00fcbt Faszination aus, steht f\u00fcr festen Glauben und f\u00fcr Widerstand gegen diejenigen, die im Glauben Gefahr f\u00fcr ihre eigene Macht sahen &#8211; die Sowjets. Immer wieder haben sie versucht, den Berg zu beseitigen, haben die Kreuze niedergewalzt, eingeschmolzen und vergraben. Und immer wieder entstand der Berg neu. Er war und ist nicht zu beseitigen!<\/p>\n<p><a href=\"https:\/\/bf-on-tour.de\/m-18\/p-04\"><img loading=\"lazy\" decoding=\"async\" class=\"alignleft wp-image-10\" src=\"https:\/\/bf-on-tour.de\/m-18\/wp-content\/uploads\/sites\/19\/2018\/10\/zurueck.png\" alt=\"\" width=\"50\" height=\"37\" \/><\/a> <a href=\"https:\/\/bf-on-tour.de\/m-18\/p-06\"><img loading=\"lazy\" decoding=\"async\" class=\"alignright wp-image-9\" src=\"https:\/\/bf-on-tour.de\/m-18\/wp-content\/uploads\/sites\/19\/2018\/10\/weiter.png\" alt=\"\" width=\"50\" height=\"37\" \/><\/a><\/p>\n","protected":false},"excerpt":{"rendered":"<p>Die Nacht ist grausam. Bis 23:00 Uhr Betrieb im Souterrain-Teil des Hotels &#8211; also direkt unter unseren Fenstern, die mangels Klimaanlage ge\u00f6ffnet sind. Im Zimmer ein Ventilator. Sch\u00f6n, aber auf Dauer nervig. Danach diverse Ein- und Ausparker auf dem Hinterhof, deren Fahrer gern mal mit den T\u00fcren knallen, sich die inzwischen zusammen gestellten St\u00fchle des &hellip; <a href=\"https:\/\/bf-on-tour.de\/m-18\/p-05\/\" class=\"more-link\"><span class=\"screen-reader-text\">\u201eEuropas Mitte und ein Berg aus Kreuzen\u201c <\/span>weiterlesen<\/a><\/p>\n","protected":false},"author":1,"featured_media":0,"parent":0,"menu_order":4,"comment_status":"open","ping_status":"closed","template":"","meta":{"footnotes":""},"class_list":["post-95","page","type-page","status-publish","hentry"],"yoast_head":"<!-- This site is optimized with the Yoast SEO plugin v27.1.1 - https:\/\/yoast.com\/product\/yoast-seo-wordpress\/ -->\n<title>Europas Mitte und ein Berg aus Kreuzen - Rund um die Ostsee<\/title>\n<meta name=\"robots\" content=\"index, follow, max-snippet:-1, max-image-preview:large, max-video-preview:-1\" \/>\n<link rel=\"canonical\" href=\"https:\/\/bf-on-tour.de\/m-18\/p-05\/\" \/>\n<meta property=\"og:locale\" content=\"de_DE\" \/>\n<meta property=\"og:type\" content=\"article\" \/>\n<meta property=\"og:title\" content=\"Europas Mitte und ein Berg aus Kreuzen - Rund um die Ostsee\" \/>\n<meta property=\"og:description\" content=\"Die Nacht ist grausam. Bis 23:00 Uhr Betrieb im Souterrain-Teil des Hotels &#8211; also direkt unter unseren Fenstern, die mangels Klimaanlage ge\u00f6ffnet sind. Im Zimmer ein Ventilator. Sch\u00f6n, aber auf Dauer nervig. Danach diverse Ein- und Ausparker auf dem Hinterhof, deren Fahrer gern mal mit den T\u00fcren knallen, sich die inzwischen zusammen gestellten St\u00fchle des &hellip; \u201eEuropas Mitte und ein Berg aus Kreuzen\u201c weiterlesen\" \/>\n<meta property=\"og:url\" content=\"https:\/\/bf-on-tour.de\/m-18\/p-05\/\" \/>\n<meta property=\"og:site_name\" content=\"Rund um die Ostsee\" \/>\n<meta property=\"article:modified_time\" content=\"2021-01-20T18:01:35+00:00\" \/>\n<meta property=\"og:image\" content=\"https:\/\/bf-on-tour.de\/m-18\/wp-content\/uploads\/sites\/19\/2018\/11\/Senatoriai-287x300.jpg\" \/>\n<meta name=\"twitter:card\" content=\"summary_large_image\" \/>\n<meta name=\"twitter:label1\" content=\"Gesch\u00e4tzte Lesezeit\" \/>\n\t<meta name=\"twitter:data1\" content=\"10\u00a0Minuten\" \/>\n<script type=\"application\/ld+json\" class=\"yoast-schema-graph\">{\"@context\":\"https:\/\/schema.org\",\"@graph\":[{\"@type\":\"WebPage\",\"@id\":\"https:\/\/bf-on-tour.de\/m-18\/p-05\/\",\"url\":\"https:\/\/bf-on-tour.de\/m-18\/p-05\/\",\"name\":\"Europas Mitte und ein Berg aus Kreuzen - Rund um die Ostsee\",\"isPartOf\":{\"@id\":\"https:\/\/bf-on-tour.de\/m-18\/#website\"},\"primaryImageOfPage\":{\"@id\":\"https:\/\/bf-on-tour.de\/m-18\/p-05\/#primaryimage\"},\"image\":{\"@id\":\"https:\/\/bf-on-tour.de\/m-18\/p-05\/#primaryimage\"},\"thumbnailUrl\":\"https:\/\/bf-on-tour.de\/m-18\/wp-content\/uploads\/sites\/19\/2018\/11\/Senatoriai-287x300.jpg\",\"datePublished\":\"2018-10-10T14:37:19+00:00\",\"dateModified\":\"2021-01-20T18:01:35+00:00\",\"breadcrumb\":{\"@id\":\"https:\/\/bf-on-tour.de\/m-18\/p-05\/#breadcrumb\"},\"inLanguage\":\"de\",\"potentialAction\":[{\"@type\":\"ReadAction\",\"target\":[\"https:\/\/bf-on-tour.de\/m-18\/p-05\/\"]}]},{\"@type\":\"ImageObject\",\"inLanguage\":\"de\",\"@id\":\"https:\/\/bf-on-tour.de\/m-18\/p-05\/#primaryimage\",\"url\":\"https:\/\/bf-on-tour.de\/m-18\/wp-content\/uploads\/sites\/19\/2018\/11\/Senatoriai.jpg\",\"contentUrl\":\"https:\/\/bf-on-tour.de\/m-18\/wp-content\/uploads\/sites\/19\/2018\/11\/Senatoriai.jpg\",\"width\":1868,\"height\":1956,\"caption\":\"Senatoriai\"},{\"@type\":\"BreadcrumbList\",\"@id\":\"https:\/\/bf-on-tour.de\/m-18\/p-05\/#breadcrumb\",\"itemListElement\":[{\"@type\":\"ListItem\",\"position\":1,\"name\":\"Startseite\",\"item\":\"https:\/\/bf-on-tour.de\/m-18\/\"},{\"@type\":\"ListItem\",\"position\":2,\"name\":\"Europas Mitte und ein Berg aus Kreuzen\"}]},{\"@type\":\"WebSite\",\"@id\":\"https:\/\/bf-on-tour.de\/m-18\/#website\",\"url\":\"https:\/\/bf-on-tour.de\/m-18\/\",\"name\":\"Rund um die Ostsee\",\"description\":\"Litauen, Lettland, Estland, Finnland, \u00c5land, Schweden\",\"potentialAction\":[{\"@type\":\"SearchAction\",\"target\":{\"@type\":\"EntryPoint\",\"urlTemplate\":\"https:\/\/bf-on-tour.de\/m-18\/?s={search_term_string}\"},\"query-input\":{\"@type\":\"PropertyValueSpecification\",\"valueRequired\":true,\"valueName\":\"search_term_string\"}}],\"inLanguage\":\"de\"}]}<\/script>\n<!-- \/ Yoast SEO plugin. -->","yoast_head_json":{"title":"Europas Mitte und ein Berg aus Kreuzen - Rund um die Ostsee","robots":{"index":"index","follow":"follow","max-snippet":"max-snippet:-1","max-image-preview":"max-image-preview:large","max-video-preview":"max-video-preview:-1"},"canonical":"https:\/\/bf-on-tour.de\/m-18\/p-05\/","og_locale":"de_DE","og_type":"article","og_title":"Europas Mitte und ein Berg aus Kreuzen - Rund um die Ostsee","og_description":"Die Nacht ist grausam. Bis 23:00 Uhr Betrieb im Souterrain-Teil des Hotels &#8211; also direkt unter unseren Fenstern, die mangels Klimaanlage ge\u00f6ffnet sind. Im Zimmer ein Ventilator. Sch\u00f6n, aber auf Dauer nervig. Danach diverse Ein- und Ausparker auf dem Hinterhof, deren Fahrer gern mal mit den T\u00fcren knallen, sich die inzwischen zusammen gestellten St\u00fchle des &hellip; \u201eEuropas Mitte und ein Berg aus Kreuzen\u201c weiterlesen","og_url":"https:\/\/bf-on-tour.de\/m-18\/p-05\/","og_site_name":"Rund um die Ostsee","article_modified_time":"2021-01-20T18:01:35+00:00","og_image":[{"url":"https:\/\/bf-on-tour.de\/m-18\/wp-content\/uploads\/sites\/19\/2018\/11\/Senatoriai-287x300.jpg","type":"","width":"","height":""}],"twitter_card":"summary_large_image","twitter_misc":{"Gesch\u00e4tzte Lesezeit":"10\u00a0Minuten"},"schema":{"@context":"https:\/\/schema.org","@graph":[{"@type":"WebPage","@id":"https:\/\/bf-on-tour.de\/m-18\/p-05\/","url":"https:\/\/bf-on-tour.de\/m-18\/p-05\/","name":"Europas Mitte und ein Berg aus Kreuzen - Rund um die Ostsee","isPartOf":{"@id":"https:\/\/bf-on-tour.de\/m-18\/#website"},"primaryImageOfPage":{"@id":"https:\/\/bf-on-tour.de\/m-18\/p-05\/#primaryimage"},"image":{"@id":"https:\/\/bf-on-tour.de\/m-18\/p-05\/#primaryimage"},"thumbnailUrl":"https:\/\/bf-on-tour.de\/m-18\/wp-content\/uploads\/sites\/19\/2018\/11\/Senatoriai-287x300.jpg","datePublished":"2018-10-10T14:37:19+00:00","dateModified":"2021-01-20T18:01:35+00:00","breadcrumb":{"@id":"https:\/\/bf-on-tour.de\/m-18\/p-05\/#breadcrumb"},"inLanguage":"de","potentialAction":[{"@type":"ReadAction","target":["https:\/\/bf-on-tour.de\/m-18\/p-05\/"]}]},{"@type":"ImageObject","inLanguage":"de","@id":"https:\/\/bf-on-tour.de\/m-18\/p-05\/#primaryimage","url":"https:\/\/bf-on-tour.de\/m-18\/wp-content\/uploads\/sites\/19\/2018\/11\/Senatoriai.jpg","contentUrl":"https:\/\/bf-on-tour.de\/m-18\/wp-content\/uploads\/sites\/19\/2018\/11\/Senatoriai.jpg","width":1868,"height":1956,"caption":"Senatoriai"},{"@type":"BreadcrumbList","@id":"https:\/\/bf-on-tour.de\/m-18\/p-05\/#breadcrumb","itemListElement":[{"@type":"ListItem","position":1,"name":"Startseite","item":"https:\/\/bf-on-tour.de\/m-18\/"},{"@type":"ListItem","position":2,"name":"Europas Mitte und ein Berg aus Kreuzen"}]},{"@type":"WebSite","@id":"https:\/\/bf-on-tour.de\/m-18\/#website","url":"https:\/\/bf-on-tour.de\/m-18\/","name":"Rund um die Ostsee","description":"Litauen, Lettland, Estland, Finnland, \u00c5land, Schweden","potentialAction":[{"@type":"SearchAction","target":{"@type":"EntryPoint","urlTemplate":"https:\/\/bf-on-tour.de\/m-18\/?s={search_term_string}"},"query-input":{"@type":"PropertyValueSpecification","valueRequired":true,"valueName":"search_term_string"}}],"inLanguage":"de"}]}},"_links":{"self":[{"href":"https:\/\/bf-on-tour.de\/m-18\/wp-json\/wp\/v2\/pages\/95","targetHints":{"allow":["GET"]}}],"collection":[{"href":"https:\/\/bf-on-tour.de\/m-18\/wp-json\/wp\/v2\/pages"}],"about":[{"href":"https:\/\/bf-on-tour.de\/m-18\/wp-json\/wp\/v2\/types\/page"}],"author":[{"embeddable":true,"href":"https:\/\/bf-on-tour.de\/m-18\/wp-json\/wp\/v2\/users\/1"}],"replies":[{"embeddable":true,"href":"https:\/\/bf-on-tour.de\/m-18\/wp-json\/wp\/v2\/comments?post=95"}],"version-history":[{"count":43,"href":"https:\/\/bf-on-tour.de\/m-18\/wp-json\/wp\/v2\/pages\/95\/revisions"}],"predecessor-version":[{"id":577,"href":"https:\/\/bf-on-tour.de\/m-18\/wp-json\/wp\/v2\/pages\/95\/revisions\/577"}],"wp:attachment":[{"href":"https:\/\/bf-on-tour.de\/m-18\/wp-json\/wp\/v2\/media?parent=95"}],"curies":[{"name":"wp","href":"https:\/\/api.w.org\/{rel}","templated":true}]}}