{"id":270,"date":"2017-09-03T14:28:11","date_gmt":"2017-09-03T12:28:11","guid":{"rendered":"http:\/\/blog.family-riders.de\/blackforest\/?page_id=270"},"modified":"2021-01-12T18:40:39","modified_gmt":"2021-01-12T17:40:39","slug":"seite-06","status":"publish","type":"page","link":"https:\/\/bf-on-tour.de\/m-17\/seite-06\/","title":{"rendered":"Sommerfest &#038; Regenschlachten"},"content":{"rendered":"<p>Unsere Zeit im Schwarzwald geht zu Ende, aber vor der endg\u00fcltigen Heimreise erwartet uns noch ein Highlight: Das Sommerfest des Ifen-Hotels im Kleinwalsertal. Im Winter sind wir hier fast schon Stammg\u00e4ste, aber nicht im Sommer. Wir sind gespannt!<\/p>\n<figure id=\"attachment_332\" aria-describedby=\"caption-attachment-332\" style=\"width: 840px\" class=\"wp-caption aligncenter\"><a href=\"https:\/\/bf-on-tour.de\/m-17\/wp-content\/uploads\/sites\/8\/2017\/09\/S06-02.jpg\" rel=\"lightbox[270]\"><img loading=\"lazy\" decoding=\"async\" class=\"size-large wp-image-332\" src=\"https:\/\/bf-on-tour.de\/m-17\/wp-content\/uploads\/sites\/8\/2017\/09\/S06-02-1024x768.jpg\" alt=\"\" width=\"840\" height=\"630\" srcset=\"https:\/\/bf-on-tour.de\/m-17\/wp-content\/uploads\/sites\/8\/2017\/09\/S06-02-1024x768.jpg 1024w, https:\/\/bf-on-tour.de\/m-17\/wp-content\/uploads\/sites\/8\/2017\/09\/S06-02-300x225.jpg 300w, https:\/\/bf-on-tour.de\/m-17\/wp-content\/uploads\/sites\/8\/2017\/09\/S06-02-768x576.jpg 768w, https:\/\/bf-on-tour.de\/m-17\/wp-content\/uploads\/sites\/8\/2017\/09\/S06-02.jpg 1200w\" sizes=\"auto, (max-width: 709px) 85vw, (max-width: 909px) 67vw, (max-width: 1362px) 62vw, 840px\" \/><\/a><figcaption id=\"caption-attachment-332\" class=\"wp-caption-text\">Heimreise: Wieder unterwegs<\/figcaption><\/figure>\n<p>Freitag, 21. Juni: Koffer packen, Maschinen aufr\u00f6deln und ein letztes Mal auf kleinen Nebenstra\u00dfen durch den Schwarzwald bis Waldshut gondeln. Das Wetter spielt mit und es macht Spa\u00df, noch einmal durch dunklen Wald und \u00fcber weite Hochplateaus zu fahren.\u00a0Dann die Schweiz bis Konstanz. Wie immer verkehrstechnisch h\u00f6chst korrekt &#8211; kl\u00e4glich langsam &#8211; und schlie\u00dflich mit der F\u00e4hre nach Meersburg: &#8222;Kreuzfahrt \u00fcber den Bodensee&#8220;.<\/p>\n<figure id=\"attachment_335\" aria-describedby=\"caption-attachment-335\" style=\"width: 840px\" class=\"wp-caption aligncenter\"><a href=\"https:\/\/bf-on-tour.de\/m-17\/wp-content\/uploads\/sites\/8\/2017\/09\/S06-01.jpg\" rel=\"lightbox[270]\"><img loading=\"lazy\" decoding=\"async\" class=\"wp-image-335 size-large\" src=\"https:\/\/bf-on-tour.de\/m-17\/wp-content\/uploads\/sites\/8\/2017\/09\/S06-01-e1504437281180-1024x608.jpg\" alt=\"\" width=\"840\" height=\"499\" srcset=\"https:\/\/bf-on-tour.de\/m-17\/wp-content\/uploads\/sites\/8\/2017\/09\/S06-01-e1504437281180-1024x608.jpg 1024w, https:\/\/bf-on-tour.de\/m-17\/wp-content\/uploads\/sites\/8\/2017\/09\/S06-01-e1504437281180-300x178.jpg 300w, https:\/\/bf-on-tour.de\/m-17\/wp-content\/uploads\/sites\/8\/2017\/09\/S06-01-e1504437281180-768x456.jpg 768w, https:\/\/bf-on-tour.de\/m-17\/wp-content\/uploads\/sites\/8\/2017\/09\/S06-01-e1504437281180.jpg 1197w\" sizes=\"auto, (max-width: 709px) 85vw, (max-width: 909px) 67vw, (max-width: 1362px) 62vw, 840px\" \/><\/a><figcaption id=\"caption-attachment-335\" class=\"wp-caption-text\">Am Bodensee (Schweizer Ufer)<\/figcaption><\/figure>\n<p>Die B33 und B32 sind nervt\u00f6tend wegen des Kolonnenverkehrs. Aber in Wangen treffen wir auf Dennis, der uns entgegen gekommen ist und mit dem wir nun auf Nebenstrecken zum Ziel fahren. Am Albsee gibt es wegen der br\u00fctenden Hitze (wieder mal gut 30 Grad C) eine Erfrischungspause. Und w\u00e4hrend wir noch dar\u00fcber diskutieren, ob jetzt nicht ein k\u00fchles Bad das Richtige w\u00e4re, zieht hinter uns fast unbemerkt der Himmel zu. Donner und Blitz gebieten, schnellstens die Regenpellen \u00fcber zu ziehen, denn das finstere Gew\u00f6lk erinnert uns doch sehr an letztes Jahr in D\u00e4nemark.<\/p>\n<figure id=\"attachment_330\" aria-describedby=\"caption-attachment-330\" style=\"width: 861px\" class=\"wp-caption aligncenter\"><a href=\"https:\/\/bf-on-tour.de\/m-17\/wp-content\/uploads\/sites\/8\/2017\/09\/S06-03.jpg\" rel=\"lightbox[270]\"><img loading=\"lazy\" decoding=\"async\" class=\"size-full wp-image-330\" src=\"https:\/\/bf-on-tour.de\/m-17\/wp-content\/uploads\/sites\/8\/2017\/09\/S06-03.jpg\" alt=\"\" width=\"861\" height=\"900\" srcset=\"https:\/\/bf-on-tour.de\/m-17\/wp-content\/uploads\/sites\/8\/2017\/09\/S06-03.jpg 861w, https:\/\/bf-on-tour.de\/m-17\/wp-content\/uploads\/sites\/8\/2017\/09\/S06-03-287x300.jpg 287w, https:\/\/bf-on-tour.de\/m-17\/wp-content\/uploads\/sites\/8\/2017\/09\/S06-03-768x803.jpg 768w\" sizes=\"auto, (max-width: 709px) 85vw, (max-width: 909px) 67vw, (max-width: 1362px) 62vw, 840px\" \/><\/a><figcaption id=\"caption-attachment-330\" class=\"wp-caption-text\">Dickes Wetter zieht auf.<\/figcaption><\/figure>\n<p>Und dann geht es los: Hagelk\u00f6rner, gro\u00df wie Kieselsteine, h\u00e4mmern auf uns ein. Das ist nicht nur laut im Helm, das tut auch richtig weh, wenn man getroffen wird. Gleichzeitig sch\u00fcttet der Himmel Wasser in K\u00fcbeln \u00fcber uns; tropfnass erreichen wir das Hotel. Was f\u00fcr ein sch\u00f6ner Auftakt f\u00fcr ein Sommerfest&#8230;<\/p>\n<figure id=\"attachment_333\" aria-describedby=\"caption-attachment-333\" style=\"width: 840px\" class=\"wp-caption aligncenter\"><a href=\"https:\/\/bf-on-tour.de\/m-17\/wp-content\/uploads\/sites\/8\/2017\/09\/S06-04.jpg\" rel=\"lightbox[270]\"><img loading=\"lazy\" decoding=\"async\" class=\"size-large wp-image-333\" src=\"https:\/\/bf-on-tour.de\/m-17\/wp-content\/uploads\/sites\/8\/2017\/09\/S06-04-1024x768.jpg\" alt=\"\" width=\"840\" height=\"630\" srcset=\"https:\/\/bf-on-tour.de\/m-17\/wp-content\/uploads\/sites\/8\/2017\/09\/S06-04-1024x768.jpg 1024w, https:\/\/bf-on-tour.de\/m-17\/wp-content\/uploads\/sites\/8\/2017\/09\/S06-04-300x225.jpg 300w, https:\/\/bf-on-tour.de\/m-17\/wp-content\/uploads\/sites\/8\/2017\/09\/S06-04-768x576.jpg 768w, https:\/\/bf-on-tour.de\/m-17\/wp-content\/uploads\/sites\/8\/2017\/09\/S06-04.jpg 1200w\" sizes=\"auto, (max-width: 709px) 85vw, (max-width: 909px) 67vw, (max-width: 1362px) 62vw, 840px\" \/><\/a><figcaption id=\"caption-attachment-333\" class=\"wp-caption-text\">Am n\u00e4chsten Morgen: Traumhafte Aussicht<\/figcaption><\/figure>\n<p>Sonnabend: Das Wetter hat ein Einsehen mit uns und den Organisatoren. Sonne, kleine wei\u00dfe Wolken und eine Aussicht auf die Berge, wie aus dem Bilderbuch. Zun\u00e4chst sind wir faul; SPA bis zum Abwinken. Danach das Fest. Ein richtig toll arrangiertes Event, an dem alle G\u00e4ste, aber auch die Organisatoren und das Hotelpersonal, sichtlich ihr Vergn\u00fcgen haben. Kulinarische Leckereien ohne Ende, Bier und Wein ebenfalls (zumindest wenn man will). Abgerundet wird das Ganze durch eine Kapelle, die au\u00dfer landestypischer &#8222;Musi&#8220; auch allerlei Modernes und Lustiges bieten kann. Die Stimmung steigt von Stunde zu Stunde! Ein gelungener Abend!<\/p>\n<figure id=\"attachment_331\" aria-describedby=\"caption-attachment-331\" style=\"width: 840px\" class=\"wp-caption aligncenter\"><a href=\"https:\/\/bf-on-tour.de\/m-17\/wp-content\/uploads\/sites\/8\/2017\/09\/S06-06.jpg\" rel=\"lightbox[270]\"><img loading=\"lazy\" decoding=\"async\" class=\"size-large wp-image-331\" src=\"https:\/\/bf-on-tour.de\/m-17\/wp-content\/uploads\/sites\/8\/2017\/09\/S06-06-1024x768.jpg\" alt=\"\" width=\"840\" height=\"630\" srcset=\"https:\/\/bf-on-tour.de\/m-17\/wp-content\/uploads\/sites\/8\/2017\/09\/S06-06-1024x768.jpg 1024w, https:\/\/bf-on-tour.de\/m-17\/wp-content\/uploads\/sites\/8\/2017\/09\/S06-06-300x225.jpg 300w, https:\/\/bf-on-tour.de\/m-17\/wp-content\/uploads\/sites\/8\/2017\/09\/S06-06-768x576.jpg 768w, https:\/\/bf-on-tour.de\/m-17\/wp-content\/uploads\/sites\/8\/2017\/09\/S06-06.jpg 1200w\" sizes=\"auto, (max-width: 709px) 85vw, (max-width: 909px) 67vw, (max-width: 1362px) 62vw, 840px\" \/><\/a><figcaption id=\"caption-attachment-331\" class=\"wp-caption-text\">Sommerfest<\/figcaption><\/figure>\n<figure id=\"attachment_334\" aria-describedby=\"caption-attachment-334\" style=\"width: 840px\" class=\"wp-caption aligncenter\"><a href=\"https:\/\/bf-on-tour.de\/m-17\/wp-content\/uploads\/sites\/8\/2017\/09\/S06-05.jpg\" rel=\"lightbox[270]\"><img loading=\"lazy\" decoding=\"async\" class=\"size-large wp-image-334\" src=\"https:\/\/bf-on-tour.de\/m-17\/wp-content\/uploads\/sites\/8\/2017\/09\/S06-05-1024x768.jpg\" alt=\"\" width=\"840\" height=\"630\" srcset=\"https:\/\/bf-on-tour.de\/m-17\/wp-content\/uploads\/sites\/8\/2017\/09\/S06-05-1024x768.jpg 1024w, https:\/\/bf-on-tour.de\/m-17\/wp-content\/uploads\/sites\/8\/2017\/09\/S06-05-300x225.jpg 300w, https:\/\/bf-on-tour.de\/m-17\/wp-content\/uploads\/sites\/8\/2017\/09\/S06-05-768x576.jpg 768w, https:\/\/bf-on-tour.de\/m-17\/wp-content\/uploads\/sites\/8\/2017\/09\/S06-05.jpg 1200w\" sizes=\"auto, (max-width: 709px) 85vw, (max-width: 909px) 67vw, (max-width: 1362px) 62vw, 840px\" \/><\/a><figcaption id=\"caption-attachment-334\" class=\"wp-caption-text\">Sommerfest<\/figcaption><\/figure>\n<p>Das Wetter am Sonntagmorgen \u00e4hnelt dem mentalen Zustand einiger G\u00e4ste. Schw\u00fclwarm, die Berge in Wolken, ab und an Nieselregen, finster und bedr\u00fcckend. Katerstimmung k\u00f6nnte optisch kaum besser umgesetzt werden. Wir raffen uns zu einem ausgedehnten Spaziergang zur sog. Naturbr\u00fccke, einem geologischen Naturdenkmal, auf und verschwinden danach rasch wieder im SPA-Bereich.<\/p>\n<p>Dienstag. Es regnet in Str\u00f6men. Gestern war es den ganzen Tag \u00fcber ebenso und wir hatten uns in Bad und Sauna schon gefreut, bei dem Wetter noch nicht losfahren zu m\u00fcssen. Nun ja, die Hoffnung stirbt bekanntlich zuletzt &#8211; jetzt.<\/p>\n<p>Unsere Planung, \u00fcber das Oberjoch, durch das Tannheimer Tal und entlang des Plansees nach Regensburg zu fahren, l\u00f6sen sich in Regen und Nebel auf. 80 km\/h auf gut ausgebauter Hauptstra\u00dfe sind schon \u00fcppig, denn der PKW-Verkehr schafft das gerade mal so eben und an \u00dcberholen ist gar nicht zu denken. Sicht gleich null, es ist kalt: 11,5\u00b0 C. Zwischen Kempten und Augsburg macht der Regen ab und an Pause. Die Sicht wird besser, das Tempo zieht an. Daf\u00fcr plagen uns jetzt gute 6 bis 7 Bft. Seitenwind. Nach Augsburg wieder dasselbe, wie vor Kempten nur der Wind ist auch noch da. Triefend erreichen wir Regensburg und verschwinden f\u00fcr l\u00e4ngere Zeit unter der warmen Dusche des Hotels.<\/p>\n<p>Mittwochmorgen. Es regnet nicht, es gie\u00dft. B\u00f6iger Wind peitscht das Wasser \u00fcber die Stra\u00dfe. Unsere Heimfahrt-Planung zweiter Teil, gem\u00fctlich \u00fcber die B22 durch den Bayerischen Wald und weiter \u00fcber die B15 durchs Fichtelgebirge zu fahren, l\u00f6st sich auch heute im Regen auf &#8211; der Rest wird weggeweht. Nach sechs Stunden \u00f6der Regenschlacht auf der Autobahn sind wir wieder zu Hause.<\/p>\n<p>Home Sweet Home: Die Bude ist eiskalt, warmes Wasser muss erst aufgeheizt werden, an ein wohlverdientes <em>Hafenbier<\/em> auf sommerlich warmer Terrasse ist gar nicht zu denken. Das wird in Wolldecken geh\u00fcllt vorm brennenden Kamin eingenommen. Drau\u00dfen sind 12\u00b0 C &#8211; es ist Hochsommer!<\/p>\n<p><a href=\"https:\/\/bf-on-tour.de\/m-17\/seite-07\"><img loading=\"lazy\" decoding=\"async\" class=\"alignright wp-image-344\" src=\"https:\/\/bf-on-tour.de\/m-17\/wp-content\/uploads\/sites\/8\/2017\/09\/weiter.png\" alt=\"\" width=\"50\" height=\"37\" \/><img loading=\"lazy\" decoding=\"async\" class=\"alignleft wp-image-343\" src=\"https:\/\/bf-on-tour.de\/m-17\/wp-content\/uploads\/sites\/8\/2017\/09\/zurueck.png\" alt=\"\" width=\"50\" height=\"37\" \/><\/a><\/p>\n","protected":false},"excerpt":{"rendered":"<p>Unsere Zeit im Schwarzwald geht zu Ende, aber vor der endg\u00fcltigen Heimreise erwartet uns noch ein Highlight: Das Sommerfest des Ifen-Hotels im Kleinwalsertal. Im Winter sind wir hier fast schon Stammg\u00e4ste, aber nicht im Sommer. Wir sind gespannt! Freitag, 21. Juni: Koffer packen, Maschinen aufr\u00f6deln und ein letztes Mal auf kleinen Nebenstra\u00dfen durch den Schwarzwald &hellip; <a href=\"https:\/\/bf-on-tour.de\/m-17\/seite-06\/\" class=\"more-link\"><span class=\"screen-reader-text\">\u201eSommerfest &#038; Regenschlachten\u201c <\/span>weiterlesen<\/a><\/p>\n","protected":false},"author":1,"featured_media":0,"parent":0,"menu_order":6,"comment_status":"open","ping_status":"closed","template":"","meta":{"footnotes":""},"class_list":["post-270","page","type-page","status-publish","hentry"],"_links":{"self":[{"href":"https:\/\/bf-on-tour.de\/m-17\/wp-json\/wp\/v2\/pages\/270","targetHints":{"allow":["GET"]}}],"collection":[{"href":"https:\/\/bf-on-tour.de\/m-17\/wp-json\/wp\/v2\/pages"}],"about":[{"href":"https:\/\/bf-on-tour.de\/m-17\/wp-json\/wp\/v2\/types\/page"}],"author":[{"embeddable":true,"href":"https:\/\/bf-on-tour.de\/m-17\/wp-json\/wp\/v2\/users\/1"}],"replies":[{"embeddable":true,"href":"https:\/\/bf-on-tour.de\/m-17\/wp-json\/wp\/v2\/comments?post=270"}],"version-history":[{"count":8,"href":"https:\/\/bf-on-tour.de\/m-17\/wp-json\/wp\/v2\/pages\/270\/revisions"}],"predecessor-version":[{"id":430,"href":"https:\/\/bf-on-tour.de\/m-17\/wp-json\/wp\/v2\/pages\/270\/revisions\/430"}],"wp:attachment":[{"href":"https:\/\/bf-on-tour.de\/m-17\/wp-json\/wp\/v2\/media?parent=270"}],"curies":[{"name":"wp","href":"https:\/\/api.w.org\/{rel}","templated":true}]}}