{"id":262,"date":"2017-09-03T14:27:51","date_gmt":"2017-09-03T12:27:51","guid":{"rendered":"http:\/\/blog.family-riders.de\/blackforest\/?page_id=262"},"modified":"2020-04-03T11:17:59","modified_gmt":"2020-04-03T09:17:59","slug":"seite-03","status":"publish","type":"page","link":"https:\/\/bf-on-tour.de\/m-17\/seite-03\/","title":{"rendered":"Mont Ste. Odile"},"content":{"rendered":"<p>Wer erk\u00e4ltet ist, geht zum Arzt. Hab ich vor unserem Urlaub gemacht. Was dabei heraus kam, war eine Schachtel Antibiotika verbunden mit der Empfehlung, die Heilige Ottilie zu konsultieren (<em>Wenn Sie schon in der N\u00e4he sind &#8211; eigentlich ist sie f\u00fcr Augenleiden zust\u00e4ndig, aber man wei\u00df ja nie&#8230;<\/em>).<\/p>\n<figure id=\"attachment_296\" aria-describedby=\"caption-attachment-296\" style=\"width: 176px\" class=\"wp-caption alignright\"><a href=\"https:\/\/bf-on-tour.de\/m-17\/wp-content\/uploads\/sites\/8\/2017\/09\/S03-01.jpg\" rel=\"lightbox[262]\"><img loading=\"lazy\" decoding=\"async\" class=\"size-medium wp-image-296\" src=\"https:\/\/bf-on-tour.de\/m-17\/wp-content\/uploads\/sites\/8\/2017\/09\/S03-01-176x300.jpg\" alt=\"\" width=\"176\" height=\"300\" srcset=\"https:\/\/bf-on-tour.de\/m-17\/wp-content\/uploads\/sites\/8\/2017\/09\/S03-01-176x300.jpg 176w, https:\/\/bf-on-tour.de\/m-17\/wp-content\/uploads\/sites\/8\/2017\/09\/S03-01.jpg 529w\" sizes=\"auto, (max-width: 176px) 85vw, 176px\" \/><\/a><figcaption id=\"caption-attachment-296\" class=\"wp-caption-text\">Die Heilige Ottilie; In Frankreich: Ste. Odile<\/figcaption><\/figure>\n<p>Heilige Ottilie? Nie geh\u00f6rt! Nun mag es daran liegen, dass wir der eher moralinsauren evangelischen Gemeinschaft angeh\u00f6ren und uns die fr\u00f6hliche Gl\u00e4ubigkeit an diverse Heilige ungel\u00e4ufig ist.\u00a0Aber egal, das Wetter ist sch\u00f6n und warum sollen wir den Mont Ste. Odile im Elsass nicht tats\u00e4chlich als Tagesziel nehmen. Vielleicht ist ja sogar noch ein Abstecher nach Stra\u00dfburg mit drin.<\/p>\n<p>Da der Weg etwas weiter ist, als unsere normalen Tagesausfl\u00fcge, suchen wir den k\u00fcrzesten Weg nach Frankreich \u00fcber Kirchzarten und Freiburg heraus &#8211; was uns genau dort mitten ins Verkehrschaos st\u00fcrzt. Schleichend durchqueren wir die Stadt. Danach sind wir tats\u00e4chlich rasch in Frankreich, das noch etwas verschlafen vom gestrigen Nationalfeiertag aber daf\u00fcr sch\u00f6n bunt blau-wei\u00df-rot beflaggt ist. Und wir haben ein <i>deja vue<\/i>: Die Stra\u00dfen hier sind fast genauso gerade, wie in D\u00e4nemark. Die einzigen Kurven finden sich in Kreisverkehren.<\/p>\n<figure id=\"attachment_308\" aria-describedby=\"caption-attachment-308\" style=\"width: 840px\" class=\"wp-caption aligncenter\"><a href=\"https:\/\/bf-on-tour.de\/m-17\/wp-content\/uploads\/sites\/8\/2017\/09\/S03-02.jpg\" rel=\"lightbox[262]\"><img loading=\"lazy\" decoding=\"async\" class=\"size-large wp-image-308\" src=\"https:\/\/bf-on-tour.de\/m-17\/wp-content\/uploads\/sites\/8\/2017\/09\/S03-02-1024x768.jpg\" alt=\"\" width=\"840\" height=\"630\" srcset=\"https:\/\/bf-on-tour.de\/m-17\/wp-content\/uploads\/sites\/8\/2017\/09\/S03-02-1024x768.jpg 1024w, https:\/\/bf-on-tour.de\/m-17\/wp-content\/uploads\/sites\/8\/2017\/09\/S03-02-300x225.jpg 300w, https:\/\/bf-on-tour.de\/m-17\/wp-content\/uploads\/sites\/8\/2017\/09\/S03-02-768x576.jpg 768w, https:\/\/bf-on-tour.de\/m-17\/wp-content\/uploads\/sites\/8\/2017\/09\/S03-02.jpg 1200w\" sizes=\"auto, (max-width: 709px) 85vw, (max-width: 909px) 67vw, (max-width: 1362px) 62vw, 840px\" \/><\/a><figcaption id=\"caption-attachment-308\" class=\"wp-caption-text\">Am Kaiserstuhl &#8211; noch geht es nicht nur geradeaus&#8230;<\/figcaption><\/figure>\n<p>Schlie\u00dflich haben wir die Auffahrt zum Mont Ste. Odile erreicht und bef\u00fcrchten, dass Ottilie entweder nicht zu Hause ist oder heute geschlossen hat. Es ist n\u00e4mlich au\u00dfer uns niemand auf dieser Strecke unterwegs. Keiner mit uns und keiner, der entgegen kommt. 11 Kilometer durch finsteren, feuchten Wald. Man denkt sich eben sein Teil&#8230;<\/p>\n<figure id=\"attachment_297\" aria-describedby=\"caption-attachment-297\" style=\"width: 840px\" class=\"wp-caption aligncenter\"><a href=\"https:\/\/bf-on-tour.de\/m-17\/wp-content\/uploads\/sites\/8\/2017\/09\/S03-03.jpg\" rel=\"lightbox[262]\"><img loading=\"lazy\" decoding=\"async\" class=\"wp-image-297 size-large\" src=\"https:\/\/bf-on-tour.de\/m-17\/wp-content\/uploads\/sites\/8\/2017\/09\/S03-03-1024x768.jpg\" alt=\"\" width=\"840\" height=\"630\" srcset=\"https:\/\/bf-on-tour.de\/m-17\/wp-content\/uploads\/sites\/8\/2017\/09\/S03-03-1024x768.jpg 1024w, https:\/\/bf-on-tour.de\/m-17\/wp-content\/uploads\/sites\/8\/2017\/09\/S03-03-300x225.jpg 300w, https:\/\/bf-on-tour.de\/m-17\/wp-content\/uploads\/sites\/8\/2017\/09\/S03-03-768x576.jpg 768w, https:\/\/bf-on-tour.de\/m-17\/wp-content\/uploads\/sites\/8\/2017\/09\/S03-03.jpg 1200w\" sizes=\"auto, (max-width: 709px) 85vw, (max-width: 909px) 67vw, (max-width: 1362px) 62vw, 840px\" \/><\/a><figcaption id=\"caption-attachment-297\" class=\"wp-caption-text\">Eingang zum Kloster<\/figcaption><\/figure>\n<p>Oben dann das Kloster. Es hat nicht geschlossen, gute und kostenlose Parkpl\u00e4tze f\u00fcr die Maschinen sind vorhanden und es gibt sogar w\u00e4rmenden Sonnenschein. Lassen wir uns also \u00fcberraschen, ob hier auch so ein Devotionalienrummel herrscht, wie zum Beispiel bei 14-Heiligen, oder ob man sich tats\u00e4chlich in Ruhe auf diesen Ort besinnen kann.<\/p>\n<figure id=\"attachment_306\" aria-describedby=\"caption-attachment-306\" style=\"width: 638px\" class=\"wp-caption aligncenter\"><a href=\"https:\/\/bf-on-tour.de\/m-17\/wp-content\/uploads\/sites\/8\/2017\/09\/S03-04.jpg\" rel=\"lightbox[262]\"><img loading=\"lazy\" decoding=\"async\" class=\"size-full wp-image-306\" src=\"https:\/\/bf-on-tour.de\/m-17\/wp-content\/uploads\/sites\/8\/2017\/09\/S03-04.jpg\" alt=\"\" width=\"638\" height=\"900\" srcset=\"https:\/\/bf-on-tour.de\/m-17\/wp-content\/uploads\/sites\/8\/2017\/09\/S03-04.jpg 638w, https:\/\/bf-on-tour.de\/m-17\/wp-content\/uploads\/sites\/8\/2017\/09\/S03-04-213x300.jpg 213w\" sizes=\"auto, (max-width: 638px) 85vw, 638px\" \/><\/a><figcaption id=\"caption-attachment-306\" class=\"wp-caption-text\">Ottiliens Sarg<\/figcaption><\/figure>\n<p>Letzteres ist der Fall! Es wird allenthalben darauf hingewiesen, dass es sich um einen Ort der Stille und des Gebetes handelt und man sich bitte dementsprechend benehmen m\u00f6ge. Und wirklich: Die Leute tun es! In den verschiedenen Kapellen wird nicht laut herum gequatscht und es flackern auch keine Blitzlichtgewitter. Wir ziehen mit einer gewissen And\u00e4chtigkeit von Raum zu Raum. Vorbei an Ottiliens Sarg, vorbei an unz\u00e4hligen Opferkerzen und durch verschiedenste Andachtsr\u00e4ume. Mal prunkvoll, mal schlicht, aber immer klein und heimelig. Sch\u00f6n ist es hier!<\/p>\n<figure id=\"attachment_307\" aria-describedby=\"caption-attachment-307\" style=\"width: 840px\" class=\"wp-caption aligncenter\"><a href=\"https:\/\/bf-on-tour.de\/m-17\/wp-content\/uploads\/sites\/8\/2017\/09\/S03-05.jpg\" rel=\"lightbox[262]\"><img loading=\"lazy\" decoding=\"async\" class=\"size-large wp-image-307\" src=\"https:\/\/bf-on-tour.de\/m-17\/wp-content\/uploads\/sites\/8\/2017\/09\/S03-05-1024x768.jpg\" alt=\"\" width=\"840\" height=\"630\" srcset=\"https:\/\/bf-on-tour.de\/m-17\/wp-content\/uploads\/sites\/8\/2017\/09\/S03-05-1024x768.jpg 1024w, https:\/\/bf-on-tour.de\/m-17\/wp-content\/uploads\/sites\/8\/2017\/09\/S03-05-300x225.jpg 300w, https:\/\/bf-on-tour.de\/m-17\/wp-content\/uploads\/sites\/8\/2017\/09\/S03-05-768x576.jpg 768w, https:\/\/bf-on-tour.de\/m-17\/wp-content\/uploads\/sites\/8\/2017\/09\/S03-05.jpg 1200w\" sizes=\"auto, (max-width: 709px) 85vw, (max-width: 909px) 67vw, (max-width: 1362px) 62vw, 840px\" \/><\/a><figcaption id=\"caption-attachment-307\" class=\"wp-caption-text\">Opferkerzen<\/figcaption><\/figure>\n<p>Am Ende dieses Rundganges finden wir uns auf einer Gartenanlage mit grandioser Aussicht wieder, auf der noch zwei weitere Kapellen zu bewundern sind und auf der drei uralte Linden stehen. Eine davon\u00a0ist innen hohl und man kann in sie hineintreten. Allerdings m\u00fcssen wir uns anstellen, in den Baum wollen viele.<\/p>\n<figure id=\"attachment_299\" aria-describedby=\"caption-attachment-299\" style=\"width: 840px\" class=\"wp-caption aligncenter\"><a href=\"https:\/\/bf-on-tour.de\/m-17\/wp-content\/uploads\/sites\/8\/2017\/09\/S03-07.jpg\" rel=\"lightbox[262]\"><img loading=\"lazy\" decoding=\"async\" class=\"wp-image-299 size-large\" src=\"https:\/\/bf-on-tour.de\/m-17\/wp-content\/uploads\/sites\/8\/2017\/09\/S03-07-e1504358574210-1024x642.jpg\" alt=\"\" width=\"840\" height=\"527\" srcset=\"https:\/\/bf-on-tour.de\/m-17\/wp-content\/uploads\/sites\/8\/2017\/09\/S03-07-e1504358574210-1024x642.jpg 1024w, https:\/\/bf-on-tour.de\/m-17\/wp-content\/uploads\/sites\/8\/2017\/09\/S03-07-e1504358574210-300x188.jpg 300w, https:\/\/bf-on-tour.de\/m-17\/wp-content\/uploads\/sites\/8\/2017\/09\/S03-07-e1504358574210-768x481.jpg 768w, https:\/\/bf-on-tour.de\/m-17\/wp-content\/uploads\/sites\/8\/2017\/09\/S03-07-e1504358574210.jpg 1197w\" sizes=\"auto, (max-width: 709px) 85vw, (max-width: 909px) 67vw, (max-width: 1362px) 62vw, 840px\" \/><\/a><figcaption id=\"caption-attachment-299\" class=\"wp-caption-text\">Grandiose Aussicht vom Klostergarten<\/figcaption><\/figure>\n<figure id=\"attachment_300\" aria-describedby=\"caption-attachment-300\" style=\"width: 840px\" class=\"wp-caption aligncenter\"><a href=\"https:\/\/bf-on-tour.de\/m-17\/wp-content\/uploads\/sites\/8\/2017\/09\/S03-06.jpg\" rel=\"lightbox[262]\"><img loading=\"lazy\" decoding=\"async\" class=\"size-large wp-image-300\" src=\"https:\/\/bf-on-tour.de\/m-17\/wp-content\/uploads\/sites\/8\/2017\/09\/S03-06-1024x768.jpg\" alt=\"\" width=\"840\" height=\"630\" srcset=\"https:\/\/bf-on-tour.de\/m-17\/wp-content\/uploads\/sites\/8\/2017\/09\/S03-06-1024x768.jpg 1024w, https:\/\/bf-on-tour.de\/m-17\/wp-content\/uploads\/sites\/8\/2017\/09\/S03-06-300x225.jpg 300w, https:\/\/bf-on-tour.de\/m-17\/wp-content\/uploads\/sites\/8\/2017\/09\/S03-06-768x576.jpg 768w, https:\/\/bf-on-tour.de\/m-17\/wp-content\/uploads\/sites\/8\/2017\/09\/S03-06.jpg 1200w\" sizes=\"auto, (max-width: 709px) 85vw, (max-width: 909px) 67vw, (max-width: 1362px) 62vw, 840px\" \/><\/a><figcaption id=\"caption-attachment-300\" class=\"wp-caption-text\">Das Kloster auf dem Berg<\/figcaption><\/figure>\n<p>Ich bin gespannt, was mich dort erwartet, denn einige der vor uns stehenden machen im Baum Gesichter, als w\u00fcrde ihnen Ottilie h\u00f6chst pers\u00f6nlich erscheinen, andere benehmen sich, als h\u00e4tten sie das Zentrum einer fern\u00f6stlichen Heilslehre betreten. Als ich endlich dran bin, \u00fcberkommt mich dann doch ein wenig Ehrfurcht. Das alte, abgewetzte Holz dieses Baumes zu ber\u00fchren, hat schon was besonderes und fast vollst\u00e4ndig umschlossen von der Au\u00dfenh\u00fclle des Veteranen, stellt sich tats\u00e4chlich auch ein gewisses Wohlgef\u00fchl ein (hoffentlich mache ich jetzt nicht auch so ein vergeistigtes Gesicht&#8230;).<\/p>\n<figure id=\"attachment_301\" aria-describedby=\"caption-attachment-301\" style=\"width: 601px\" class=\"wp-caption aligncenter\"><a href=\"https:\/\/bf-on-tour.de\/m-17\/wp-content\/uploads\/sites\/8\/2017\/09\/S03-08.jpg\" rel=\"lightbox[262]\"><img loading=\"lazy\" decoding=\"async\" class=\"size-full wp-image-301\" src=\"https:\/\/bf-on-tour.de\/m-17\/wp-content\/uploads\/sites\/8\/2017\/09\/S03-08.jpg\" alt=\"\" width=\"601\" height=\"900\" srcset=\"https:\/\/bf-on-tour.de\/m-17\/wp-content\/uploads\/sites\/8\/2017\/09\/S03-08.jpg 601w, https:\/\/bf-on-tour.de\/m-17\/wp-content\/uploads\/sites\/8\/2017\/09\/S03-08-200x300.jpg 200w\" sizes=\"auto, (max-width: 601px) 85vw, 601px\" \/><\/a><figcaption id=\"caption-attachment-301\" class=\"wp-caption-text\">Im Baum<\/figcaption><\/figure>\n<p>Wieder zur\u00fcck im Hier und Heute, gibt es einen Imbiss in der Pilgerstube und danach machen wir uns auf den Weg zur Magischen Quelle, die einst Ottilie hier im Berg fand und damit einen Auss\u00e4tzigen zu heilen vermochte &#8211; so die Legende. Allerdings ist der Weg steil, schmal und dauert <i>aller et retour<\/i>\u00a020 Minuten. Das ist nichts im Motorrad-Dress mit Helm und Tankrucksack in der Hand, ohne Wanderstiefel und -st\u00f6cke. Schade!<\/p>\n<figure id=\"attachment_302\" aria-describedby=\"caption-attachment-302\" style=\"width: 840px\" class=\"wp-caption aligncenter\"><a href=\"https:\/\/bf-on-tour.de\/m-17\/wp-content\/uploads\/sites\/8\/2017\/09\/S03-09.jpg\" rel=\"lightbox[262]\"><img loading=\"lazy\" decoding=\"async\" class=\"wp-image-302 size-large\" src=\"https:\/\/bf-on-tour.de\/m-17\/wp-content\/uploads\/sites\/8\/2017\/09\/S03-09-e1504358076693-1024x543.jpg\" alt=\"\" width=\"840\" height=\"445\" srcset=\"https:\/\/bf-on-tour.de\/m-17\/wp-content\/uploads\/sites\/8\/2017\/09\/S03-09-e1504358076693-1024x543.jpg 1024w, https:\/\/bf-on-tour.de\/m-17\/wp-content\/uploads\/sites\/8\/2017\/09\/S03-09-e1504358076693-300x159.jpg 300w, https:\/\/bf-on-tour.de\/m-17\/wp-content\/uploads\/sites\/8\/2017\/09\/S03-09-e1504358076693-768x407.jpg 768w, https:\/\/bf-on-tour.de\/m-17\/wp-content\/uploads\/sites\/8\/2017\/09\/S03-09-e1504358076693.jpg 1194w\" sizes=\"auto, (max-width: 709px) 85vw, (max-width: 909px) 67vw, (max-width: 1362px) 62vw, 840px\" \/><\/a><figcaption id=\"caption-attachment-302\" class=\"wp-caption-text\">Mit den Maschinen zur Quelle<\/figcaption><\/figure>\n<p>Aber es gibt eine Stra\u00dfe zur Quelle und einige Minuten sp\u00e4ter sind wir dort angekommen. Jetzt stehen wir wieder in einer Schlange, n\u00e4mlich um an die Quelle zu kommen. Die Gruppe Vergeistigter aus dem Baum f\u00fcllt sich das Wasser flaschenweise ab. Wir haben zwar auch zwei Flaschen dabei, aber in einer ist Eistee und in der anderen profanes Mineralwasser von Edeka. Es wird wohl reichen, wenn wir unsere Gesichter mit dem Quellwasser benetzen.<\/p>\n<figure id=\"attachment_298\" aria-describedby=\"caption-attachment-298\" style=\"width: 675px\" class=\"wp-caption aligncenter\"><a href=\"https:\/\/bf-on-tour.de\/m-17\/wp-content\/uploads\/sites\/8\/2017\/09\/S03-10.jpg\" rel=\"lightbox[262]\"><img loading=\"lazy\" decoding=\"async\" class=\"size-full wp-image-298\" src=\"https:\/\/bf-on-tour.de\/m-17\/wp-content\/uploads\/sites\/8\/2017\/09\/S03-10.jpg\" alt=\"\" width=\"675\" height=\"900\" srcset=\"https:\/\/bf-on-tour.de\/m-17\/wp-content\/uploads\/sites\/8\/2017\/09\/S03-10.jpg 675w, https:\/\/bf-on-tour.de\/m-17\/wp-content\/uploads\/sites\/8\/2017\/09\/S03-10-225x300.jpg 225w\" sizes=\"auto, (max-width: 675px) 85vw, 675px\" \/><\/a><figcaption id=\"caption-attachment-298\" class=\"wp-caption-text\">N\u00fctzt&#8217;s nix, so schad&#8217;s auch nix&#8230;<\/figcaption><\/figure>\n<p>Ob man es auch trinken kann, bekomme ich mit meinen rudiment\u00e4ren Franz\u00f6sischkenntnissen nicht heraus (die hier und jetzt zu verbessern w\u00e4re \u00fcbrigens ein echtes Wunder gewesen, denn das hatten vor Jahrzehnten schon zahlreiche Lehrer erfolglos versucht). Ergo lassen wir es und nehmen Abschied von Kloster, Quelle und von Ottilie.<\/p>\n<p>Stra\u00dfburg ist leider nicht mehr drin. Die Zeit ist uns mal wieder davon gelaufen. Hatten wir etwa eine Stunde geplant, sind es inzwischen reichlich drei geworden und das Navi sagt, dass wir selbst ohne Stadtausflug erst gegen 19:30 Uhr wieder zu Hause sein werden. Gut, fahren wir also direkt zur\u00fcck. Soll doch das Navi mal versuchen, anstatt der endlos geraden Stra\u00dfen, Kurven zu finden.<\/p>\n<figure id=\"attachment_303\" aria-describedby=\"caption-attachment-303\" style=\"width: 840px\" class=\"wp-caption aligncenter\"><a href=\"https:\/\/bf-on-tour.de\/m-17\/wp-content\/uploads\/sites\/8\/2017\/09\/S03-11.jpg\" rel=\"lightbox[262]\"><img loading=\"lazy\" decoding=\"async\" class=\"wp-image-303 size-large\" src=\"https:\/\/bf-on-tour.de\/m-17\/wp-content\/uploads\/sites\/8\/2017\/09\/S03-11-e1504358047587-1024x589.jpg\" alt=\"\" width=\"840\" height=\"483\" srcset=\"https:\/\/bf-on-tour.de\/m-17\/wp-content\/uploads\/sites\/8\/2017\/09\/S03-11-e1504358047587-1024x589.jpg 1024w, https:\/\/bf-on-tour.de\/m-17\/wp-content\/uploads\/sites\/8\/2017\/09\/S03-11-e1504358047587-300x173.jpg 300w, https:\/\/bf-on-tour.de\/m-17\/wp-content\/uploads\/sites\/8\/2017\/09\/S03-11-e1504358047587-768x442.jpg 768w, https:\/\/bf-on-tour.de\/m-17\/wp-content\/uploads\/sites\/8\/2017\/09\/S03-11-e1504358047587.jpg 1200w\" sizes=\"auto, (max-width: 709px) 85vw, (max-width: 909px) 67vw, (max-width: 1362px) 62vw, 840px\" \/><\/a><figcaption id=\"caption-attachment-303\" class=\"wp-caption-text\">Canal du Rh\u00f4ne au Rhin &#8211; auch hier keine Kurven&#8230;<\/figcaption><\/figure>\n<p>Und so bummeln wir mal um ein Feld herum, zuckeln durch Miniaturd\u00f6rfer, queren diesen Fluss oder auch jenen Kanal und fahren schlie\u00dflich mit irgendeiner F\u00e4hre \u00fcber den Rhein.<\/p>\n<p>Letzteres ist \u00fcbrigens noch einmal so ein richtiges franz\u00f6sisches Verkehrslehrst\u00fcck. Alle offensichtlichen Zufahrten zum Anleger sind mit einer <i>Spardose<\/i>\u00a0ausgeschildert, versehen mit dem Zusatz, <i>Zufahrt nur f\u00fcr berechtigte Fahrzeuge<\/i>. Frage, wie kommt man auf die F\u00e4hre und wer bitte ist dazu berechtigt? Noch w\u00e4hrend ich nachdenke, brettert ein Claas M\u00e4hdrescher durch die gesperrten Zufahrten und erreicht gerade noch das schon ablegende Schiff. Aha! So geht das hier!<\/p>\n<figure id=\"attachment_304\" aria-describedby=\"caption-attachment-304\" style=\"width: 840px\" class=\"wp-caption aligncenter\"><a href=\"https:\/\/bf-on-tour.de\/m-17\/wp-content\/uploads\/sites\/8\/2017\/09\/S03-12.jpg\" rel=\"lightbox[262]\"><img loading=\"lazy\" decoding=\"async\" class=\"wp-image-304 size-large\" src=\"https:\/\/bf-on-tour.de\/m-17\/wp-content\/uploads\/sites\/8\/2017\/09\/S03-12-e1504358012370-1024x556.jpg\" alt=\"\" width=\"840\" height=\"456\" srcset=\"https:\/\/bf-on-tour.de\/m-17\/wp-content\/uploads\/sites\/8\/2017\/09\/S03-12-e1504358012370-1024x556.jpg 1024w, https:\/\/bf-on-tour.de\/m-17\/wp-content\/uploads\/sites\/8\/2017\/09\/S03-12-e1504358012370-300x163.jpg 300w, https:\/\/bf-on-tour.de\/m-17\/wp-content\/uploads\/sites\/8\/2017\/09\/S03-12-e1504358012370-768x417.jpg 768w, https:\/\/bf-on-tour.de\/m-17\/wp-content\/uploads\/sites\/8\/2017\/09\/S03-12-e1504358012370.jpg 1200w\" sizes=\"auto, (max-width: 709px) 85vw, (max-width: 909px) 67vw, (max-width: 1362px) 62vw, 840px\" \/><\/a><figcaption id=\"caption-attachment-304\" class=\"wp-caption-text\">An der F\u00e4hre \u00fcber den Rhein<\/figcaption><\/figure>\n<p>Nun, wir finden schlie\u00dflich auch einen legalen Zugang und nutzen ihn, um mit der n\u00e4chsten Fahrt \u00fcberzusetzen. Aber einen Festmacher oder Einweiser, wie wir es z.B. vom Nord-Ostsee-Kanal kennen, gibt es hier nicht. Die letzten Fahrzeuge fahren auf, als die F\u00e4hre bereits ablegt und noch bevor sie wieder fest liegt, d\u00fcsen die ersten wieder los. Frankreich eben!<\/p>\n<figure id=\"attachment_305\" aria-describedby=\"caption-attachment-305\" style=\"width: 840px\" class=\"wp-caption aligncenter\"><a href=\"https:\/\/bf-on-tour.de\/m-17\/wp-content\/uploads\/sites\/8\/2017\/09\/S03-13.jpg\" rel=\"lightbox[262]\"><img loading=\"lazy\" decoding=\"async\" class=\"size-large wp-image-305\" src=\"https:\/\/bf-on-tour.de\/m-17\/wp-content\/uploads\/sites\/8\/2017\/09\/S03-13-1024x768.jpg\" alt=\"\" width=\"840\" height=\"630\" srcset=\"https:\/\/bf-on-tour.de\/m-17\/wp-content\/uploads\/sites\/8\/2017\/09\/S03-13-1024x768.jpg 1024w, https:\/\/bf-on-tour.de\/m-17\/wp-content\/uploads\/sites\/8\/2017\/09\/S03-13-300x225.jpg 300w, https:\/\/bf-on-tour.de\/m-17\/wp-content\/uploads\/sites\/8\/2017\/09\/S03-13-768x576.jpg 768w, https:\/\/bf-on-tour.de\/m-17\/wp-content\/uploads\/sites\/8\/2017\/09\/S03-13.jpg 1200w\" sizes=\"auto, (max-width: 709px) 85vw, (max-width: 909px) 67vw, (max-width: 1362px) 62vw, 840px\" \/><\/a><figcaption id=\"caption-attachment-305\" class=\"wp-caption-text\">Kaffeepause am Schwabentor<\/figcaption><\/figure>\n<p>Der Rest ist schnell erz\u00e4hlt: Das Bummeln wird uns langweilig und wir fahren \u00fcber die B3 nach Freiburg; machen dort am Schwabentor eine Kaffeepause und begeben uns derart gest\u00e4rkt wieder auf den Weg in unser Feriendomiizil.<\/p>\n<p><a href=\"https:\/\/bf-on-tour.de\/m-17\/seite-02\"><img loading=\"lazy\" decoding=\"async\" class=\"alignleft wp-image-343\" src=\"https:\/\/bf-on-tour.de\/m-17\/wp-content\/uploads\/sites\/8\/2017\/09\/zurueck.png\" alt=\"\" width=\"50\" height=\"37\" \/><\/a><a href=\"https:\/\/bf-on-tour.de\/m-17\/seite-04\"><img loading=\"lazy\" decoding=\"async\" class=\"alignright wp-image-344\" src=\"https:\/\/bf-on-tour.de\/m-17\/wp-content\/uploads\/sites\/8\/2017\/09\/weiter.png\" alt=\"\" width=\"50\" height=\"37\" \/><\/a><\/p>\n","protected":false},"excerpt":{"rendered":"<p>Wer erk\u00e4ltet ist, geht zum Arzt. Hab ich vor unserem Urlaub gemacht. Was dabei heraus kam, war eine Schachtel Antibiotika verbunden mit der Empfehlung, die Heilige Ottilie zu konsultieren (Wenn Sie schon in der N\u00e4he sind &#8211; eigentlich ist sie f\u00fcr Augenleiden zust\u00e4ndig, aber man wei\u00df ja nie&#8230;). Heilige Ottilie? Nie geh\u00f6rt! Nun mag es &hellip; <a href=\"https:\/\/bf-on-tour.de\/m-17\/seite-03\/\" class=\"more-link\"><span class=\"screen-reader-text\">\u201eMont Ste. Odile\u201c <\/span>weiterlesen<\/a><\/p>\n","protected":false},"author":1,"featured_media":0,"parent":0,"menu_order":3,"comment_status":"open","ping_status":"closed","template":"","meta":{"footnotes":""},"class_list":["post-262","page","type-page","status-publish","hentry"],"_links":{"self":[{"href":"https:\/\/bf-on-tour.de\/m-17\/wp-json\/wp\/v2\/pages\/262","targetHints":{"allow":["GET"]}}],"collection":[{"href":"https:\/\/bf-on-tour.de\/m-17\/wp-json\/wp\/v2\/pages"}],"about":[{"href":"https:\/\/bf-on-tour.de\/m-17\/wp-json\/wp\/v2\/types\/page"}],"author":[{"embeddable":true,"href":"https:\/\/bf-on-tour.de\/m-17\/wp-json\/wp\/v2\/users\/1"}],"replies":[{"embeddable":true,"href":"https:\/\/bf-on-tour.de\/m-17\/wp-json\/wp\/v2\/comments?post=262"}],"version-history":[{"count":15,"href":"https:\/\/bf-on-tour.de\/m-17\/wp-json\/wp\/v2\/pages\/262\/revisions"}],"predecessor-version":[{"id":425,"href":"https:\/\/bf-on-tour.de\/m-17\/wp-json\/wp\/v2\/pages\/262\/revisions\/425"}],"wp:attachment":[{"href":"https:\/\/bf-on-tour.de\/m-17\/wp-json\/wp\/v2\/media?parent=262"}],"curies":[{"name":"wp","href":"https:\/\/api.w.org\/{rel}","templated":true}]}}