{"id":256,"date":"2017-09-03T14:27:44","date_gmt":"2017-09-03T12:27:44","guid":{"rendered":"http:\/\/blog.family-riders.de\/blackforest\/?page_id=256"},"modified":"2021-07-12T14:19:05","modified_gmt":"2021-07-12T12:19:05","slug":"seite-02","status":"publish","type":"page","link":"https:\/\/bf-on-tour.de\/m-17\/seite-02\/","title":{"rendered":"Rund um den Belchen"},"content":{"rendered":"<p>Wenn man von Bergen im Schwarzwald spricht, kommt immer zuerst der Feldberg. Von der H\u00f6he her mit 1.493 Metern wohl zu recht, von der touristischen Erschlie\u00dfung sicher auch. Aber von der Optik und vom Wohlbefinden bestimmt nicht. Kahl, meist kalt und windig ist es da oben. Ansprechender dagegen ist der Belchen, der mit 1.414 Metern vierth\u00f6chste Berg des Schwarzwaldes. Mit dem Motorrad dort hinauf und drum herum zu fahren ist der reinste Kurvenhimmel! OK, ganz nach oben muss man mit der Gondelbahn (oder zu Fu\u00df, was sich im Motorrad-Dress ausschlie\u00dft), aber auf einer Rundtour f\u00e4hrt man kleine und kleinste Stra\u00dfen mit meist gutem Belag und einer schier unendlichen Anzahl unterschiedlichster Kurven. Herz was willst Du mehr&#8230;?<\/p>\n<p>Wir starten zu unserer 140 km-Tour rund um den Belchen bei durchaus gemischtem Wetter. Die Wolken h\u00e4ngen tief in den Baumwipfeln und einzelne Regentropfen lassen sich auf dem Visier nieder. Aber das \u00e4ndert sich, als wir Todtmoos verlassen haben und hinter Pr\u00e4g bei Geschwend links auf die B31 abbiegen. Wie das Wetter von einem zum anderen Tal doch unterschiedlich sein kann.<\/p>\n<figure id=\"attachment_288\" aria-describedby=\"caption-attachment-288\" style=\"width: 840px\" class=\"wp-caption aligncenter\"><a href=\"https:\/\/bf-on-tour.de\/m-17\/wp-content\/uploads\/sites\/8\/2017\/09\/S02-01.jpg\" rel=\"lightbox[256]\"><img loading=\"lazy\" decoding=\"async\" class=\"size-large wp-image-288\" src=\"https:\/\/bf-on-tour.de\/m-17\/wp-content\/uploads\/sites\/8\/2017\/09\/S02-01-1024x768.jpg\" alt=\"\" width=\"840\" height=\"630\" srcset=\"https:\/\/bf-on-tour.de\/m-17\/wp-content\/uploads\/sites\/8\/2017\/09\/S02-01-1024x768.jpg 1024w, https:\/\/bf-on-tour.de\/m-17\/wp-content\/uploads\/sites\/8\/2017\/09\/S02-01-300x225.jpg 300w, https:\/\/bf-on-tour.de\/m-17\/wp-content\/uploads\/sites\/8\/2017\/09\/S02-01-768x576.jpg 768w, https:\/\/bf-on-tour.de\/m-17\/wp-content\/uploads\/sites\/8\/2017\/09\/S02-01.jpg 1200w\" sizes=\"auto, (max-width: 709px) 85vw, (max-width: 909px) 67vw, (max-width: 1362px) 62vw, 840px\" \/><\/a><figcaption id=\"caption-attachment-288\" class=\"wp-caption-text\">Wir parken an der Belchenbahn-Talstation<\/figcaption><\/figure>\n<p>Nach etwa einem Kilometer geht es dann hinter Utzenfeld auf die L142 rechts ab, hinauf zum Belchen.\u00a0Dort parken wir unsere Maschinen unterhalb der Belchenbahn, schlie\u00dfen Helme und Tankrucks\u00e4cke im Skischrank ein und fahren hinauf, um im Belchenhaus eine Kleinigkeit zu essen und die Aussicht zu genie\u00dfen.<\/p>\n<figure id=\"attachment_289\" aria-describedby=\"caption-attachment-289\" style=\"width: 840px\" class=\"wp-caption aligncenter\"><a href=\"https:\/\/bf-on-tour.de\/m-17\/wp-content\/uploads\/sites\/8\/2017\/09\/S02-02.jpg\" rel=\"lightbox[256]\"><img loading=\"lazy\" decoding=\"async\" class=\"size-large wp-image-289\" src=\"https:\/\/bf-on-tour.de\/m-17\/wp-content\/uploads\/sites\/8\/2017\/09\/S02-02-1024x768.jpg\" alt=\"\" width=\"840\" height=\"630\" srcset=\"https:\/\/bf-on-tour.de\/m-17\/wp-content\/uploads\/sites\/8\/2017\/09\/S02-02-1024x768.jpg 1024w, https:\/\/bf-on-tour.de\/m-17\/wp-content\/uploads\/sites\/8\/2017\/09\/S02-02-300x225.jpg 300w, https:\/\/bf-on-tour.de\/m-17\/wp-content\/uploads\/sites\/8\/2017\/09\/S02-02-768x576.jpg 768w, https:\/\/bf-on-tour.de\/m-17\/wp-content\/uploads\/sites\/8\/2017\/09\/S02-02.jpg 1200w\" sizes=\"auto, (max-width: 709px) 85vw, (max-width: 909px) 67vw, (max-width: 1362px) 62vw, 840px\" \/><\/a><figcaption id=\"caption-attachment-289\" class=\"wp-caption-text\">Aussicht vom Belchen<\/figcaption><\/figure>\n<p>Wir sind ja bekanntlich keine Fr\u00fchaufsteher und jetzt ist es nach den paar Kilometern doch schon Mittagszeit.\u00a0Eine Dreiviertelstunde sp\u00e4ter vertreiben uns Lieferwagen, die Eis und Lebensmittel bringen und sich mit ihren l\u00e4rmenden Klimaanlagen genau vor der Terrasse des Restaurants aufgebaut haben. Schluss mit Ruhe und sch\u00f6ner Aussicht. Also bummeln wir mit der Gondel wieder zur Talstation und machen uns auf den Weg.<\/p>\n<figure id=\"attachment_290\" aria-describedby=\"caption-attachment-290\" style=\"width: 840px\" class=\"wp-caption aligncenter\"><a href=\"https:\/\/bf-on-tour.de\/m-17\/wp-content\/uploads\/sites\/8\/2017\/09\/S02-03.jpg\" rel=\"lightbox[256]\"><img loading=\"lazy\" decoding=\"async\" class=\"size-large wp-image-290\" src=\"https:\/\/bf-on-tour.de\/m-17\/wp-content\/uploads\/sites\/8\/2017\/09\/S02-03-1024x768.jpg\" alt=\"\" width=\"840\" height=\"630\" srcset=\"https:\/\/bf-on-tour.de\/m-17\/wp-content\/uploads\/sites\/8\/2017\/09\/S02-03-1024x768.jpg 1024w, https:\/\/bf-on-tour.de\/m-17\/wp-content\/uploads\/sites\/8\/2017\/09\/S02-03-300x225.jpg 300w, https:\/\/bf-on-tour.de\/m-17\/wp-content\/uploads\/sites\/8\/2017\/09\/S02-03-768x576.jpg 768w, https:\/\/bf-on-tour.de\/m-17\/wp-content\/uploads\/sites\/8\/2017\/09\/S02-03.jpg 1200w\" sizes=\"auto, (max-width: 709px) 85vw, (max-width: 909px) 67vw, (max-width: 1362px) 62vw, 840px\" \/><\/a><figcaption id=\"caption-attachment-290\" class=\"wp-caption-text\">Das Belchenhaus<\/figcaption><\/figure>\n<p>Unz\u00e4hlige Kurven haben wir jetzt vor uns bis ins M\u00fcnstertal. Die Sonne lacht vom Himmel und die Stra\u00dfe, gut ausgebaut und kaum befahren, bietet flottes Fahren.\u00a0Dann taucht das ehemalige Benediktinerkloster St. Trudpert auf der linken Seite auf. Vor drei Jahren hatten wir versucht, die Kirche zu besichtigen, waren aber gescheitert, weil sich das Ensemble in Privatbesitz befindet. Diesmal versuchen wir es erst gar nicht und fahren weiter.<\/p>\n<figure id=\"attachment_291\" aria-describedby=\"caption-attachment-291\" style=\"width: 840px\" class=\"wp-caption aligncenter\"><a href=\"https:\/\/bf-on-tour.de\/m-17\/wp-content\/uploads\/sites\/8\/2017\/09\/S02-04.jpg\" rel=\"lightbox[256]\"><img loading=\"lazy\" decoding=\"async\" class=\"size-large wp-image-291\" src=\"https:\/\/bf-on-tour.de\/m-17\/wp-content\/uploads\/sites\/8\/2017\/09\/S02-04-1024x768.jpg\" alt=\"\" width=\"840\" height=\"630\" srcset=\"https:\/\/bf-on-tour.de\/m-17\/wp-content\/uploads\/sites\/8\/2017\/09\/S02-04-1024x768.jpg 1024w, https:\/\/bf-on-tour.de\/m-17\/wp-content\/uploads\/sites\/8\/2017\/09\/S02-04-300x225.jpg 300w, https:\/\/bf-on-tour.de\/m-17\/wp-content\/uploads\/sites\/8\/2017\/09\/S02-04-768x576.jpg 768w, https:\/\/bf-on-tour.de\/m-17\/wp-content\/uploads\/sites\/8\/2017\/09\/S02-04.jpg 1200w\" sizes=\"auto, (max-width: 709px) 85vw, (max-width: 909px) 67vw, (max-width: 1362px) 62vw, 840px\" \/><\/a><figcaption id=\"caption-attachment-291\" class=\"wp-caption-text\">St. Trudpert<\/figcaption><\/figure>\n<p>In Unterm\u00fcnstertal biegen wir links ab auf die L130 in Richtung Kleines Wiesental. Die Strecke ist ein Leckerbissen aus engem Tal, dichten W\u00e4ldern, ab und an einer sonnigen Weide und nat\u00fcrlich wieder einer Unzahl an Kurven. Geradeaus geht es hier scheinbar \u00fcberhaupt nicht. Leider treffen wir nach etwa halber Strecke auf Bauarbeiter, die die Stra\u00dfe <i>ausbessern<\/i>\u00a0und offensichtlich schon seit einiger Zeit am Werke sind. Aus einer eigentlich guten Stra\u00dfe ist jetzt ein unglaublicher Flickenteppich geworden, der sich kilometerlang bergauf zieht. Das w\u00e4re mit unseren alten Maschinen eine Qual gewesen. So ist es zwar nervend holprig, aber nicht kr\u00e4ftezehrend. Tiger und Babytiger stecken das weg!<\/p>\n<figure id=\"attachment_292\" aria-describedby=\"caption-attachment-292\" style=\"width: 840px\" class=\"wp-caption aligncenter\"><a href=\"https:\/\/bf-on-tour.de\/m-17\/wp-content\/uploads\/sites\/8\/2017\/09\/S02-05.jpg\" rel=\"lightbox[256]\"><img loading=\"lazy\" decoding=\"async\" class=\"size-large wp-image-292\" src=\"https:\/\/bf-on-tour.de\/m-17\/wp-content\/uploads\/sites\/8\/2017\/09\/S02-05-1024x462.jpg\" alt=\"\" width=\"840\" height=\"379\" srcset=\"https:\/\/bf-on-tour.de\/m-17\/wp-content\/uploads\/sites\/8\/2017\/09\/S02-05-1024x462.jpg 1024w, https:\/\/bf-on-tour.de\/m-17\/wp-content\/uploads\/sites\/8\/2017\/09\/S02-05-300x135.jpg 300w, https:\/\/bf-on-tour.de\/m-17\/wp-content\/uploads\/sites\/8\/2017\/09\/S02-05-768x346.jpg 768w, https:\/\/bf-on-tour.de\/m-17\/wp-content\/uploads\/sites\/8\/2017\/09\/S02-05.jpg 1200w\" sizes=\"auto, (max-width: 709px) 85vw, (max-width: 909px) 67vw, (max-width: 1362px) 62vw, 840px\" \/><\/a><figcaption id=\"caption-attachment-292\" class=\"wp-caption-text\">Ausblick in Kleine Wiesental<\/figcaption><\/figure>\n<p>Oben, am Ende der Stra\u00dfe kehren wir im Haldenhof ein. Ein herrlicher Biergarten mit einer gro\u00dfartigen Aussicht erwartet uns. Leider kann es die Schwarzw\u00e4lder Kirschtorte nicht ann\u00e4hernd mit ihren beiden Vorg\u00e4ngern aus Todtmoos und Lenzkirch aufnehmen &#8211; schade!<\/p>\n<p>Derart <i>gest\u00e4rkt<\/i>, d\u00fcsen wir hinab nach Badenweiler. Hier tobt das Kurleben! Ein mond\u00e4nes Hotel reiht sich an das n\u00e4chste und die gepflegten Stra\u00dfen d\u00fcrfen mit maximal 30 km\/h befahren werden. Man k\u00f6nnte ja die Kurenden st\u00f6ren!<\/p>\n<p>Also lassen wir den Ort rasch hinter uns und folgen der L132 bis Sitzenkirch, biegen dort auf die K6313 ab und fahren jetzt quasi im Zick-Zack durch die Landschaft. Die Stra\u00dfen sind gerade mal ein Auto breit und ohne uns w\u00fcrde hier \u00fcberhaupt niemand fahren. K\u00e4sacker, Marzell, Tegernau, Langensee, Neuenweg und Ober-, sowie Niederb\u00f6llen sind die Minid\u00f6rfer, die wir bis Wembach durchfahren, um dann weiter \u00fcber die K6302 nach H\u00e4g zu kommen.<\/p>\n<figure id=\"attachment_293\" aria-describedby=\"caption-attachment-293\" style=\"width: 840px\" class=\"wp-caption aligncenter\"><a href=\"https:\/\/bf-on-tour.de\/m-17\/wp-content\/uploads\/sites\/8\/2017\/09\/S02-06.jpg\" rel=\"lightbox[256]\"><img loading=\"lazy\" decoding=\"async\" class=\"size-large wp-image-293\" src=\"https:\/\/bf-on-tour.de\/m-17\/wp-content\/uploads\/sites\/8\/2017\/09\/S02-06-1024x380.jpg\" alt=\"\" width=\"840\" height=\"312\" srcset=\"https:\/\/bf-on-tour.de\/m-17\/wp-content\/uploads\/sites\/8\/2017\/09\/S02-06-1024x380.jpg 1024w, https:\/\/bf-on-tour.de\/m-17\/wp-content\/uploads\/sites\/8\/2017\/09\/S02-06-300x111.jpg 300w, https:\/\/bf-on-tour.de\/m-17\/wp-content\/uploads\/sites\/8\/2017\/09\/S02-06-768x285.jpg 768w, https:\/\/bf-on-tour.de\/m-17\/wp-content\/uploads\/sites\/8\/2017\/09\/S02-06.jpg 1200w\" sizes=\"auto, (max-width: 709px) 85vw, (max-width: 909px) 67vw, (max-width: 1362px) 62vw, 840px\" \/><\/a><figcaption id=\"caption-attachment-293\" class=\"wp-caption-text\">Schwarzwaldpanorama<\/figcaption><\/figure>\n<p>Zwischen Wembach und H\u00e4g dann das Ereignis des Tages: Wir beobachten zuf\u00e4llig, wie ein Kalb geboren wird. Eigentlich wollen wir nur ein Foto von dem herrlichen Panorama (s.o.) machen, als uns eine von ihrer Herde abgesonderte Kuh auff\u00e4llt, die etwa 100 Meter von uns entfernt mit gespreizten Hinterbeinen da steht und uns anschaut &#8211; das Kalb schon zur H\u00e4lfte drau\u00dfen. Dann ein lautes \u201eMuuuhh\u201c und es plumpst ins Gras. Sofort beginnt die Mutter mit Ablecken und nach wenigen Sekunden hebt das Kleine den Kopf, wackelt mit den Ohren. Wir trollen uns, denn die Mutter schaut ab und an beunruhigt zu uns her\u00fcber.<\/p>\n<figure id=\"attachment_294\" aria-describedby=\"caption-attachment-294\" style=\"width: 840px\" class=\"wp-caption aligncenter\"><a href=\"https:\/\/bf-on-tour.de\/m-17\/wp-content\/uploads\/sites\/8\/2017\/09\/S02-07.jpg\" rel=\"lightbox[256]\"><img loading=\"lazy\" decoding=\"async\" class=\"size-large wp-image-294\" src=\"https:\/\/bf-on-tour.de\/m-17\/wp-content\/uploads\/sites\/8\/2017\/09\/S02-07-1024x768.jpg\" alt=\"\" width=\"840\" height=\"630\" srcset=\"https:\/\/bf-on-tour.de\/m-17\/wp-content\/uploads\/sites\/8\/2017\/09\/S02-07-1024x768.jpg 1024w, https:\/\/bf-on-tour.de\/m-17\/wp-content\/uploads\/sites\/8\/2017\/09\/S02-07-300x225.jpg 300w, https:\/\/bf-on-tour.de\/m-17\/wp-content\/uploads\/sites\/8\/2017\/09\/S02-07-768x576.jpg 768w, https:\/\/bf-on-tour.de\/m-17\/wp-content\/uploads\/sites\/8\/2017\/09\/S02-07.jpg 1200w\" sizes=\"auto, (max-width: 709px) 85vw, (max-width: 909px) 67vw, (max-width: 1362px) 62vw, 840px\" \/><\/a><figcaption id=\"caption-attachment-294\" class=\"wp-caption-text\">Die Kuh und ihr gerade geborenes Kalb<\/figcaption><\/figure>\n<p>Zum Abschluss gibt es dann noch hinter H\u00e4g auf dem Weg nach Todtmoos eine Reihe von Kurven zum schwindelig werden. Nach 145 km rollen wir m\u00fcde und zufrieden in die Garage unseres Feriendomizils.<\/p>\n<p><iframe loading=\"lazy\" title=\"On Tour: Rund um den Belchen\" width=\"840\" height=\"473\" src=\"https:\/\/www.youtube.com\/embed\/lAAdbOurt6Q?feature=oembed\" frameborder=\"0\" allow=\"accelerometer; autoplay; clipboard-write; encrypted-media; gyroscope; picture-in-picture\" allowfullscreen><\/iframe><\/p>\n<p><a href=\"https:\/\/bf-on-tour.de\/m-17\/seite-01\"><img loading=\"lazy\" decoding=\"async\" class=\"alignleft wp-image-343\" src=\"https:\/\/bf-on-tour.de\/m-17\/wp-content\/uploads\/sites\/8\/2017\/09\/zurueck.png\" alt=\"\" width=\"50\" height=\"37\" \/><\/a><a href=\"https:\/\/bf-on-tour.de\/m-17\/seite-03\"><img loading=\"lazy\" decoding=\"async\" class=\"alignright wp-image-344\" src=\"https:\/\/bf-on-tour.de\/m-17\/wp-content\/uploads\/sites\/8\/2017\/09\/weiter.png\" alt=\"\" width=\"50\" height=\"37\" \/><\/a><\/p>\n","protected":false},"excerpt":{"rendered":"<p>Wenn man von Bergen im Schwarzwald spricht, kommt immer zuerst der Feldberg. Von der H\u00f6he her mit 1.493 Metern wohl zu recht, von der touristischen Erschlie\u00dfung sicher auch. Aber von der Optik und vom Wohlbefinden bestimmt nicht. Kahl, meist kalt und windig ist es da oben. Ansprechender dagegen ist der Belchen, der mit 1.414 Metern &hellip; <a href=\"https:\/\/bf-on-tour.de\/m-17\/seite-02\/\" class=\"more-link\"><span class=\"screen-reader-text\">\u201eRund um den Belchen\u201c <\/span>weiterlesen<\/a><\/p>\n","protected":false},"author":1,"featured_media":0,"parent":0,"menu_order":2,"comment_status":"open","ping_status":"closed","template":"","meta":{"footnotes":""},"class_list":["post-256","page","type-page","status-publish","hentry"],"_links":{"self":[{"href":"https:\/\/bf-on-tour.de\/m-17\/wp-json\/wp\/v2\/pages\/256","targetHints":{"allow":["GET"]}}],"collection":[{"href":"https:\/\/bf-on-tour.de\/m-17\/wp-json\/wp\/v2\/pages"}],"about":[{"href":"https:\/\/bf-on-tour.de\/m-17\/wp-json\/wp\/v2\/types\/page"}],"author":[{"embeddable":true,"href":"https:\/\/bf-on-tour.de\/m-17\/wp-json\/wp\/v2\/users\/1"}],"replies":[{"embeddable":true,"href":"https:\/\/bf-on-tour.de\/m-17\/wp-json\/wp\/v2\/comments?post=256"}],"version-history":[{"count":14,"href":"https:\/\/bf-on-tour.de\/m-17\/wp-json\/wp\/v2\/pages\/256\/revisions"}],"predecessor-version":[{"id":441,"href":"https:\/\/bf-on-tour.de\/m-17\/wp-json\/wp\/v2\/pages\/256\/revisions\/441"}],"wp:attachment":[{"href":"https:\/\/bf-on-tour.de\/m-17\/wp-json\/wp\/v2\/media?parent=256"}],"curies":[{"name":"wp","href":"https:\/\/api.w.org\/{rel}","templated":true}]}}