{"id":9,"date":"2017-06-04T14:35:56","date_gmt":"2017-06-04T12:35:56","guid":{"rendered":"http:\/\/blog.family-riders.de\/france-deux\/?page_id=9"},"modified":"2021-02-26T17:40:37","modified_gmt":"2021-02-26T16:40:37","slug":"prolog","status":"publish","type":"page","link":"https:\/\/bf-on-tour.de\/m-15\/","title":{"rendered":"Prolog"},"content":{"rendered":"<p>11 Jahre bin ich allein Motorrad gefahren \u2013 zwar oft mit Freunden, aber nie mit meiner besseren H\u00e4lfte. Der Grund: Sie hatte keinen F\u00fchrerschein Klasse A und offensichtlich auch kein Interesse, einen zu machen. Aber dann das:<\/p>\n<p>Ein Freitag im Fr\u00fchling 2013, fr\u00fcher Nachmittag. Ich stehe am Fenster, schaue in den Garten. Sie steht neben mir. Ich: \u201eUnd? Was machen wir heute Nachmittag?\u201c Sie: \u201eWir kaufen Motorradklamotten.\u201c \u201eHmm? Ich hab\u2019 doch welche.\u201c \u201eAber ich nicht!\u201c<\/p>\n<p>So begann die Zeit gemeinsamer Fahrten. Allerdings trauen wir uns erst 2015, nachdem wir 2014 im Schwarzwald etwas Kurvenfahren ge\u00fcbt hatten, zusammen in die Alpen \u2013 und zwar in die franz\u00f6sischen, von denen ich auf meiner&nbsp;<a href=\"https:\/\/bf-on-tour.de\/m-13\/\">Frankreichtour 2013<\/a>&nbsp;einen ersten Eindruck bekommen hatte.<\/p>\n<p>Au\u00dferdem soll es ein entspannter, dreiteiliger Urlaub werden: Eine Woche zum Angew\u00f6hnen durch s\u00fcdwest-deutsche Mittelgebirge, das franz\u00f6sische Jura und die Ard\u00e8che, eine Woche G\u00eete-Urlaub mit Freunden in Suze-la-Rousse und eine Woche R\u00fcckfahrt zu dritt, mit unserem Gro\u00dfen, durch eben diese besagten Alpen.<\/p>\n<p style=\"text-align: right;\"><a href=\"https:\/\/bf-on-tour.de\/m-15\/p-01\"><img loading=\"lazy\" decoding=\"async\" class=\"alignright wp-image-115\" src=\"https:\/\/bf-on-tour.de\/france-deux\/wp-content\/uploads\/sites\/7\/2017\/06\/weiter-2.png\" alt=\"\" width=\"50\" height=\"37\"><\/a><\/p>\n","protected":false},"excerpt":{"rendered":"<p>11 Jahre bin ich allein Motorrad gefahren \u2013 zwar oft mit Freunden, aber nie mit meiner besseren H\u00e4lfte. Der Grund: Sie hatte keinen F\u00fchrerschein Klasse A und offensichtlich auch kein Interesse, einen zu machen. Aber dann das: Ein Freitag im Fr\u00fchling 2013, fr\u00fcher Nachmittag. Ich stehe am Fenster, schaue in den Garten. Sie steht neben &hellip; <a href=\"https:\/\/bf-on-tour.de\/m-15\/\" class=\"more-link\"><span class=\"screen-reader-text\">\u201eProlog\u201c <\/span>weiterlesen<\/a><\/p>\n","protected":false},"author":1,"featured_media":0,"parent":0,"menu_order":0,"comment_status":"open","ping_status":"closed","template":"","meta":{"footnotes":""},"class_list":["post-9","page","type-page","status-publish","hentry"],"_links":{"self":[{"href":"https:\/\/bf-on-tour.de\/m-15\/wp-json\/wp\/v2\/pages\/9","targetHints":{"allow":["GET"]}}],"collection":[{"href":"https:\/\/bf-on-tour.de\/m-15\/wp-json\/wp\/v2\/pages"}],"about":[{"href":"https:\/\/bf-on-tour.de\/m-15\/wp-json\/wp\/v2\/types\/page"}],"author":[{"embeddable":true,"href":"https:\/\/bf-on-tour.de\/m-15\/wp-json\/wp\/v2\/users\/1"}],"replies":[{"embeddable":true,"href":"https:\/\/bf-on-tour.de\/m-15\/wp-json\/wp\/v2\/comments?post=9"}],"version-history":[{"count":15,"href":"https:\/\/bf-on-tour.de\/m-15\/wp-json\/wp\/v2\/pages\/9\/revisions"}],"predecessor-version":[{"id":206,"href":"https:\/\/bf-on-tour.de\/m-15\/wp-json\/wp\/v2\/pages\/9\/revisions\/206"}],"wp:attachment":[{"href":"https:\/\/bf-on-tour.de\/m-15\/wp-json\/wp\/v2\/media?parent=9"}],"curies":[{"name":"wp","href":"https:\/\/api.w.org\/{rel}","templated":true}]}}