{"id":83,"date":"2017-01-06T11:24:21","date_gmt":"2017-01-06T10:24:21","guid":{"rendered":"http:\/\/blog.family-riders.de\/france-un\/?page_id=83"},"modified":"2021-02-26T17:39:37","modified_gmt":"2021-02-26T16:39:37","slug":"p-11","status":"publish","type":"page","link":"https:\/\/bf-on-tour.de\/m-13\/p-11\/","title":{"rendered":"Urlaubsende: Schweiz ohne Berge"},"content":{"rendered":"<p style=\"text-align: justify;\">Recht fr\u00fch machen wir uns auf den Weg. Hatten wir die letzten Tage eher kurze Etappen, haben wir heute fast 280 Kilometer vor uns. Und das in einem Land, in dem Geschwindigkeitsvergehen teuer zu stehen kommen.<\/p>\n<figure id=\"attachment_241\" aria-describedby=\"caption-attachment-241\" style=\"width: 840px\" class=\"wp-caption aligncenter\"><a href=\"https:\/\/bf-on-tour.de\/m-13\/wp-content\/uploads\/sites\/4\/2017\/01\/P011-01.jpg\" rel=\"lightbox[83]\"><img loading=\"lazy\" decoding=\"async\" class=\"wp-image-241 size-large\" src=\"https:\/\/bf-on-tour.de\/m-13\/wp-content\/uploads\/sites\/4\/2017\/01\/P011-01-1024x749.jpg\" alt=\"\" width=\"840\" height=\"614\" srcset=\"https:\/\/bf-on-tour.de\/m-13\/wp-content\/uploads\/sites\/4\/2017\/01\/P011-01-1024x749.jpg 1024w, https:\/\/bf-on-tour.de\/m-13\/wp-content\/uploads\/sites\/4\/2017\/01\/P011-01-300x219.jpg 300w, https:\/\/bf-on-tour.de\/m-13\/wp-content\/uploads\/sites\/4\/2017\/01\/P011-01-768x562.jpg 768w, https:\/\/bf-on-tour.de\/m-13\/wp-content\/uploads\/sites\/4\/2017\/01\/P011-01-1200x878.jpg 1200w, https:\/\/bf-on-tour.de\/m-13\/wp-content\/uploads\/sites\/4\/2017\/01\/P011-01.jpg 1600w\" sizes=\"auto, (max-width: 709px) 85vw, (max-width: 909px) 67vw, (max-width: 1362px) 62vw, 840px\" \/><\/a><figcaption id=\"caption-attachment-241\" class=\"wp-caption-text\">Schweiz ohne Berge &#8211; endlos&#8230;<\/figcaption><\/figure>\n<p style=\"text-align: justify;\"><em>Genf<\/em> schl\u00e4ft noch und vom See ist nicht viel zu sehen. Zwar f\u00fchrt unsere Route direkt daran entlang, aber die Aussicht ist versperrt von Anwesen, deren H\u00e4user in der ersten Reihe am Ufer stehen und die meist mit massiven Steinmauern gegen die Stra\u00dfe abgeschottet sind. So tr\u00f6deln wir mit erlaubten 60 km\/h auf langweilig gerader Stra\u00dfe gen Norden und freuen uns \u00fcber jeden Blitzer, den wir rechtzeitig erkannt und vorschriftsm\u00e4\u00dfig passiert haben \u2013 traurig, dass die Strecke sonst nichts zu bieten hat.<\/p>\n<figure id=\"attachment_242\" aria-describedby=\"caption-attachment-242\" style=\"width: 840px\" class=\"wp-caption aligncenter\"><a href=\"https:\/\/bf-on-tour.de\/m-13\/wp-content\/uploads\/sites\/4\/2017\/01\/P011-02.jpg\" rel=\"lightbox[83]\"><img loading=\"lazy\" decoding=\"async\" class=\"wp-image-242 size-large\" src=\"https:\/\/bf-on-tour.de\/m-13\/wp-content\/uploads\/sites\/4\/2017\/01\/P011-02-1024x768.jpg\" alt=\"\" width=\"840\" height=\"630\" srcset=\"https:\/\/bf-on-tour.de\/m-13\/wp-content\/uploads\/sites\/4\/2017\/01\/P011-02-1024x768.jpg 1024w, https:\/\/bf-on-tour.de\/m-13\/wp-content\/uploads\/sites\/4\/2017\/01\/P011-02-300x225.jpg 300w, https:\/\/bf-on-tour.de\/m-13\/wp-content\/uploads\/sites\/4\/2017\/01\/P011-02-768x576.jpg 768w, https:\/\/bf-on-tour.de\/m-13\/wp-content\/uploads\/sites\/4\/2017\/01\/P011-02-1200x900.jpg 1200w, https:\/\/bf-on-tour.de\/m-13\/wp-content\/uploads\/sites\/4\/2017\/01\/P011-02.jpg 1600w\" sizes=\"auto, (max-width: 709px) 85vw, (max-width: 909px) 67vw, (max-width: 1362px) 62vw, 840px\" \/><\/a><figcaption id=\"caption-attachment-242\" class=\"wp-caption-text\">Am See von Neuch\u00e2tel<\/figcaption><\/figure>\n<p style=\"text-align: justify;\"><em>Lausanne<\/em> umfahren wir auf einer Umgehungsstra\u00dfe und erwarten den See von <em>Neuch\u00e2tel<\/em>. Vielleicht ist der ja etwas weniger verbaut. Ja, tats\u00e4chlich: Hier k\u00f6nnen wir sogar zu einem kleinen Hafen abbiegen und im dortigen Restaurant eine Cola mit Aussicht auf die Bootsstege und den See trinken. Auch sind im Hintergrund Berge auszumachen, die nett anzusehen sind &#8211; aber auf unserer Strecke liegen sie \u00fcberhaupt nicht.<\/p>\n<p style=\"text-align: justify;\">Dann geht es weiter zum <em>Bieler See<\/em> und durch das \u2013 ebenfalls etwas langweilige \u2013 Tal der <em>Aare<\/em>. Ab und an fahren wir direkt am Fluss entlang, dann ist es recht sch\u00f6n, aber meist bleibt es bis <em>Solothurn<\/em> doch wenig reizvoll.<\/p>\n<figure id=\"attachment_243\" aria-describedby=\"caption-attachment-243\" style=\"width: 840px\" class=\"wp-caption aligncenter\"><a href=\"https:\/\/bf-on-tour.de\/m-13\/wp-content\/uploads\/sites\/4\/2017\/01\/P011-03.jpg\" rel=\"lightbox[83]\"><img loading=\"lazy\" decoding=\"async\" class=\"wp-image-243 size-large\" src=\"https:\/\/bf-on-tour.de\/m-13\/wp-content\/uploads\/sites\/4\/2017\/01\/P011-03-1024x688.jpg\" alt=\"\" width=\"840\" height=\"564\" srcset=\"https:\/\/bf-on-tour.de\/m-13\/wp-content\/uploads\/sites\/4\/2017\/01\/P011-03-1024x688.jpg 1024w, https:\/\/bf-on-tour.de\/m-13\/wp-content\/uploads\/sites\/4\/2017\/01\/P011-03-300x202.jpg 300w, https:\/\/bf-on-tour.de\/m-13\/wp-content\/uploads\/sites\/4\/2017\/01\/P011-03-768x516.jpg 768w, https:\/\/bf-on-tour.de\/m-13\/wp-content\/uploads\/sites\/4\/2017\/01\/P011-03-1200x806.jpg 1200w, https:\/\/bf-on-tour.de\/m-13\/wp-content\/uploads\/sites\/4\/2017\/01\/P011-03.jpg 1600w\" sizes=\"auto, (max-width: 709px) 85vw, (max-width: 909px) 67vw, (max-width: 1362px) 62vw, 840px\" \/><\/a><figcaption id=\"caption-attachment-243\" class=\"wp-caption-text\">Abbiegen in die Berge<\/figcaption><\/figure>\n<p style=\"text-align: justify;\">In <em>Solothurn<\/em> kommt das Navi auf die Idee, uns links abbiegen zu lassen, in Richtung <em>Basel<\/em> und kurze Zeit sp\u00e4ter finden wir uns in den <em>Jurabergen<\/em> wieder. Auf kleinen und kleinsten Stra\u00dfen, wie der <em>Sch\u00f6ntalstra\u00dfe<\/em>. Umgeben von herrlicher\u00a0Natur, vielen Bikern und einer ganzen Anzahl von Oldtimern, die hier ihre Wochenendausfl\u00fcge machen, schleichen wir bergan und bergab.<\/p>\n<p style=\"text-align: justify;\">Damit hatten wir jetzt nicht gerechnet. Quasi am Ende der Tagestour noch einmal in die Berge zu fahren, strengt ganz sch\u00f6n an. Da ist es schon angenehm, am <em>Chilchzimmersattel<\/em> im Gasthaus auf der H\u00f6he, noch einen Espresso zu trinken. Aber der Juraausflug w\u00e4hrt nur kurz. Nach wenigen Kilometern liegen die Berge wieder hinter uns und wir befinden uns im <em>Rheintal<\/em> direkt auf dem Weg nach <em>Dogern<\/em>. Dort, quasi in Nachbarschaft eines kleinen Atomkraftwerks liegt unsere Pension, der <em>Landgasthof Tr\u00f6ndle<\/em>, in der wir uns ein reichliches schwarzw\u00e4lder Abendessen g\u00f6nnen.<\/p>\n<figure id=\"attachment_244\" aria-describedby=\"caption-attachment-244\" style=\"width: 840px\" class=\"wp-caption aligncenter\"><a href=\"https:\/\/bf-on-tour.de\/m-13\/wp-content\/uploads\/sites\/4\/2017\/01\/P011-04.jpg\" rel=\"lightbox[83]\"><img loading=\"lazy\" decoding=\"async\" class=\"wp-image-244 size-large\" src=\"https:\/\/bf-on-tour.de\/m-13\/wp-content\/uploads\/sites\/4\/2017\/01\/P011-04-1024x453.jpg\" width=\"840\" height=\"372\" srcset=\"https:\/\/bf-on-tour.de\/m-13\/wp-content\/uploads\/sites\/4\/2017\/01\/P011-04-1024x453.jpg 1024w, https:\/\/bf-on-tour.de\/m-13\/wp-content\/uploads\/sites\/4\/2017\/01\/P011-04-300x133.jpg 300w, https:\/\/bf-on-tour.de\/m-13\/wp-content\/uploads\/sites\/4\/2017\/01\/P011-04-768x340.jpg 768w, https:\/\/bf-on-tour.de\/m-13\/wp-content\/uploads\/sites\/4\/2017\/01\/P011-04-1200x531.jpg 1200w, https:\/\/bf-on-tour.de\/m-13\/wp-content\/uploads\/sites\/4\/2017\/01\/P011-04.jpg 1600w\" sizes=\"auto, (max-width: 709px) 85vw, (max-width: 909px) 67vw, (max-width: 1362px) 62vw, 840px\" \/><\/a><figcaption id=\"caption-attachment-244\" class=\"wp-caption-text\">Blick vom Chilchzimmersattel<\/figcaption><\/figure>\n<p style=\"text-align: justify;\">Unser letzter Morgen: Auch wenn der Urlaub heute zu Ende geht, bis zum <em>Bodensee<\/em> bleiben wir noch ein Team. Am <em>Rhein<\/em> sind wir schnell und Verkehr herrscht am Sonntag um kurz nach 9:00 Uhr auch keiner. Zudem scheint die Sonne \u2013 was wollen wir also mehr.<\/p>\n<figure id=\"attachment_245\" aria-describedby=\"caption-attachment-245\" style=\"width: 840px\" class=\"wp-caption aligncenter\"><a href=\"https:\/\/bf-on-tour.de\/m-13\/wp-content\/uploads\/sites\/4\/2017\/01\/P011-05.jpg\" rel=\"lightbox[83]\"><img loading=\"lazy\" decoding=\"async\" class=\"wp-image-245 size-large\" src=\"https:\/\/bf-on-tour.de\/m-13\/wp-content\/uploads\/sites\/4\/2017\/01\/P011-05-1024x564.jpg\" alt=\"\" width=\"840\" height=\"463\" srcset=\"https:\/\/bf-on-tour.de\/m-13\/wp-content\/uploads\/sites\/4\/2017\/01\/P011-05-1024x564.jpg 1024w, https:\/\/bf-on-tour.de\/m-13\/wp-content\/uploads\/sites\/4\/2017\/01\/P011-05-300x165.jpg 300w, https:\/\/bf-on-tour.de\/m-13\/wp-content\/uploads\/sites\/4\/2017\/01\/P011-05-768x423.jpg 768w, https:\/\/bf-on-tour.de\/m-13\/wp-content\/uploads\/sites\/4\/2017\/01\/P011-05-1200x661.jpg 1200w, https:\/\/bf-on-tour.de\/m-13\/wp-content\/uploads\/sites\/4\/2017\/01\/P011-05.jpg 1600w\" sizes=\"auto, (max-width: 709px) 85vw, (max-width: 909px) 67vw, (max-width: 1362px) 62vw, 840px\" \/><\/a><figcaption id=\"caption-attachment-245\" class=\"wp-caption-text\">Rheinfall<\/figcaption><\/figure>\n<p style=\"text-align: justify;\">Bei <em>Klettgau<\/em> geht es allerdings wieder in die Schweiz, denn wir wollen dem Rheinfall bei <em>Schaffhausen<\/em> noch einen kurzen Besuch abstatten. Es hei\u00dft also wieder, sehr vorschriftsm\u00e4\u00dfig das Tempo zu halten&#8230;<\/p>\n<p style=\"text-align: justify;\">Der Rheinfall in der Morgensonne. Das ist sch\u00f6n anzuschauen und den Abstecher wert. Bald darauf sind wir in <em>Stein am Rhein<\/em>. Hier flie\u00dft eben dieser aus dem <em>Bodensee<\/em> und uns entgegen, wodurch sich aus unserer Sicht die Landschaft quasi zum Vorl\u00e4ufer des schw\u00e4bischen Meeres \u00f6ffnet.<\/p>\n<figure id=\"attachment_248\" aria-describedby=\"caption-attachment-248\" style=\"width: 840px\" class=\"wp-caption aligncenter\"><a href=\"https:\/\/bf-on-tour.de\/m-13\/wp-content\/uploads\/sites\/4\/2017\/01\/P011-08.jpg\" rel=\"lightbox[83]\"><img loading=\"lazy\" decoding=\"async\" class=\"wp-image-248 size-large\" src=\"https:\/\/bf-on-tour.de\/m-13\/wp-content\/uploads\/sites\/4\/2017\/01\/P011-08-1024x596.jpg\" alt=\"\" width=\"840\" height=\"489\" srcset=\"https:\/\/bf-on-tour.de\/m-13\/wp-content\/uploads\/sites\/4\/2017\/01\/P011-08-1024x596.jpg 1024w, https:\/\/bf-on-tour.de\/m-13\/wp-content\/uploads\/sites\/4\/2017\/01\/P011-08-300x175.jpg 300w, https:\/\/bf-on-tour.de\/m-13\/wp-content\/uploads\/sites\/4\/2017\/01\/P011-08-768x447.jpg 768w, https:\/\/bf-on-tour.de\/m-13\/wp-content\/uploads\/sites\/4\/2017\/01\/P011-08-1200x698.jpg 1200w, https:\/\/bf-on-tour.de\/m-13\/wp-content\/uploads\/sites\/4\/2017\/01\/P011-08.jpg 1600w\" sizes=\"auto, (max-width: 709px) 85vw, (max-width: 909px) 67vw, (max-width: 1362px) 62vw, 840px\" \/><\/a><figcaption id=\"caption-attachment-248\" class=\"wp-caption-text\">F\u00e4hre in Konstanz<\/figcaption><\/figure>\n<p style=\"text-align: justify;\">Gegen Mittag haben wir <em>Konstanz<\/em> erreicht und fahren mit der F\u00e4hre hin\u00fcber nach <em>Meersburg<\/em>. In <em>Stetten<\/em> essen wir noch gemeinsam eine Pizza, dann trennen sich unsere Wege. So, wie die Reise mit zwei Anreisen begann, endet sie mit zwei Abreisen:\u00a0Dennis f\u00e4hrt zur\u00fcck ins <em>Kleinwalsertal<\/em> und ich brause rund 500 Kilometer \u00fcber Schnellstra\u00dfen und Autobahnen nach <em>Sachsen<\/em>.<\/p>\n<p><a href=\"https:\/\/bf-on-tour.de\/m-13\/p-10\/\"><img loading=\"lazy\" decoding=\"async\" class=\"alignleft wp-image-345\" src=\"https:\/\/bf-on-tour.de\/m-13\/wp-content\/uploads\/sites\/4\/2017\/06\/zur\u00fcck.png\" alt=\"\" width=\"50\" height=\"37\" \/><\/a> <a href=\"https:\/\/bf-on-tour.de\/m-13\/p-12\/\"><img loading=\"lazy\" decoding=\"async\" class=\"alignright wp-image-344\" src=\"https:\/\/bf-on-tour.de\/m-13\/wp-content\/uploads\/sites\/4\/2017\/06\/weiter.png\" alt=\"\" width=\"50\" height=\"37\" \/><\/a><\/p>\n","protected":false},"excerpt":{"rendered":"<p>Recht fr\u00fch machen wir uns auf den Weg. Hatten wir die letzten Tage eher kurze Etappen, haben wir heute fast 280 Kilometer vor uns. Und das in einem Land, in dem Geschwindigkeitsvergehen teuer zu stehen kommen. Genf schl\u00e4ft noch und vom See ist nicht viel zu sehen. Zwar f\u00fchrt unsere Route direkt daran entlang, aber &hellip; <a href=\"https:\/\/bf-on-tour.de\/m-13\/p-11\/\" class=\"more-link\"><span class=\"screen-reader-text\">\u201eUrlaubsende: Schweiz ohne Berge\u201c <\/span>weiterlesen<\/a><\/p>\n","protected":false},"author":1,"featured_media":0,"parent":0,"menu_order":11,"comment_status":"open","ping_status":"closed","template":"","meta":{"footnotes":""},"class_list":["post-83","page","type-page","status-publish","hentry"],"_links":{"self":[{"href":"https:\/\/bf-on-tour.de\/m-13\/wp-json\/wp\/v2\/pages\/83","targetHints":{"allow":["GET"]}}],"collection":[{"href":"https:\/\/bf-on-tour.de\/m-13\/wp-json\/wp\/v2\/pages"}],"about":[{"href":"https:\/\/bf-on-tour.de\/m-13\/wp-json\/wp\/v2\/types\/page"}],"author":[{"embeddable":true,"href":"https:\/\/bf-on-tour.de\/m-13\/wp-json\/wp\/v2\/users\/1"}],"replies":[{"embeddable":true,"href":"https:\/\/bf-on-tour.de\/m-13\/wp-json\/wp\/v2\/comments?post=83"}],"version-history":[{"count":13,"href":"https:\/\/bf-on-tour.de\/m-13\/wp-json\/wp\/v2\/pages\/83\/revisions"}],"predecessor-version":[{"id":458,"href":"https:\/\/bf-on-tour.de\/m-13\/wp-json\/wp\/v2\/pages\/83\/revisions\/458"}],"wp:attachment":[{"href":"https:\/\/bf-on-tour.de\/m-13\/wp-json\/wp\/v2\/media?parent=83"}],"curies":[{"name":"wp","href":"https:\/\/api.w.org\/{rel}","templated":true}]}}