{"id":65,"date":"2017-01-06T11:22:55","date_gmt":"2017-01-06T10:22:55","guid":{"rendered":"http:\/\/blog.family-riders.de\/france-un\/?page_id=65"},"modified":"2022-01-06T17:32:42","modified_gmt":"2022-01-06T16:32:42","slug":"p-04","status":"publish","type":"page","link":"https:\/\/bf-on-tour.de\/m-13\/p-04\/","title":{"rendered":"Route des Grandes Alpes &#8211; wir kommen!"},"content":{"rendered":"<p style=\"text-align: justify;\">Nach einem versp\u00e4teten Fr\u00fchst\u00fcck (hier sind verabredete Uhrzeiten offenbar nur Richtwerte) und der \u00fcberraschenden Abreise aller Senioren (sie hatten lediglich 14 Tage Urlaub gemacht), starten wir zur <em>Route des Grandes Alpes<\/em>, einer Strecke mit 16 Alpenp\u00e4ssen, die von <em>Thonon-les-Bains<\/em> am <em>Genfer See<\/em> nach <em>Menton<\/em> f\u00fchrt. Sechs dieser P\u00e4sse wollen wir befahren und den <em>Kleinen St. Bernhard<\/em> nehmen wir als Zubringer zur Hauptroute bei <em>Bourg-St.-Maurice<\/em>.<\/p>\n<figure id=\"attachment_157\" aria-describedby=\"caption-attachment-157\" style=\"width: 840px\" class=\"wp-caption aligncenter\"><a href=\"https:\/\/bf-on-tour.de\/m-13\/wp-content\/uploads\/sites\/4\/2017\/01\/P04-01.jpg\" rel=\"lightbox[65]\"><img loading=\"lazy\" decoding=\"async\" class=\"wp-image-157 size-large\" src=\"https:\/\/bf-on-tour.de\/m-13\/wp-content\/uploads\/sites\/4\/2017\/01\/P04-01-e1483630243160-1024x632.jpg\" alt=\"\" width=\"840\" height=\"518\" srcset=\"https:\/\/bf-on-tour.de\/m-13\/wp-content\/uploads\/sites\/4\/2017\/01\/P04-01-e1483630243160-1024x632.jpg 1024w, https:\/\/bf-on-tour.de\/m-13\/wp-content\/uploads\/sites\/4\/2017\/01\/P04-01-e1483630243160-300x185.jpg 300w, https:\/\/bf-on-tour.de\/m-13\/wp-content\/uploads\/sites\/4\/2017\/01\/P04-01-e1483630243160-768x474.jpg 768w, https:\/\/bf-on-tour.de\/m-13\/wp-content\/uploads\/sites\/4\/2017\/01\/P04-01-e1483630243160-1200x741.jpg 1200w, https:\/\/bf-on-tour.de\/m-13\/wp-content\/uploads\/sites\/4\/2017\/01\/P04-01-e1483630243160.jpg 1600w\" sizes=\"auto, (max-width: 709px) 85vw, (max-width: 909px) 67vw, (max-width: 1362px) 62vw, 840px\" \/><\/a><figcaption id=\"caption-attachment-157\" class=\"wp-caption-text\">Talschluss am Mont Blanc<\/figcaption><\/figure>\n<p style=\"text-align: justify;\">Um keine Zeit f\u00fcr die Berge zu verlieren, entscheiden wir uns im <em>Aostatal<\/em> wieder f\u00fcr die Autobahn. Eine gute Wahl. Auf der Landstra\u00dfe w\u00e4re der Vormittag f\u00fcr den Weg draufgegangen. So dauert es knapp eine Stunde bis der massige <em>Mont Blanc<\/em> vor uns auftaucht und das Ende des Tales signalisiert. In <em>Pr\u00e8-St-Didier<\/em> biegen wir links ab zum <em>Pte. St. Bernard<\/em>.<\/p>\n<p style=\"text-align: justify;\">Steil und in engen Spitzkehren geht es hinauf. Das macht Spa\u00df, zeigt mir aber, wo meine fahrerischen Grenzen sind: Im Ausgang der Innenkehren gerate ich fast immer auf die Gegenspur. F\u00fcr mich ist der Schwierigkeitsgrad \u201emittel bis schwer\u201c durchaus nachvollziehbar. Dann wird die Stra\u00dfe zur Baustelle. Eine H\u00e4lfte des Asphalts fehlt, es gibt keine Seitenbegrenzung mehr und der Blick kann ungehindert weit ins Tal gehen. Ich f\u00fchle mich unwohl. Meine H\u00f6henangst beginnt sich bemerkbar zu machen. Ablenkung schafft die Tatsache, dass Dennis tanken muss und wir uns ernsthaft fragen, ob es hier oben Tankstellen geben wird. Aber ja, es gibt eine! In <em>La Thuile<\/em>, kurz vor Erreichen der Passh\u00f6he.<\/p>\n<figure id=\"attachment_158\" aria-describedby=\"caption-attachment-158\" style=\"width: 840px\" class=\"wp-caption aligncenter\"><a href=\"https:\/\/bf-on-tour.de\/m-13\/wp-content\/uploads\/sites\/4\/2017\/01\/P04-02.jpg\" rel=\"lightbox[65]\"><img loading=\"lazy\" decoding=\"async\" class=\"wp-image-158 size-large\" src=\"https:\/\/bf-on-tour.de\/m-13\/wp-content\/uploads\/sites\/4\/2017\/01\/P04-02-1024x462.jpg\" alt=\"\" width=\"840\" height=\"379\" srcset=\"https:\/\/bf-on-tour.de\/m-13\/wp-content\/uploads\/sites\/4\/2017\/01\/P04-02-1024x462.jpg 1024w, https:\/\/bf-on-tour.de\/m-13\/wp-content\/uploads\/sites\/4\/2017\/01\/P04-02-300x135.jpg 300w, https:\/\/bf-on-tour.de\/m-13\/wp-content\/uploads\/sites\/4\/2017\/01\/P04-02-768x347.jpg 768w, https:\/\/bf-on-tour.de\/m-13\/wp-content\/uploads\/sites\/4\/2017\/01\/P04-02-1200x542.jpg 1200w, https:\/\/bf-on-tour.de\/m-13\/wp-content\/uploads\/sites\/4\/2017\/01\/P04-02.jpg 1600w\" sizes=\"auto, (max-width: 709px) 85vw, (max-width: 909px) 67vw, (max-width: 1362px) 62vw, 840px\" \/><\/a><figcaption id=\"caption-attachment-158\" class=\"wp-caption-text\">Abfahrt vom Pte. Saint Bernard<\/figcaption><\/figure>\n<p style=\"text-align: justify;\">Anschlie\u00dfend geht es in langen Serpentinen mit weiten Aussichten bergab bis wir ab <em>La Rosiere<\/em> auf einer kleinen Nebenstra\u00dfe noch einmal in ein Gewirr engerer Kurven und Kehren bis <em>St.-Foy-Tarentaise<\/em> gef\u00fchrt werden. Eine wirklich sch\u00f6ne und lohnende Abfahrt. Danach fahren wir auf pr\u00e4chtig ausgebauter Stra\u00dfe in rauschender Fahrt durch das Hochtal der <em>Is\u00e8re<\/em> nach <em>Val-d\u2019Is\u00e8re<\/em>.<\/p>\n<figure id=\"attachment_159\" aria-describedby=\"caption-attachment-159\" style=\"width: 840px\" class=\"wp-caption aligncenter\"><a href=\"https:\/\/bf-on-tour.de\/m-13\/wp-content\/uploads\/sites\/4\/2017\/01\/P04-03.jpg\" rel=\"lightbox[65]\"><img loading=\"lazy\" decoding=\"async\" class=\"wp-image-159 size-large\" src=\"https:\/\/bf-on-tour.de\/m-13\/wp-content\/uploads\/sites\/4\/2017\/01\/P04-03-1024x589.jpg\" alt=\"\" width=\"840\" height=\"483\" srcset=\"https:\/\/bf-on-tour.de\/m-13\/wp-content\/uploads\/sites\/4\/2017\/01\/P04-03-1024x589.jpg 1024w, https:\/\/bf-on-tour.de\/m-13\/wp-content\/uploads\/sites\/4\/2017\/01\/P04-03-300x173.jpg 300w, https:\/\/bf-on-tour.de\/m-13\/wp-content\/uploads\/sites\/4\/2017\/01\/P04-03-768x442.jpg 768w, https:\/\/bf-on-tour.de\/m-13\/wp-content\/uploads\/sites\/4\/2017\/01\/P04-03-1200x691.jpg 1200w, https:\/\/bf-on-tour.de\/m-13\/wp-content\/uploads\/sites\/4\/2017\/01\/P04-03.jpg 1600w\" sizes=\"auto, (max-width: 709px) 85vw, (max-width: 909px) 67vw, (max-width: 1362px) 62vw, 840px\" \/><\/a><figcaption id=\"caption-attachment-159\" class=\"wp-caption-text\">Blick auf Val d&#8217;Is\u00e8re<\/figcaption><\/figure>\n<p style=\"text-align: justify;\">Von dort steigen wir auf zum <em>Col de l\u2019Iseran<\/em>, dem mit 2.764 m h\u00f6chsten \u00fcberfahrbaren Gebirgspass der Alpen mit herrlichen Ausblicken. Den Kleinen St. Bernhard noch in den Knochen, kommt uns die als \u201emittelschwer\u201c klassifizierte Auffahrt ziemlich leicht vor.<\/p>\n<figure id=\"attachment_161\" aria-describedby=\"caption-attachment-161\" style=\"width: 840px\" class=\"wp-caption aligncenter\"><a href=\"https:\/\/bf-on-tour.de\/m-13\/wp-content\/uploads\/sites\/4\/2017\/01\/P04-05.jpg\" rel=\"lightbox[65]\"><img loading=\"lazy\" decoding=\"async\" class=\"wp-image-161 size-large\" src=\"https:\/\/bf-on-tour.de\/m-13\/wp-content\/uploads\/sites\/4\/2017\/01\/P04-05-1024x768.jpg\" alt=\"\" width=\"840\" height=\"630\" srcset=\"https:\/\/bf-on-tour.de\/m-13\/wp-content\/uploads\/sites\/4\/2017\/01\/P04-05-1024x768.jpg 1024w, https:\/\/bf-on-tour.de\/m-13\/wp-content\/uploads\/sites\/4\/2017\/01\/P04-05-300x225.jpg 300w, https:\/\/bf-on-tour.de\/m-13\/wp-content\/uploads\/sites\/4\/2017\/01\/P04-05-768x576.jpg 768w, https:\/\/bf-on-tour.de\/m-13\/wp-content\/uploads\/sites\/4\/2017\/01\/P04-05-1200x900.jpg 1200w, https:\/\/bf-on-tour.de\/m-13\/wp-content\/uploads\/sites\/4\/2017\/01\/P04-05.jpg 1600w\" sizes=\"auto, (max-width: 709px) 85vw, (max-width: 909px) 67vw, (max-width: 1362px) 62vw, 840px\" \/><\/a><figcaption id=\"caption-attachment-161\" class=\"wp-caption-text\">Col de l&#8217;Iseran<\/figcaption><\/figure>\n<figure id=\"attachment_160\" aria-describedby=\"caption-attachment-160\" style=\"width: 840px\" class=\"wp-caption aligncenter\"><a href=\"https:\/\/bf-on-tour.de\/m-13\/wp-content\/uploads\/sites\/4\/2017\/01\/P04-04.jpg\" rel=\"lightbox[65]\"><img loading=\"lazy\" decoding=\"async\" class=\"wp-image-160 size-large\" src=\"https:\/\/bf-on-tour.de\/m-13\/wp-content\/uploads\/sites\/4\/2017\/01\/P04-04-1024x768.jpg\" alt=\"\" width=\"840\" height=\"630\" srcset=\"https:\/\/bf-on-tour.de\/m-13\/wp-content\/uploads\/sites\/4\/2017\/01\/P04-04-1024x768.jpg 1024w, https:\/\/bf-on-tour.de\/m-13\/wp-content\/uploads\/sites\/4\/2017\/01\/P04-04-300x225.jpg 300w, https:\/\/bf-on-tour.de\/m-13\/wp-content\/uploads\/sites\/4\/2017\/01\/P04-04-768x576.jpg 768w, https:\/\/bf-on-tour.de\/m-13\/wp-content\/uploads\/sites\/4\/2017\/01\/P04-04-1200x900.jpg 1200w, https:\/\/bf-on-tour.de\/m-13\/wp-content\/uploads\/sites\/4\/2017\/01\/P04-04.jpg 1600w\" sizes=\"auto, (max-width: 709px) 85vw, (max-width: 909px) 67vw, (max-width: 1362px) 62vw, 840px\" \/><\/a><figcaption id=\"caption-attachment-160\" class=\"wp-caption-text\">Bergbaude auf dem Col<\/figcaption><\/figure>\n<p style=\"text-align: justify;\">Nach der Abfahrt vom <em>Col de l\u2019Iseran<\/em> in die Provence geht es eine ganze Weile durch das Tal der <em>Maurienne<\/em> bis wir in <em>St-Michel-de-Maurienne<\/em> links zum <em>Col du Telegraphe<\/em> abbiegen. Der ist lediglich 1.566 m hoch und damit eine angenehme Einstimmung auf H\u00f6heres: Den bei Radfahrern der Tour de France gef\u00fcrchteten <em>Col du Galibier<\/em>. Wir empfinden die Fahrt auf die 2.642 m H\u00f6he wieder als leicht und insbesondere angenehm wegen der wahrhaftig gro\u00dfartigen Ausblicke &#8211; aber wir m\u00fcssen ja auch nicht strampeln, um hoch zu kommen!<\/p>\n<figure id=\"attachment_164\" aria-describedby=\"caption-attachment-164\" style=\"width: 840px\" class=\"wp-caption aligncenter\"><a href=\"https:\/\/bf-on-tour.de\/m-13\/wp-content\/uploads\/sites\/4\/2017\/01\/P04-08.jpg\" rel=\"lightbox[65]\"><img loading=\"lazy\" decoding=\"async\" class=\"wp-image-164 size-large\" src=\"https:\/\/bf-on-tour.de\/m-13\/wp-content\/uploads\/sites\/4\/2017\/01\/P04-08-1024x494.jpg\" width=\"840\" height=\"405\" srcset=\"https:\/\/bf-on-tour.de\/m-13\/wp-content\/uploads\/sites\/4\/2017\/01\/P04-08-1024x494.jpg 1024w, https:\/\/bf-on-tour.de\/m-13\/wp-content\/uploads\/sites\/4\/2017\/01\/P04-08-300x145.jpg 300w, https:\/\/bf-on-tour.de\/m-13\/wp-content\/uploads\/sites\/4\/2017\/01\/P04-08-768x371.jpg 768w, https:\/\/bf-on-tour.de\/m-13\/wp-content\/uploads\/sites\/4\/2017\/01\/P04-08-1200x579.jpg 1200w, https:\/\/bf-on-tour.de\/m-13\/wp-content\/uploads\/sites\/4\/2017\/01\/P04-08.jpg 1600w\" sizes=\"auto, (max-width: 709px) 85vw, (max-width: 909px) 67vw, (max-width: 1362px) 62vw, 840px\" \/><\/a><figcaption id=\"caption-attachment-164\" class=\"wp-caption-text\">Abfahrt vom Col du Galibier<\/figcaption><\/figure>\n<p style=\"text-align: justify;\">Die Abfahrt vom <em>Col du Galibier<\/em> m\u00fcndet schlie\u00dflich in die Abfahrt vom <em>Col du Lautaret<\/em> in Richtung <em>Briancon<\/em>. Hier ist die Stra\u00dfe breit und vom Pass ist schon kaum noch etwas zu sp\u00fcren. Es geht deshalb z\u00fcgig hinab, zur Jugendherberge in <em>Serre Chevalier<\/em>.<\/p>\n<p style=\"text-align: justify;\">Die ist zwar ge\u00f6ffnet, aber v\u00f6llig verlassen. V\u00f6llig? Nein, die Herbergsmutter sitzt im B\u00fcro und telefoniert. Unser Kommen l\u00e4sst sie unber\u00fchrt. Schlie\u00dflich frage ich nach unserer Reservierung, worauf sie behauptet, die k\u00f6nne es nicht geben: Die Regierung fordere, dass Zimmer und Haus abschlie\u00dfbar seien, das aber w\u00e4re hier noch nie so gewesen. Deshalb darf sie nun keine G\u00e4ste mehr \u00fcbernachten lassen und damit gibt es auch keine Reservierungen. Fertig.<\/p>\n<p style=\"text-align: justify;\">Quelle surprise! Allerdings besorgt sie uns angesichts der vorgezeigten Festbuchung \u00fcber HI-Hostels ein Zimmer in der <em>G\u00eete des Guibertes<\/em> im Nachbarort <em>Le Monetier-les-Bains<\/em> &#8211; zu gleichen Konditionen. Nur das bestellte Abendessen m\u00fcssen wir jetzt selbst organisieren. Kurios, kurios&#8230;<\/p>\n<p><a href=\"https:\/\/bf-on-tour.de\/m-13\/p-03\/\"><img loading=\"lazy\" decoding=\"async\" class=\"alignleft wp-image-345\" src=\"https:\/\/bf-on-tour.de\/m-13\/wp-content\/uploads\/sites\/4\/2017\/06\/zur\u00fcck.png\" alt=\"\" width=\"50\" height=\"37\" \/><\/a> <a href=\"https:\/\/bf-on-tour.de\/m-13\/p-05\/\"><img loading=\"lazy\" decoding=\"async\" class=\"alignright wp-image-344\" src=\"https:\/\/bf-on-tour.de\/m-13\/wp-content\/uploads\/sites\/4\/2017\/06\/weiter.png\" alt=\"\" width=\"50\" height=\"37\" \/><\/a><\/p>\n","protected":false},"excerpt":{"rendered":"<p>Nach einem versp\u00e4teten Fr\u00fchst\u00fcck (hier sind verabredete Uhrzeiten offenbar nur Richtwerte) und der \u00fcberraschenden Abreise aller Senioren (sie hatten lediglich 14 Tage Urlaub gemacht), starten wir zur Route des Grandes Alpes, einer Strecke mit 16 Alpenp\u00e4ssen, die von Thonon-les-Bains am Genfer See nach Menton f\u00fchrt. Sechs dieser P\u00e4sse wollen wir befahren und den Kleinen St. &hellip; <a href=\"https:\/\/bf-on-tour.de\/m-13\/p-04\/\" class=\"more-link\"><span class=\"screen-reader-text\">\u201eRoute des Grandes Alpes &#8211; wir kommen!\u201c <\/span>weiterlesen<\/a><\/p>\n","protected":false},"author":1,"featured_media":0,"parent":0,"menu_order":4,"comment_status":"open","ping_status":"closed","template":"","meta":{"footnotes":""},"class_list":["post-65","page","type-page","status-publish","hentry"],"_links":{"self":[{"href":"https:\/\/bf-on-tour.de\/m-13\/wp-json\/wp\/v2\/pages\/65","targetHints":{"allow":["GET"]}}],"collection":[{"href":"https:\/\/bf-on-tour.de\/m-13\/wp-json\/wp\/v2\/pages"}],"about":[{"href":"https:\/\/bf-on-tour.de\/m-13\/wp-json\/wp\/v2\/types\/page"}],"author":[{"embeddable":true,"href":"https:\/\/bf-on-tour.de\/m-13\/wp-json\/wp\/v2\/users\/1"}],"replies":[{"embeddable":true,"href":"https:\/\/bf-on-tour.de\/m-13\/wp-json\/wp\/v2\/comments?post=65"}],"version-history":[{"count":14,"href":"https:\/\/bf-on-tour.de\/m-13\/wp-json\/wp\/v2\/pages\/65\/revisions"}],"predecessor-version":[{"id":461,"href":"https:\/\/bf-on-tour.de\/m-13\/wp-json\/wp\/v2\/pages\/65\/revisions\/461"}],"wp:attachment":[{"href":"https:\/\/bf-on-tour.de\/m-13\/wp-json\/wp\/v2\/media?parent=65"}],"curies":[{"name":"wp","href":"https:\/\/api.w.org\/{rel}","templated":true}]}}