{"id":57,"date":"2017-01-06T11:22:27","date_gmt":"2017-01-06T10:22:27","guid":{"rendered":"http:\/\/blog.family-riders.de\/france-un\/?page_id=57"},"modified":"2021-02-26T17:36:40","modified_gmt":"2021-02-26T16:36:40","slug":"p-02","status":"publish","type":"page","link":"https:\/\/bf-on-tour.de\/m-13\/p-02\/","title":{"rendered":"Von M\u00fcnchen zum Gardasee &#8211; oder auch nicht&#8230;"},"content":{"rendered":"<p style=\"text-align: justify;\">Unsere Tagesrouten sind ausgearbeitet und im TomTom-Navi gespeichert, auch die \u00dcbernachtungen sind vorgebucht. Ich habe ein komplettes Roadbook auf dem Handy \u2013 incl. aller Vorausbuchungen \u2013, Dennis hat eine Kurzfassung, damit er wei\u00df, wo wir uns sp\u00e4testens am Abend wieder treffen. Und wir haben beide Helmfunk, k\u00f6nnen also miteinander w\u00e4hrend der Fahrt sprechen oder telefonieren, falls der Abstand zwischen uns zu gro\u00df geworden sein sollte. Das sieht zwar alles eher etwas langweilig, durchgeplant und wie bei einer Pauschalreise aus, aber meine Tourenerfahrung spricht dagegen, dass es wirklich so wird&#8230;<\/p>\n<p style=\"text-align: justify;\">Zun\u00e4chst\u00a0m\u00fchen wir uns durch den morgendlichen Stadtverkehr von <em>M\u00fcnchen<\/em>. Das ist unsch\u00f6n. Dabei geht viel Zeit verloren und es bleibt unklar, warum das Navi uns so fahren l\u00e4sst. Nur, mitten im Berufsverkehr, w\u00e4hrend der Fahrt mit dem Ger\u00e4t herumzuspielen, um die Routeneinstellungen zu \u00e4ndern, ist auch keine L\u00f6sung.<\/p>\n<figure id=\"attachment_133\" aria-describedby=\"caption-attachment-133\" style=\"width: 840px\" class=\"wp-caption aligncenter\"><a href=\"https:\/\/bf-on-tour.de\/m-13\/wp-content\/uploads\/sites\/4\/2017\/01\/P02-01.jpg\" rel=\"lightbox[57]\"><img loading=\"lazy\" decoding=\"async\" class=\"wp-image-133 size-large\" src=\"https:\/\/bf-on-tour.de\/m-13\/wp-content\/uploads\/sites\/4\/2017\/01\/P02-01-1024x768.jpg\" alt=\"\" width=\"840\" height=\"630\" srcset=\"https:\/\/bf-on-tour.de\/m-13\/wp-content\/uploads\/sites\/4\/2017\/01\/P02-01-1024x768.jpg 1024w, https:\/\/bf-on-tour.de\/m-13\/wp-content\/uploads\/sites\/4\/2017\/01\/P02-01-300x225.jpg 300w, https:\/\/bf-on-tour.de\/m-13\/wp-content\/uploads\/sites\/4\/2017\/01\/P02-01-768x576.jpg 768w, https:\/\/bf-on-tour.de\/m-13\/wp-content\/uploads\/sites\/4\/2017\/01\/P02-01-1200x900.jpg 1200w, https:\/\/bf-on-tour.de\/m-13\/wp-content\/uploads\/sites\/4\/2017\/01\/P02-01.jpg 1600w\" sizes=\"auto, (max-width: 709px) 85vw, (max-width: 909px) 67vw, (max-width: 1362px) 62vw, 840px\" \/><\/a><figcaption id=\"caption-attachment-133\" class=\"wp-caption-text\">Am Sylvensteinstausee<\/figcaption><\/figure>\n<p style=\"text-align: justify;\">Kurz hinter <em>M\u00fcnchen<\/em> die erste Umleitung: Unsere geplante Strecke via <em>Tegernsee<\/em> zum <em>Achensee<\/em> ist weitr\u00e4umig gesperrt. Wie angenehm, Frl. TomTom das einfach per Tastendruck mitzuteilen und sich darauf zu verlassen, \u00fcber einen anderen Weg ans Ziel zu kommen. N\u00e4mlich \u00fcber <em>Bad T\u00f6lz<\/em> und den <em>Sylvensteinsee<\/em> \u2013 \u00fcbrigens eine sehr sch\u00f6ne Route!<\/p>\n<p style=\"text-align: justify;\">Weiter geht es am <em>Achensee<\/em> entlang und durchs <em>Inntal<\/em> nach <em>Innsbruck<\/em>. Angenehmes Wetter, es ist trocken, die Strecke bekannt und wir freuen uns auf die alte Brennerstra\u00dfe, die uns nach S\u00fcdtirol bringen soll. Leider sieht es in <em>Innsbruck<\/em> so aus, als k\u00e4me gerade von dort Regen. Und tats\u00e4chlich, je h\u00f6her wir den Pass erklimmen, desto k\u00e4lter, windiger und regnerischer wird es. In <em>M\u00fchlbach<\/em> muss das Regenzeug her, meine Schuhe sind bereits durchn\u00e4sst.<\/p>\n<figure id=\"attachment_134\" aria-describedby=\"caption-attachment-134\" style=\"width: 840px\" class=\"wp-caption aligncenter\"><a href=\"https:\/\/bf-on-tour.de\/m-13\/wp-content\/uploads\/sites\/4\/2017\/01\/P02-02.jpg\" rel=\"lightbox[57]\"><img loading=\"lazy\" decoding=\"async\" class=\"wp-image-134 size-large\" src=\"https:\/\/bf-on-tour.de\/m-13\/wp-content\/uploads\/sites\/4\/2017\/01\/P02-02-1024x768.jpg\" alt=\"\" width=\"840\" height=\"630\" srcset=\"https:\/\/bf-on-tour.de\/m-13\/wp-content\/uploads\/sites\/4\/2017\/01\/P02-02-1024x768.jpg 1024w, https:\/\/bf-on-tour.de\/m-13\/wp-content\/uploads\/sites\/4\/2017\/01\/P02-02-300x225.jpg 300w, https:\/\/bf-on-tour.de\/m-13\/wp-content\/uploads\/sites\/4\/2017\/01\/P02-02-768x576.jpg 768w, https:\/\/bf-on-tour.de\/m-13\/wp-content\/uploads\/sites\/4\/2017\/01\/P02-02-1200x900.jpg 1200w, https:\/\/bf-on-tour.de\/m-13\/wp-content\/uploads\/sites\/4\/2017\/01\/P02-02.jpg 1600w\" sizes=\"auto, (max-width: 709px) 85vw, (max-width: 909px) 67vw, (max-width: 1362px) 62vw, 840px\" \/><\/a><figcaption id=\"caption-attachment-134\" class=\"wp-caption-text\">Jaufenpassstra\u00dfe<\/figcaption><\/figure>\n<p style=\"text-align: justify;\">Der \u00dcbergang nach Italien: V\u00f6llig verregnet. Wir biegen in <em>Sterzing<\/em> zum <em>Jaufenpass<\/em> und ins <em>Sarntal<\/em> ab. Es ist immer noch kalt und nass, aber es regnet nicht mehr. So klettern wir v\u00f6llig allein auf schmaler Stra\u00dfe hinauf zum <em>Jaufenpass<\/em>, freuen uns \u00fcber die Ausblicke und genie\u00dfen die Kurven. Im Gasthaus oben auf der Passh\u00f6he wollen wir ein Eis essen (was f\u00fcr eine bl\u00f6de Idee, bei dieser K\u00e4lte&#8230;).<\/p>\n<figure id=\"attachment_135\" aria-describedby=\"caption-attachment-135\" style=\"width: 840px\" class=\"wp-caption aligncenter\"><a href=\"https:\/\/bf-on-tour.de\/m-13\/wp-content\/uploads\/sites\/4\/2017\/01\/P02-03.jpg\" rel=\"lightbox[57]\"><img loading=\"lazy\" decoding=\"async\" class=\"wp-image-135 size-large\" src=\"https:\/\/bf-on-tour.de\/m-13\/wp-content\/uploads\/sites\/4\/2017\/01\/P02-03-1024x768.jpg\" alt=\"\" width=\"840\" height=\"630\" srcset=\"https:\/\/bf-on-tour.de\/m-13\/wp-content\/uploads\/sites\/4\/2017\/01\/P02-03-1024x768.jpg 1024w, https:\/\/bf-on-tour.de\/m-13\/wp-content\/uploads\/sites\/4\/2017\/01\/P02-03-300x225.jpg 300w, https:\/\/bf-on-tour.de\/m-13\/wp-content\/uploads\/sites\/4\/2017\/01\/P02-03-768x576.jpg 768w, https:\/\/bf-on-tour.de\/m-13\/wp-content\/uploads\/sites\/4\/2017\/01\/P02-03-1200x900.jpg 1200w, https:\/\/bf-on-tour.de\/m-13\/wp-content\/uploads\/sites\/4\/2017\/01\/P02-03.jpg 1600w\" sizes=\"auto, (max-width: 709px) 85vw, (max-width: 909px) 67vw, (max-width: 1362px) 62vw, 840px\" \/><\/a><figcaption id=\"caption-attachment-135\" class=\"wp-caption-text\">Oben am Jaufenpass<\/figcaption><\/figure>\n<p style=\"text-align: justify;\">Wie zu erwarten,\u00a0ist es dort lausig kalt und das Gasthaus sieht auch noch sehr geschlossen aus. Niemand weit und breit zu sehen. Wir stoppen nur kurz, schauen uns um und fahren dann rasch hinab nach <em>Bozen<\/em> durch das wirklich sehenswerte <em>Sarntal<\/em>.<\/p>\n<p style=\"text-align: justify;\">Und je weiter wir kommen, desto besser wird das Wetter. In <em>Bozen<\/em> setzen wir uns \u2013 nach einer kleinen, abenteuerlichen Stadtrundfahrt, um den Busbahnhof zu finden \u2013 nahe des Stadtzentrums in ein Caf\u00e9 und trinken Cappuccino. Den haben wir uns jetzt redlich verdient!<\/p>\n<p style=\"text-align: justify;\">Weiter geht es nach <em>Auer<\/em>, wo wir im Hotel Turmwirt reserviert haben. Ein gepflegtes Hotel, etwas abseits vom Geschehen, im alten, verwinkelten Teil des Ortes, aber mit Tiefgarage, gutem Essen und umfangreichem Fr\u00fchst\u00fcck. Abends gewittert es heftig und wir am\u00fcsieren uns, dass bei str\u00f6mendem Regen die Beregnungsanlagen des vor dem Hotel gelegenen Parks angehen&#8230;<\/p>\n<figure id=\"attachment_138\" aria-describedby=\"caption-attachment-138\" style=\"width: 840px\" class=\"wp-caption aligncenter\"><a href=\"https:\/\/bf-on-tour.de\/m-13\/wp-content\/uploads\/sites\/4\/2017\/01\/P02-07.jpg\" rel=\"lightbox[57]\"><img loading=\"lazy\" decoding=\"async\" class=\"size-large wp-image-138\" src=\"https:\/\/bf-on-tour.de\/m-13\/wp-content\/uploads\/sites\/4\/2017\/01\/P02-07-1024x496.jpg\" alt=\"\" width=\"840\" height=\"407\" srcset=\"https:\/\/bf-on-tour.de\/m-13\/wp-content\/uploads\/sites\/4\/2017\/01\/P02-07-1024x496.jpg 1024w, https:\/\/bf-on-tour.de\/m-13\/wp-content\/uploads\/sites\/4\/2017\/01\/P02-07-300x145.jpg 300w, https:\/\/bf-on-tour.de\/m-13\/wp-content\/uploads\/sites\/4\/2017\/01\/P02-07-768x372.jpg 768w, https:\/\/bf-on-tour.de\/m-13\/wp-content\/uploads\/sites\/4\/2017\/01\/P02-07-1200x581.jpg 1200w, https:\/\/bf-on-tour.de\/m-13\/wp-content\/uploads\/sites\/4\/2017\/01\/P02-07.jpg 1600w\" sizes=\"auto, (max-width: 709px) 85vw, (max-width: 909px) 67vw, (max-width: 1362px) 62vw, 840px\" \/><\/a><figcaption id=\"caption-attachment-138\" class=\"wp-caption-text\">Beim freundlichen Honda-H\u00e4ndler<\/figcaption><\/figure>\n<p style=\"text-align: justify;\">Am n\u00e4chsten Morgen kommt Dennis mit seiner Maschine gerade noch aus der Tiefgarage, dann ist die Batterie hin\u00fcber. Nach Fremdstart kann er wenigstens wieder fahren, aber nur bis zum freundlichen Honda-H\u00e4ndler in <em>Bozen<\/em>, der ihm eine neue Batterie fertigmacht und einbaut. Damit ist der Vormittag gelaufen und die geplante Route f\u00fcr heute nicht mehr zu schaffen. Der <em>Gardasee<\/em> muss ausfallen und wir planen, direkt nach <em>Bergamo<\/em> zu fahren.<\/p>\n<p style=\"text-align: justify;\">Angesichts der fortgeschrittenen Zeit und der Tatsache, dass man in den Bergen \u2013 egal, ob auf kleinen oder gr\u00f6\u00dferen Stra\u00dfen \u2013 immer etwas mehr Zeit f\u00fcr eine Strecke einrechnen muss, beschr\u00e4nken wir uns heute auf die gr\u00f6\u00dferen Durchgangsstra\u00dfen. Soll hei\u00dfen, wir bleiben der S-42 treu, die von <em>Bozen<\/em> nach <em>Bergamo<\/em> f\u00fchrt.<\/p>\n<figure id=\"attachment_139\" aria-describedby=\"caption-attachment-139\" style=\"width: 840px\" class=\"wp-caption aligncenter\"><a href=\"https:\/\/bf-on-tour.de\/m-13\/wp-content\/uploads\/sites\/4\/2017\/01\/P02-08.jpg\" rel=\"lightbox[57]\"><img loading=\"lazy\" decoding=\"async\" class=\"wp-image-139 size-large\" src=\"https:\/\/bf-on-tour.de\/m-13\/wp-content\/uploads\/sites\/4\/2017\/01\/P02-08-1024x768.jpg\" alt=\"\" width=\"840\" height=\"630\" srcset=\"https:\/\/bf-on-tour.de\/m-13\/wp-content\/uploads\/sites\/4\/2017\/01\/P02-08-1024x768.jpg 1024w, https:\/\/bf-on-tour.de\/m-13\/wp-content\/uploads\/sites\/4\/2017\/01\/P02-08-300x225.jpg 300w, https:\/\/bf-on-tour.de\/m-13\/wp-content\/uploads\/sites\/4\/2017\/01\/P02-08-768x576.jpg 768w, https:\/\/bf-on-tour.de\/m-13\/wp-content\/uploads\/sites\/4\/2017\/01\/P02-08-1200x900.jpg 1200w, https:\/\/bf-on-tour.de\/m-13\/wp-content\/uploads\/sites\/4\/2017\/01\/P02-08.jpg 1600w\" sizes=\"auto, (max-width: 709px) 85vw, (max-width: 909px) 67vw, (max-width: 1362px) 62vw, 840px\" \/><\/a><figcaption id=\"caption-attachment-139\" class=\"wp-caption-text\">Auffahrt zum Mendelpass<\/figcaption><\/figure>\n<p style=\"text-align: justify;\">Trotzdem hat diese Route einen kleinen Leckerbissen parat: Den <em>Passo della Mendola<\/em>. Steil und mit herrlichen Aussichten geht es von <em>Bozen<\/em> direkt in die Berge. Schnelle Wechselkurven und einige leichtere Spitzkehren wechseln sich ab. Der Verkehr ist m\u00e4\u00dfig und das Fahren eine Freude! Auf der Passh\u00f6he dann ein h\u00fcbsches Ensemble von Hotels, Pensionen und Restaurants. Hier essen wir, bevor es abw\u00e4rts zur Hauptroute geht.<\/p>\n<figure id=\"attachment_140\" aria-describedby=\"caption-attachment-140\" style=\"width: 840px\" class=\"wp-caption aligncenter\"><a href=\"https:\/\/bf-on-tour.de\/m-13\/wp-content\/uploads\/sites\/4\/2017\/01\/P02-09.jpg\" rel=\"lightbox[57]\"><img loading=\"lazy\" decoding=\"async\" class=\"wp-image-140 size-large\" src=\"https:\/\/bf-on-tour.de\/m-13\/wp-content\/uploads\/sites\/4\/2017\/01\/P02-09-e1483560601314-1024x622.jpg\" alt=\"\" width=\"840\" height=\"510\" srcset=\"https:\/\/bf-on-tour.de\/m-13\/wp-content\/uploads\/sites\/4\/2017\/01\/P02-09-e1483560601314-1024x622.jpg 1024w, https:\/\/bf-on-tour.de\/m-13\/wp-content\/uploads\/sites\/4\/2017\/01\/P02-09-e1483560601314-300x182.jpg 300w, https:\/\/bf-on-tour.de\/m-13\/wp-content\/uploads\/sites\/4\/2017\/01\/P02-09-e1483560601314-768x466.jpg 768w, https:\/\/bf-on-tour.de\/m-13\/wp-content\/uploads\/sites\/4\/2017\/01\/P02-09-e1483560601314-1200x728.jpg 1200w, https:\/\/bf-on-tour.de\/m-13\/wp-content\/uploads\/sites\/4\/2017\/01\/P02-09-e1483560601314.jpg 1588w\" sizes=\"auto, (max-width: 709px) 85vw, (max-width: 909px) 67vw, (max-width: 1362px) 62vw, 840px\" \/><\/a><figcaption id=\"caption-attachment-140\" class=\"wp-caption-text\">Auf dem Mendelpass<\/figcaption><\/figure>\n<p style=\"text-align: justify;\">Z\u00fcgig und landschaftlich reizvoll geht es auf der gut ausgebauten S-42 zum <em>Passo del Tonale<\/em>. So ein richtiges Passgef\u00fchl will hier zwar nicht aufkommen, aber sch\u00f6ne Ausblicke und einige flotte Wechselkurven bietet auch diese Stra\u00dfe.<\/p>\n<p style=\"text-align: justify;\">Oben am Pass liegt ein kleines Wintersportgebiet mit relativ h\u00e4sslichen Hotelbauten. Wir machen ein Foto und tr\u00f6deln weiter bis zur Passh\u00f6he, auf der sich ein gro\u00dfes Kriegsmonument befindet. Erst als wir parken, um es anzusehen, stellen wir fest, dass die Polizei auf unserem Weg eine Tempokontrolle aufgestellt hatte und hier oben einen Biker nach dem anderen zur Kasse bittet. Gl\u00fcck gehabt&#8230;<\/p>\n<figure id=\"attachment_141\" aria-describedby=\"caption-attachment-141\" style=\"width: 840px\" class=\"wp-caption aligncenter\"><a href=\"https:\/\/bf-on-tour.de\/m-13\/wp-content\/uploads\/sites\/4\/2017\/01\/P02-10.jpg\" rel=\"lightbox[57]\"><img loading=\"lazy\" decoding=\"async\" class=\"wp-image-141 size-large\" src=\"https:\/\/bf-on-tour.de\/m-13\/wp-content\/uploads\/sites\/4\/2017\/01\/P02-10-1024x768.jpg\" alt=\"\" width=\"840\" height=\"630\" srcset=\"https:\/\/bf-on-tour.de\/m-13\/wp-content\/uploads\/sites\/4\/2017\/01\/P02-10-1024x768.jpg 1024w, https:\/\/bf-on-tour.de\/m-13\/wp-content\/uploads\/sites\/4\/2017\/01\/P02-10-300x225.jpg 300w, https:\/\/bf-on-tour.de\/m-13\/wp-content\/uploads\/sites\/4\/2017\/01\/P02-10-768x576.jpg 768w, https:\/\/bf-on-tour.de\/m-13\/wp-content\/uploads\/sites\/4\/2017\/01\/P02-10-1200x900.jpg 1200w, https:\/\/bf-on-tour.de\/m-13\/wp-content\/uploads\/sites\/4\/2017\/01\/P02-10.jpg 1600w\" sizes=\"auto, (max-width: 709px) 85vw, (max-width: 909px) 67vw, (max-width: 1362px) 62vw, 840px\" \/><\/a><figcaption id=\"caption-attachment-141\" class=\"wp-caption-text\">Polizeikontrolle auf dem Tonalepass<\/figcaption><\/figure>\n<p style=\"text-align: justify;\">Die Weiterfahrt geht z\u00fcgig voran \u2013 wir sind ja bereits fortgeschritten in der Tageszeit \u2013 und ab <em>Seriate<\/em> gehen wir f\u00fcr das letzte St\u00fcck des Weges auf die Autobahn.<\/p>\n<figure id=\"attachment_142\" aria-describedby=\"caption-attachment-142\" style=\"width: 840px\" class=\"wp-caption aligncenter\"><a href=\"https:\/\/bf-on-tour.de\/m-13\/wp-content\/uploads\/sites\/4\/2017\/01\/P02-11.jpg\" rel=\"lightbox[57]\"><img loading=\"lazy\" decoding=\"async\" class=\"wp-image-142 size-large\" src=\"https:\/\/bf-on-tour.de\/m-13\/wp-content\/uploads\/sites\/4\/2017\/01\/P02-11-1024x765.jpg\" alt=\"\" width=\"840\" height=\"628\" srcset=\"https:\/\/bf-on-tour.de\/m-13\/wp-content\/uploads\/sites\/4\/2017\/01\/P02-11-1024x765.jpg 1024w, https:\/\/bf-on-tour.de\/m-13\/wp-content\/uploads\/sites\/4\/2017\/01\/P02-11-300x224.jpg 300w, https:\/\/bf-on-tour.de\/m-13\/wp-content\/uploads\/sites\/4\/2017\/01\/P02-11-768x574.jpg 768w, https:\/\/bf-on-tour.de\/m-13\/wp-content\/uploads\/sites\/4\/2017\/01\/P02-11-1200x896.jpg 1200w, https:\/\/bf-on-tour.de\/m-13\/wp-content\/uploads\/sites\/4\/2017\/01\/P02-11.jpg 1600w\" sizes=\"auto, (max-width: 709px) 85vw, (max-width: 909px) 67vw, (max-width: 1362px) 62vw, 840px\" \/><\/a><figcaption id=\"caption-attachment-142\" class=\"wp-caption-text\">Abends auf der Dachterrasse<\/figcaption><\/figure>\n<p style=\"text-align: justify;\">In der Jugendherberge in <em>Bergamo<\/em> treffen wir kurz nach 19:00 Uhr ein. Das Zimmer ist gew\u00f6hnungsbed\u00fcrftig: Alles \u00a0ist in dunkelblau gehalten und die\u00a0Dusche verdient ihren Namen nicht, weil kaum Wasser rauskommt. Aber alles ist sauber und das Haus hat eine Dachterrasse, auf der wir nach dem Abendessen den Rest des Tages genie\u00dfen k\u00f6nnen \u2013 mit einem ziemlich\u00a0kitschigen Blick auf die Altstadt beim Sonnenuntergang.<\/p>\n<p><a href=\"https:\/\/bf-on-tour.de\/m-13\/p-01\/\"><img loading=\"lazy\" decoding=\"async\" class=\"alignleft wp-image-345\" src=\"https:\/\/bf-on-tour.de\/m-13\/wp-content\/uploads\/sites\/4\/2017\/06\/zur\u00fcck.png\" alt=\"\" width=\"50\" height=\"37\" \/><\/a> <a href=\"https:\/\/bf-on-tour.de\/m-13\/p-03\/\"><img loading=\"lazy\" decoding=\"async\" class=\"alignright wp-image-344\" src=\"https:\/\/bf-on-tour.de\/m-13\/wp-content\/uploads\/sites\/4\/2017\/06\/weiter.png\" alt=\"\" width=\"50\" height=\"37\" \/><\/a><\/p>\n","protected":false},"excerpt":{"rendered":"<p>Unsere Tagesrouten sind ausgearbeitet und im TomTom-Navi gespeichert, auch die \u00dcbernachtungen sind vorgebucht. Ich habe ein komplettes Roadbook auf dem Handy \u2013 incl. aller Vorausbuchungen \u2013, Dennis hat eine Kurzfassung, damit er wei\u00df, wo wir uns sp\u00e4testens am Abend wieder treffen. Und wir haben beide Helmfunk, k\u00f6nnen also miteinander w\u00e4hrend der Fahrt sprechen oder telefonieren, &hellip; <a href=\"https:\/\/bf-on-tour.de\/m-13\/p-02\/\" class=\"more-link\"><span class=\"screen-reader-text\">\u201eVon M\u00fcnchen zum Gardasee &#8211; oder auch nicht&#8230;\u201c <\/span>weiterlesen<\/a><\/p>\n","protected":false},"author":1,"featured_media":0,"parent":0,"menu_order":2,"comment_status":"open","ping_status":"closed","template":"","meta":{"footnotes":""},"class_list":["post-57","page","type-page","status-publish","hentry"],"_links":{"self":[{"href":"https:\/\/bf-on-tour.de\/m-13\/wp-json\/wp\/v2\/pages\/57","targetHints":{"allow":["GET"]}}],"collection":[{"href":"https:\/\/bf-on-tour.de\/m-13\/wp-json\/wp\/v2\/pages"}],"about":[{"href":"https:\/\/bf-on-tour.de\/m-13\/wp-json\/wp\/v2\/types\/page"}],"author":[{"embeddable":true,"href":"https:\/\/bf-on-tour.de\/m-13\/wp-json\/wp\/v2\/users\/1"}],"replies":[{"embeddable":true,"href":"https:\/\/bf-on-tour.de\/m-13\/wp-json\/wp\/v2\/comments?post=57"}],"version-history":[{"count":16,"href":"https:\/\/bf-on-tour.de\/m-13\/wp-json\/wp\/v2\/pages\/57\/revisions"}],"predecessor-version":[{"id":449,"href":"https:\/\/bf-on-tour.de\/m-13\/wp-json\/wp\/v2\/pages\/57\/revisions\/449"}],"wp:attachment":[{"href":"https:\/\/bf-on-tour.de\/m-13\/wp-json\/wp\/v2\/media?parent=57"}],"curies":[{"name":"wp","href":"https:\/\/api.w.org\/{rel}","templated":true}]}}