{"id":184,"date":"2016-06-20T16:08:24","date_gmt":"2016-06-20T14:08:24","guid":{"rendered":"http:\/\/blog.family-riders.de\/gibraltar\/?page_id=184"},"modified":"2021-02-26T17:30:42","modified_gmt":"2021-02-26T16:30:42","slug":"p-07","status":"publish","type":"page","link":"https:\/\/bf-on-tour.de\/m-10\/p-07\/","title":{"rendered":"Ans Ende der Welt"},"content":{"rendered":"<p style=\"text-align: justify;\"><img loading=\"lazy\" decoding=\"async\" class=\"wp-image-186 size-medium alignleft\" src=\"https:\/\/bf-on-tour.de\/m-10\/wp-content\/uploads\/sites\/3\/2016\/06\/Beitrag-08.01-300x225.jpg\" width=\"300\" height=\"225\" srcset=\"https:\/\/bf-on-tour.de\/m-10\/wp-content\/uploads\/sites\/3\/2016\/06\/Beitrag-08.01-300x225.jpg 300w, https:\/\/bf-on-tour.de\/m-10\/wp-content\/uploads\/sites\/3\/2016\/06\/Beitrag-08.01-150x113.jpg 150w, https:\/\/bf-on-tour.de\/m-10\/wp-content\/uploads\/sites\/3\/2016\/06\/Beitrag-08.01.jpg 800w\" sizes=\"auto, (max-width: 300px) 85vw, 300px\" \/>Heute morgen ist es k\u00fchl \u2013 sehr k\u00fchl sogar: 26\u00b0C. Wolken sind aufgezogen und es ist diesig. Nach einem sehr stilvoll servierten Fr\u00fchst\u00fcck mit \u2013 wie \u00fcblich \u2013 kargester Ausstattung packen wir die Maschinen und stellen fest, dass die K\u00fcste im Dunst verschwunden ist und in den Bergen der Regen h\u00e4ngt. Was bleibt da \u00fcbrig, als Meilen zu machen und besserem Wetter entgegen zu fahren. Also ab auf die Autobahn wann immer das geht (die A8 ist nicht durchgehend, man muss immer mal wieder St\u00fccke auf der Landstra\u00dfe fahren).<\/p>\n<p style=\"text-align: justify;\">Die Orte, die wir auf der K\u00fcstenstra\u00dfe\u00a0durchfahren sind trist und menschenleer, die Stra\u00dfe geht meist ziemlich geradeaus, die Autobahn ohnehin und immer mal wieder nieselt es. Keine sch\u00f6ne Sonntagstour. Einzige Ausnahme: Die \u00dcberfahrt \u00fcber die Provinzgrenze zwischen Asturien und Galizien bei\u00a0<em>Ribadeo<\/em>. Hier f\u00fchrt eine imposante Br\u00fccke \u00fcber die Bucht und man hat eine phantastische Aussicht zu beiden Seiten hin! Das hei\u00dft: Langsam fahren und genie\u00dfen!<\/p>\n<p style=\"text-align: justify;\"><img loading=\"lazy\" decoding=\"async\" class=\"size-full wp-image-187 aligncenter\" src=\"https:\/\/bf-on-tour.de\/m-10\/wp-content\/uploads\/sites\/3\/2016\/06\/Beitrag-08.02-e1466431866864.jpg\" alt=\"Beitrag 08.02\" width=\"798\" height=\"450\" srcset=\"https:\/\/bf-on-tour.de\/m-10\/wp-content\/uploads\/sites\/3\/2016\/06\/Beitrag-08.02-e1466431866864.jpg 798w, https:\/\/bf-on-tour.de\/m-10\/wp-content\/uploads\/sites\/3\/2016\/06\/Beitrag-08.02-e1466431866864-150x85.jpg 150w, https:\/\/bf-on-tour.de\/m-10\/wp-content\/uploads\/sites\/3\/2016\/06\/Beitrag-08.02-e1466431866864-300x169.jpg 300w\" sizes=\"auto, (max-width: 798px) 85vw, 798px\" \/><\/p>\n<p style=\"text-align: justify;\">In\u00a0<em>Foz<\/em>\u00a0biegt die Autobahn in einer gro\u00dfen Kurve nach links in die Berge ab und wir beschlie\u00dfen, da nicht mitzumachen, denn dann w\u00fcrden wir direkt in den Regen hineinfahren. Deshalb fahren wir von der Autobahn\u00a0ab, um weiter\u00a0an der K\u00fcste entlang zu fahren. Meist ist das Wetter dort ja etwas besser als im Landesinneren.<\/p>\n<p style=\"text-align: justify;\">Bis\u00a0<em>Burela<\/em>\u00a0ist die Strecke ungef\u00e4hr ebenso langweilig wie zuvor die Fahrten durch die verlassenen Orte. In der Gegend von\u00a0<em>Cervo<\/em>\u00a0machen wir dann den Fehler, der Ausschilderung \u201eN642\u201c weiter zu folgen und von der Hauptstra\u00dfe abzubiegen. Nach wenigen hundert Metern befinden wir uns in dem scheu\u00dflichen Industriegebiet von\u00a0<em>Lieiro<\/em>, in dem es nach Alt\u00f6l und allerlei anderem Unrat stinkt. Schnell umdrehen und wieder zur\u00fcck auf die Hauptstra\u00dfe \u2013 auch wenn wir jetzt nicht mehr wissen, wie die Nummerierung der Stra\u00dfe lautet.<\/p>\n<p style=\"text-align: justify;\">Dann wird es landschaftlich wieder etwas netter. Wir fahren durch W\u00e4lder und auch ein paar Kurven lassen sich finden. Sehr sch\u00f6n ist der Ausblick auf\u00a0<em>Faro<\/em>\u00a0und\u00a0\u00a0<em>Casanova<\/em>\u00a0\u2013 nein, nicht den Charmeur sondern die gleichnamige Stadt \u2013 und\u00a0<em>Viveiro<\/em>, die dicht nebeneinander an einer Bucht liegen, in die der\u00a0<em>Rio Landro<\/em>\u00a0m\u00fcndet und die eine touristische Hochburg der Gegend darstellen.<\/p>\n<p style=\"text-align: justify;\"><img loading=\"lazy\" decoding=\"async\" class=\"wp-image-188 size-full aligncenter\" src=\"https:\/\/bf-on-tour.de\/m-10\/wp-content\/uploads\/sites\/3\/2016\/06\/Beitrag-08.03-e1466432119810.jpg\" width=\"800\" height=\"436\" srcset=\"https:\/\/bf-on-tour.de\/m-10\/wp-content\/uploads\/sites\/3\/2016\/06\/Beitrag-08.03-e1466432119810.jpg 800w, https:\/\/bf-on-tour.de\/m-10\/wp-content\/uploads\/sites\/3\/2016\/06\/Beitrag-08.03-e1466432119810-150x82.jpg 150w, https:\/\/bf-on-tour.de\/m-10\/wp-content\/uploads\/sites\/3\/2016\/06\/Beitrag-08.03-e1466432119810-300x164.jpg 300w\" sizes=\"auto, (max-width: 800px) 85vw, 800px\" \/><\/p>\n<p style=\"text-align: justify;\">Wir folgen weiter der inzwischen wiedergefundenen N642 und sind eigentlich mit der Landschaft inzwischen ganz zufrieden. Lediglich in den Kurven muss man etwas aufpassen. Die k\u00fchle Witterung hat die B\u00e4ume veranlasst, bereits jetzt, Mitte August, an Herbst zu denken und sich allerlei Bl\u00e4tter zu entledigen, die nun vornehmlich in Kurven auf der Stra\u00dfe herumliegen. \u00dcberhaupt das Wetter: Es wird immer k\u00fchler und tr\u00fcber, je weiter wir nach Westen vorankommen.<\/p>\n<p style=\"text-align: justify;\">Etwas au\u00dferhalb von\u00a0<em>Ortigueira<\/em>\u00a0essen wir in einem Ausflugslokal das &#8222;Menu del Dia&#8220;, das Tagesmen\u00fc. Eine ungeheure, formgepresste\u00a0Portion Erbsen-Mayonnaise-Pudding als Vorspeise. Danach ein Rindergulasch mit pommes\u00e4hnlichen Kartoffelst\u00fccken in \u2013 man h\u00e4tte es ja erwarten k\u00f6nnen \u2013 \u00f6ltriefender Sauce als Hauptgang. Den Nachtisch sparen wir uns und bitten um einen Espresso. Drau\u00dfen ist es tr\u00fcbe, die Aussicht auf die endlos erscheinende flache\u00a0M\u00fcndungslandschaft des\u00a0<em>Ri Mera<\/em>\u00a0ist von grauer Fl\u00e4che dominiert. Um uns herum schnattern Familien und Busladungen von Rentnern. Die meisten rauchen eine Zigarette nach der anderen, am Nebentisch qualmt einer seine Zigarre. Wir sind kurz davor, Depressionen zu bekommen, zahlen rasch und fliehen wieder auf unsere Maschinen.<\/p>\n<p style=\"text-align: justify;\"><img loading=\"lazy\" decoding=\"async\" class=\"wp-image-189 size-full aligncenter\" src=\"https:\/\/bf-on-tour.de\/m-10\/wp-content\/uploads\/sites\/3\/2016\/06\/Beitrag-08.04-e1466432160643.jpg\" width=\"800\" height=\"446\" srcset=\"https:\/\/bf-on-tour.de\/m-10\/wp-content\/uploads\/sites\/3\/2016\/06\/Beitrag-08.04-e1466432160643.jpg 800w, https:\/\/bf-on-tour.de\/m-10\/wp-content\/uploads\/sites\/3\/2016\/06\/Beitrag-08.04-e1466432160643-150x84.jpg 150w, https:\/\/bf-on-tour.de\/m-10\/wp-content\/uploads\/sites\/3\/2016\/06\/Beitrag-08.04-e1466432160643-300x167.jpg 300w\" sizes=\"auto, (max-width: 800px) 85vw, 800px\" \/><\/p>\n<p style=\"text-align: justify;\">Vor Ferrol beginnt es richtig zu wehen und es ist kalt. Wir gehen wieder auf die Autobahn\u00a0und umfahren die St\u00e4dte\u00a0<em>Ferrol<\/em>\u00a0und\u00a0<em>A Coru\u00f1a<\/em>\u00a0bis zum Ende der Autobahn bei\u00a0<em>Carballo<\/em>. Eigentlich wollten wir in\u00a0<em>A Coru\u00f1a<\/em>\u00a0in der Jugendherberge bleiben, aber bei dem Wetter und am Sonntag, wo alle St\u00e4dte menschenleer sind, h\u00e4tten wir ohnehin keinen touristischen Nutzen\u00a0davon. Also ist unsere Absicht, so nah, wie m\u00f6glich an das \u201eEnde der Welt\u201c, das\u00a0<em>Cap Finisterre<\/em>, heranzukommen, damit wir morgen, bei hoffentlich besserem Wetter, mehr Zeit f\u00fcr einen Besuch des Kaps haben.<\/p>\n<p style=\"text-align: justify;\">Die Fahrt von\u00a0<em>Carballo<\/em>\u00a0bis nach\u00a0<em>Cee<\/em>, dem letzten Ort vor dem Kap zieht sich l\u00e4nger hin als gedacht und das Wetter wird auch nicht besser. In\u00a0<em>Cee<\/em>\u00a0regnet es und alles hat geschlossen \u2013 Gesch\u00e4fte, Touristeninformation, der Ort ist wie ausgestorben. Wir schwatzen ein wenig mit einem netten Paar aus Holland, die mit ihrem Campingmobil ebenfalls vor der geschlossenen Touristinfo gestrandet sind und bleiben schlie\u00dflich in einer kleinen, gepflegten Pension. Die Verst\u00e4ndigung ist nicht ganz einfach, aber der Besitzer hat ein Herz f\u00fcr Biker und \u00f6ffnet seine private Garage f\u00fcr uns, damit wir die Maschinen nicht auf der Stra\u00dfe stehen lassen m\u00fcssen. Eine hei\u00dfe Dusche, das sch\u00f6ne\u00a0Zimmer, die nette Atmosph\u00e4re des Hauses und die Aussicht auf die Bucht von\u00a0<em>Cee<\/em>\u00a0lassen uns den inzwischen konstanten Regen als nicht mehr so wichtig erscheinen. Das Abendessen f\u00e4llt aus.<\/p>\n<p style=\"text-align: justify;\">Am n\u00e4chsten Morgen\u00a0regnet es immer noch. Fr\u00fchst\u00fcck gibt es auch nicht. Ein Keks und ein Tee aus dem Automaten im Flur der Pension m\u00fcssen reichen. Wir ziehen das Regenzeug gleich \u00fcber die Kombis und machen uns auf den Weg zum Kap. Am Wasser ist das Wetter ja vielleicht etwas besser. Au\u00dferdem sind wir bis hierher \u00fcber 2.100 km gefahren, da wollen wir nicht einfach am Kap vorbei fahren.<\/p>\n<p style=\"text-align: justify;\">Die Stra\u00dfe nach\u00a0<em>Finisterre<\/em>\u00a0ist glatt. Die B\u00e4ume sind offensichtlich in Panik geraten, dass in den n\u00e4chsten Tagen Schnee f\u00e4llt und sie den Winter verpassen k\u00f6nnten, denn wir fahren durch ein Gemisch aus Regen und vorhangartig fallenden Bl\u00e4ttern. Beides bildet auf der Stra\u00dfe ein herrlich rutschiges Gemisch. Hinter\u00a0<em>Finisterre<\/em>\u00a0wird es auch noch eng, fast einspurig, und neblig. Die Sicht betr\u00e4gt ca. 20 Meter. Gl\u00fccklicherweise sind wir gerade die einzigen Benutzer dieser Anfahrt zum Kap.<\/p>\n<p style=\"text-align: justify;\"><img loading=\"lazy\" decoding=\"async\" class=\"aligncenter wp-image-193 size-full\" src=\"https:\/\/bf-on-tour.de\/m-10\/wp-content\/uploads\/sites\/3\/2016\/06\/Beitrag-08.05.jpg\" alt=\"Beitrag 08.05\" width=\"800\" height=\"312\" srcset=\"https:\/\/bf-on-tour.de\/m-10\/wp-content\/uploads\/sites\/3\/2016\/06\/Beitrag-08.05.jpg 800w, https:\/\/bf-on-tour.de\/m-10\/wp-content\/uploads\/sites\/3\/2016\/06\/Beitrag-08.05-150x59.jpg 150w, https:\/\/bf-on-tour.de\/m-10\/wp-content\/uploads\/sites\/3\/2016\/06\/Beitrag-08.05-300x117.jpg 300w\" sizes=\"auto, (max-width: 800px) 85vw, 800px\" \/><\/p>\n<p style=\"text-align: justify;\">Dann ist das Ende erreicht. Zumindest das der Stra\u00dfe. Ein Parkplatz, ein Kiosk und das Kreuz, welches das endg\u00fcltige Ende des\u00a0<em>Cami\u00f1o<\/em>, des Jakobsweges anzeigt. Aber wo sind der Leuchtturm und das eigentliche Kap? Ein paar Pilger versuchen sich zu w\u00e4rmen, indem sie vor dem geschlossenen Kiosk ihre Pilgerh\u00fcte anz\u00fcnden und nasse, getragene Unterw\u00e4sche darin verbrennen \u2013 das bei\u00dft in den Augen und stinkt gewaltig.<\/p>\n<p style=\"text-align: justify;\"><img loading=\"lazy\" decoding=\"async\" class=\"wp-image-194 size-medium alignright\" src=\"https:\/\/bf-on-tour.de\/m-10\/wp-content\/uploads\/sites\/3\/2016\/06\/Beitrag-08.06-225x300.jpg\" width=\"225\" height=\"300\" srcset=\"https:\/\/bf-on-tour.de\/m-10\/wp-content\/uploads\/sites\/3\/2016\/06\/Beitrag-08.06-225x300.jpg 225w, https:\/\/bf-on-tour.de\/m-10\/wp-content\/uploads\/sites\/3\/2016\/06\/Beitrag-08.06-112x150.jpg 112w, https:\/\/bf-on-tour.de\/m-10\/wp-content\/uploads\/sites\/3\/2016\/06\/Beitrag-08.06-768x1024.jpg 768w, https:\/\/bf-on-tour.de\/m-10\/wp-content\/uploads\/sites\/3\/2016\/06\/Beitrag-08.06.jpg 800w\" sizes=\"auto, (max-width: 225px) 85vw, 225px\" \/><\/p>\n<p style=\"text-align: justify;\">Gem\u00e4\u00df einer \u00dcbersichtskarte geht ein Weg am Kiosk vorbei, direkt zum Kap, auf dem der Leuchtturm stehen soll. Ich tapse in voller Regenmontur vorsichtig in die vermutete Richtung. Nebel und Regen lassen mir knapp 10 Meter Sicht. \u00d6ffne ich das Visier, regnet es in den Helm. Lasse ich es geschlossen, beschl\u00e4gt es auch noch. Nach ca. 10 Minuten stehe ich am Ende des Weges vor einer T\u00fcr &#8211; dem Eingang zum Leuchtturm. Den Bildern zufolge, die ich gesehen habe, ist es ein gro\u00dfer grauer Kasten mit Fenstern, also nicht das, was man sich als Norddeutscher unter einem Leuchtturm vorstellt. Aber au\u00dfer eben dieser T\u00fcr, zu der mein Abstand jetzt gerade einmal rund 5 Meter betr\u00e4gt, sehe ich nichts. Der graue Kasten ist einfach im Nebel verschwunden.<\/p>\n<p><img loading=\"lazy\" decoding=\"async\" class=\"wp-image-214 size-medium alignleft\" src=\"https:\/\/bf-on-tour.de\/m-10\/wp-content\/uploads\/sites\/3\/2016\/06\/Beitrag-08.07-225x300.jpg\" width=\"225\" height=\"300\" srcset=\"https:\/\/bf-on-tour.de\/m-10\/wp-content\/uploads\/sites\/3\/2016\/06\/Beitrag-08.07-225x300.jpg 225w, https:\/\/bf-on-tour.de\/m-10\/wp-content\/uploads\/sites\/3\/2016\/06\/Beitrag-08.07-113x150.jpg 113w, https:\/\/bf-on-tour.de\/m-10\/wp-content\/uploads\/sites\/3\/2016\/06\/Beitrag-08.07.jpg 400w\" sizes=\"auto, (max-width: 225px) 85vw, 225px\" \/><\/p>\n<p style=\"text-align: justify;\">Rechts finde ich aufsteigend einen Fu\u00dfweg zum Aussichtspunkt, dem ich folge. Nach 5 bis 10 Metern \u00fcber glitschige Felstreppen stehe ich an einem Eisenpfahl, der wohl den Aussichtspunkt markiert. Das obere Ende sehe ich nicht \u2013 und das Kap? Nun, was soll man am Ende der Welt schon sehen? Nichts!<\/p>\n<p style=\"text-align: justify;\">Inzwischen ist es 10:00 Uhr geworden. Der Kiosk hat immer noch geschlossen, es gibt also nicht einmal ein Souvenir oder einen hei\u00dfen Kaffee und die Pilger kokeln immer noch an ihrer nassen Unterw\u00e4sche herum. Wir machen uns auf den Weg nach\u00a0<em>Santiago de Compostela<\/em>. Wenn ich das\u00a0<em>Kap Finisterre<\/em>\u00a0schon nicht gesehen habe, dann wenigstens einmal die Kathedrale von\u00a0<em>Santiago<\/em>.<\/p>\n<p><a href=\"https:\/\/bf-on-tour.de\/m-10\/p-06\"><img loading=\"lazy\" decoding=\"async\" class=\"alignleft wp-image-333\" src=\"https:\/\/bf-on-tour.de\/m-10\/wp-content\/uploads\/sites\/3\/2017\/06\/zur\u00fcck.png\" alt=\"\" width=\"50\" height=\"37\" \/><\/a> <a href=\"https:\/\/bf-on-tour.de\/m-10\/p-08\"><img loading=\"lazy\" decoding=\"async\" class=\"alignright wp-image-332\" src=\"https:\/\/bf-on-tour.de\/m-10\/wp-content\/uploads\/sites\/3\/2017\/06\/weiter.png\" alt=\"\" width=\"50\" height=\"37\" \/><\/a><\/p>\n","protected":false},"excerpt":{"rendered":"<p>Heute morgen ist es k\u00fchl \u2013 sehr k\u00fchl sogar: 26\u00b0C. Wolken sind aufgezogen und es ist diesig. Nach einem sehr stilvoll servierten Fr\u00fchst\u00fcck mit \u2013 wie \u00fcblich \u2013 kargester Ausstattung packen wir die Maschinen und stellen fest, dass die K\u00fcste im Dunst verschwunden ist und in den Bergen der Regen h\u00e4ngt. Was bleibt da \u00fcbrig, &hellip; <a href=\"https:\/\/bf-on-tour.de\/m-10\/p-07\/\" class=\"more-link\"><span class=\"screen-reader-text\">\u201eAns Ende der Welt\u201c <\/span>weiterlesen<\/a><\/p>\n","protected":false},"author":1,"featured_media":0,"parent":0,"menu_order":7,"comment_status":"open","ping_status":"closed","template":"","meta":{"footnotes":""},"class_list":["post-184","page","type-page","status-publish","hentry"],"_links":{"self":[{"href":"https:\/\/bf-on-tour.de\/m-10\/wp-json\/wp\/v2\/pages\/184","targetHints":{"allow":["GET"]}}],"collection":[{"href":"https:\/\/bf-on-tour.de\/m-10\/wp-json\/wp\/v2\/pages"}],"about":[{"href":"https:\/\/bf-on-tour.de\/m-10\/wp-json\/wp\/v2\/types\/page"}],"author":[{"embeddable":true,"href":"https:\/\/bf-on-tour.de\/m-10\/wp-json\/wp\/v2\/users\/1"}],"replies":[{"embeddable":true,"href":"https:\/\/bf-on-tour.de\/m-10\/wp-json\/wp\/v2\/comments?post=184"}],"version-history":[{"count":14,"href":"https:\/\/bf-on-tour.de\/m-10\/wp-json\/wp\/v2\/pages\/184\/revisions"}],"predecessor-version":[{"id":457,"href":"https:\/\/bf-on-tour.de\/m-10\/wp-json\/wp\/v2\/pages\/184\/revisions\/457"}],"wp:attachment":[{"href":"https:\/\/bf-on-tour.de\/m-10\/wp-json\/wp\/v2\/media?parent=184"}],"curies":[{"name":"wp","href":"https:\/\/api.w.org\/{rel}","templated":true}]}}